{"version":"1.0","provider_name":"Av. Deniz Can K\u0131z\u0131l","provider_url":"https:\/\/denizcankizil.tr\/de","author_name":"Av. Deniz Can K\u0131z\u0131l","author_url":"https:\/\/denizcankizil.tr\/de","title":"Edirne Ke\u015fan'da kuruyemi\u015f paketinden uyu\u015fturucu \u00e7\u0131kt\u0131","type":"rich","width":600,"height":338,"html":"<blockquote class=\"wp-embedded-content\" data-secret=\"wlA6ompOqH\"><a href=\"https:\/\/denizcankizil.tr\/de\/haberler\/gundem\/edirne-kesanda-kuruyemis-paketinden-uyusturucu-cikti\/\">Edirne Ke\u015fan&#8217;da kuruyemi\u015f paketinden uyu\u015fturucu \u00e7\u0131kt\u0131<\/a><\/blockquote><iframe sandbox=\"allow-scripts\" security=\"restricted\" src=\"https:\/\/denizcankizil.tr\/de\/haberler\/gundem\/edirne-kesanda-kuruyemis-paketinden-uyusturucu-cikti\/embed\/#?secret=wlA6ompOqH\" width=\"600\" height=\"338\" title=\"&#8222;Edirne Ke\u015fan&#8217;da kuruyemi\u015f paketinden uyu\u015fturucu \u00e7\u0131kt\u0131&#8220; &#8211; Av. Deniz Can K\u0131z\u0131l\" data-secret=\"wlA6ompOqH\" frameborder=\"0\" marginwidth=\"0\" marginheight=\"0\" scrolling=\"no\" class=\"wp-embedded-content\"><\/iframe><script>\n\/*! This file is auto-generated *\/\n!function(d,l){\"use strict\";l.querySelector&&d.addEventListener&&\"undefined\"!=typeof URL&&(d.wp=d.wp||{},d.wp.receiveEmbedMessage||(d.wp.receiveEmbedMessage=function(e){var t=e.data;if((t||t.secret||t.message||t.value)&&!\/[^a-zA-Z0-9]\/.test(t.secret)){for(var s,r,n,a=l.querySelectorAll('iframe[data-secret=\"'+t.secret+'\"]'),o=l.querySelectorAll('blockquote[data-secret=\"'+t.secret+'\"]'),c=new RegExp(\"^https?:$\",\"i\"),i=0;i<o.length;i++)o[i].style.display=\"none\";for(i=0;i<a.length;i++)s=a[i],e.source===s.contentWindow&&(s.removeAttribute(\"style\"),\"height\"===t.message?(1e3<(r=parseInt(t.value,10))?r=1e3:~~r<200&&(r=200),s.height=r):\"link\"===t.message&&(r=new URL(s.getAttribute(\"src\")),n=new URL(t.value),c.test(n.protocol))&&n.host===r.host&&l.activeElement===s&&(d.top.location.href=t.value))}},d.addEventListener(\"message\",d.wp.receiveEmbedMessage,!1),l.addEventListener(\"DOMContentLoaded\",function(){for(var e,t,s=l.querySelectorAll(\"iframe.wp-embedded-content\"),r=0;r<s.length;r++)(t=(e=s[r]).getAttribute(\"data-secret\"))||(t=Math.random().toString(36).substring(2,12),e.src+=\"#?secret=\"+t,e.setAttribute(\"data-secret\",t)),e.contentWindow.postMessage({message:\"ready\",secret:t},\"*\")},!1)))}(window,document);\n\/\/# sourceURL=https:\/\/denizcankizil.tr\/wp-includes\/js\/wp-embed.min.js\n<\/script>","description":"Edirne&#8217;nin Ke\u015fan il\u00e7esinde Emniyet M\u00fcd\u00fcrl\u00fc\u011f\u00fc ekiplerince ger\u00e7ekle\u015ftirilen operasyonda kuruyemi\u015f paketinden uyu\u015fturucu madde \u00e7\u0131kt\u0131.Erdo\u011fan DEM\u0130R \/ ED\u0130RNE (\u0130GFA) &#8211; Al\u0131nan bilgiye g\u00f6re, B\u00fcy\u00fck Cami Mahallesi Fevzi \u00c7akmak Caddesi \u00fczerinde \u015f\u00fcpheli durumdaki G.T. isimli \u015fahs\u0131n \u00fczerinde yap\u0131lan aramada, bir adet kuruyemi\u015f po\u015feti i\u00e7erisinde 4,99 gram metanfetamin oldu\u011fu de\u011ferlendirilen madde ele ge\u00e7irildi. Olayla ilgili olarak g\u00f6zalt\u0131na al\u0131nan G.T., hakk\u0131nda ba\u015flat\u0131lan adli s\u00fcre\u00e7 kapsam\u0131nda i\u015flemleri yap\u0131ld\u0131. \u200bEdirne&#8217;nin Ke\u015fan il\u00e7esinde Emniyet M\u00fcd\u00fcrl\u00fc\u011f\u00fc ekiplerince ger\u00e7ekle\u015ftirilen operasyonda kuruyemi\u015f paketinden uyu\u015fturucu madde \u00e7\u0131kt\u0131\u00a0 \u200bHaberin Al\u0131nt\u0131land\u0131\u011f\u0131 Kaynak: www.iskenderun.org"}