{"version":"1.0","provider_name":"Av. Deniz Can K\u0131z\u0131l","provider_url":"https:\/\/denizcankizil.tr\/de","author_name":"admin","author_url":"https:\/\/denizcankizil.tr\/de\/author\/admin\/","title":"D\u00fczce'de \u0131\u015f\u0131klarda kaza: 1 yaral\u0131","type":"rich","width":600,"height":338,"html":"<blockquote class=\"wp-embedded-content\" data-secret=\"LYkmGDlaBd\"><a href=\"https:\/\/denizcankizil.tr\/de\/haberler\/gundem\/duzcede-isiklarda-kaza-1-yarali\/\">D\u00fczce&#8217;de \u0131\u015f\u0131klarda kaza: 1 yaral\u0131<\/a><\/blockquote><iframe sandbox=\"allow-scripts\" security=\"restricted\" src=\"https:\/\/denizcankizil.tr\/de\/haberler\/gundem\/duzcede-isiklarda-kaza-1-yarali\/embed\/#?secret=LYkmGDlaBd\" width=\"600\" height=\"338\" title=\"&#8222;D\u00fczce&#8217;de \u0131\u015f\u0131klarda kaza: 1 yaral\u0131&#8220; &#8211; Av. Deniz Can K\u0131z\u0131l\" data-secret=\"LYkmGDlaBd\" frameborder=\"0\" marginwidth=\"0\" marginheight=\"0\" scrolling=\"no\" class=\"wp-embedded-content\"><\/iframe><script>\n\/*! This file is auto-generated *\/\n!function(d,l){\"use strict\";l.querySelector&&d.addEventListener&&\"undefined\"!=typeof URL&&(d.wp=d.wp||{},d.wp.receiveEmbedMessage||(d.wp.receiveEmbedMessage=function(e){var t=e.data;if((t||t.secret||t.message||t.value)&&!\/[^a-zA-Z0-9]\/.test(t.secret)){for(var s,r,n,a=l.querySelectorAll('iframe[data-secret=\"'+t.secret+'\"]'),o=l.querySelectorAll('blockquote[data-secret=\"'+t.secret+'\"]'),c=new RegExp(\"^https?:$\",\"i\"),i=0;i<o.length;i++)o[i].style.display=\"none\";for(i=0;i<a.length;i++)s=a[i],e.source===s.contentWindow&&(s.removeAttribute(\"style\"),\"height\"===t.message?(1e3<(r=parseInt(t.value,10))?r=1e3:~~r<200&&(r=200),s.height=r):\"link\"===t.message&&(r=new URL(s.getAttribute(\"src\")),n=new URL(t.value),c.test(n.protocol))&&n.host===r.host&&l.activeElement===s&&(d.top.location.href=t.value))}},d.addEventListener(\"message\",d.wp.receiveEmbedMessage,!1),l.addEventListener(\"DOMContentLoaded\",function(){for(var e,t,s=l.querySelectorAll(\"iframe.wp-embedded-content\"),r=0;r<s.length;r++)(t=(e=s[r]).getAttribute(\"data-secret\"))||(t=Math.random().toString(36).substring(2,12),e.src+=\"#?secret=\"+t,e.setAttribute(\"data-secret\",t)),e.contentWindow.postMessage({message:\"ready\",secret:t},\"*\")},!1)))}(window,document);\n\/\/# sourceURL=https:\/\/denizcankizil.tr\/wp-includes\/js\/wp-embed.min.js\n<\/script>","description":"D\u00fczce&#8217;de k\u0131rm\u0131z\u0131 \u0131\u015f\u0131kta bekleyen kamyonete t\u0131r \u00e7arpt\u0131!Sefer DEM\u0130R \/ D\u00dcZCE (\u0130GFA) &#8211;\u00a0 D-100 karayolu \u0130stanbul istikametinden Ankara istikametine seyir halinde olan G\u00f6khan A. idaresindeki 81 ABF 743 plakal\u0131 kamyonet olimpiyat mevkisindeki kav\u015fakta k\u0131rm\u0131z\u0131 \u0131\u015f\u0131kta bekledi\u011fi s\u0131rada ayn\u0131 istikamette olan Halil K. y\u00f6netimindeki 34 KL 9074 plakal\u0131 t\u0131r \u00e7arpt\u0131. \u00c7arp\u0131\u015fman\u0131n etkisiyle kamyonet s\u00fcr\u00fcc\u00fcs\u00fc G\u00f6khan A.\u00a0 yaraland\u0131. \u00c7evredekilerin ihbar\u0131 \u00fczerine b\u00f6lgeye sa\u011fl\u0131k ve polis ekipleri sevk edilirken kazada yaralanan kamyonet s\u00fcr\u00fcc\u00fcs\u00fc, sa\u011fl\u0131k ekiplerinin m\u00fcdahalesi ard\u0131ndan D\u00fczce Atat\u00fcrk Devlet Hastanesi&#8217;nde tedavi alt\u0131na al\u0131nd\u0131. Kazayla ilgili tahkikat ba\u015flat\u0131ld\u0131. \u200bD\u00fczce&#8217;de k\u0131rm\u0131z\u0131 \u0131\u015f\u0131kta bekleyen kamyonete t\u0131r \u00e7arpt\u0131!Sefer DEM\u0130R \/ D\u00dcZCE (\u0130GFA) &#8211;\u00a0 D-100 karayolu \u0130stanbul istikametinden Ankara istikametine seyir halinde olan G\u00f6khan A. idaresindeki 81 ABF 743 plakal\u0131 kamyonet olimpiyat mevkisindeki kav\u015fakta k\u0131rm\u0131z\u0131 \u0131\u015f\u0131kta bekledi\u011fi s\u0131rada ayn\u0131 istikamette olan Halil K. y\u00f6netimindeki 34 KL 9074 plakal\u0131 t\u0131r \u00e7arpt\u0131. \u00c7arp\u0131\u015fman\u0131n etkisiyle kamyonet s\u00fcr\u00fcc\u00fcs\u00fc G\u00f6khan A.\u00a0 yaraland\u0131. \u00c7evredekilerin ihbar\u0131 \u00fczerine b\u00f6lgeye sa\u011fl\u0131k ve polis ekipleri sevk edilirken kazada yaralanan kamyonet s\u00fcr\u00fcc\u00fcs\u00fc, sa\u011fl\u0131k ekiplerinin m\u00fcdahalesi ard\u0131ndan D\u00fczce Atat\u00fcrk Devlet Hastanesi&#8217;nde tedavi alt\u0131na al\u0131nd\u0131. Kazayla ilgili tahkikat ba\u015flat\u0131ld\u0131.\u00a0 \u200bHaberin Al\u0131nt\u0131land\u0131\u011f\u0131 Kaynak: www.iskenderun.org"}