{"version":"1.0","provider_name":"Av. Deniz Can K\u0131z\u0131l","provider_url":"https:\/\/denizcankizil.tr\/de","author_name":"admin","author_url":"https:\/\/denizcankizil.tr\/de\/author\/admin\/","title":"D\u00d6KER-1 denizle bulu\u015ftu","type":"rich","width":600,"height":338,"html":"<blockquote class=\"wp-embedded-content\" data-secret=\"sY4YyWr4WE\"><a href=\"https:\/\/denizcankizil.tr\/de\/haberler\/gundem\/doker-1-denizle-bulustu\/\">D\u00d6KER-1 denizle bulu\u015ftu<\/a><\/blockquote><iframe sandbox=\"allow-scripts\" security=\"restricted\" src=\"https:\/\/denizcankizil.tr\/de\/haberler\/gundem\/doker-1-denizle-bulustu\/embed\/#?secret=sY4YyWr4WE\" width=\"600\" height=\"338\" title=\"&#8222;D\u00d6KER-1 denizle bulu\u015ftu&#8220; &#8211; Av. Deniz Can K\u0131z\u0131l\" data-secret=\"sY4YyWr4WE\" frameborder=\"0\" marginwidth=\"0\" marginheight=\"0\" scrolling=\"no\" class=\"wp-embedded-content\"><\/iframe><script>\n\/*! This file is auto-generated *\/\n!function(d,l){\"use strict\";l.querySelector&&d.addEventListener&&\"undefined\"!=typeof URL&&(d.wp=d.wp||{},d.wp.receiveEmbedMessage||(d.wp.receiveEmbedMessage=function(e){var t=e.data;if((t||t.secret||t.message||t.value)&&!\/[^a-zA-Z0-9]\/.test(t.secret)){for(var s,r,n,a=l.querySelectorAll('iframe[data-secret=\"'+t.secret+'\"]'),o=l.querySelectorAll('blockquote[data-secret=\"'+t.secret+'\"]'),c=new RegExp(\"^https?:$\",\"i\"),i=0;i<o.length;i++)o[i].style.display=\"none\";for(i=0;i<a.length;i++)s=a[i],e.source===s.contentWindow&&(s.removeAttribute(\"style\"),\"height\"===t.message?(1e3<(r=parseInt(t.value,10))?r=1e3:~~r<200&&(r=200),s.height=r):\"link\"===t.message&&(r=new URL(s.getAttribute(\"src\")),n=new URL(t.value),c.test(n.protocol))&&n.host===r.host&&l.activeElement===s&&(d.top.location.href=t.value))}},d.addEventListener(\"message\",d.wp.receiveEmbedMessage,!1),l.addEventListener(\"DOMContentLoaded\",function(){for(var e,t,s=l.querySelectorAll(\"iframe.wp-embedded-content\"),r=0;r<s.length;r++)(t=(e=s[r]).getAttribute(\"data-secret\"))||(t=Math.random().toString(36).substring(2,12),e.src+=\"#?secret=\"+t,e.setAttribute(\"data-secret\",t)),e.contentWindow.postMessage({message:\"ready\",secret:t},\"*\")},!1)))}(window,document);\n\/\/# sourceURL=https:\/\/denizcankizil.tr\/wp-includes\/js\/wp-embed.min.js\n<\/script>","description":"Denizdibi tarama faaliyetlerinde kullan\u0131lmak \u00fczere in\u015fa edilen D\u00d6KER-1 gemisinin denize indirildi. Yeni gemi 750 metrek\u00fcp ta\u015f\u0131ma kapasiteye ve 7.5 knot h\u0131za sahip.ANKARA (\u0130GFA) &#8211; Ula\u015ft\u0131rma ve Altyap\u0131 Bakan\u0131 Abdulkadir Uralo\u011flu, denizdibi tarama faaliyetlerinde kullan\u0131lmak \u00fczere in\u015fa edilen yeni D\u00d6KER-1 gemisinin denize indirildi\u011fini bildirdi. Bakan Uralo\u011flu, \u0093750 metrek\u00fcp ta\u015f\u0131ma kapasitesi, 7.5 knot h\u0131z\u0131 ve ortadan a\u00e7\u0131l\u0131r y\u00fck bo\u015faltma \u00f6zelli\u011fi ile yeni geminin denizdibi tarama kapasitemizi \u00f6nemli \u00f6l\u00e7\u00fcde art\u0131raca\u011f\u0131n\u0131 s\u00f6yledi. Denize indirilen D\u00d6KER-1 gemisinin, uzun d\u00f6k\u00fc mesafelerinde sa\u011flayaca\u011f\u0131 h\u0131z ve kapasite avantaj\u0131 ile limanlarda, tersanelerde ve bal\u0131k\u00e7\u0131 bar\u0131naklar\u0131nda yap\u0131lan tarama \u00e7al\u0131\u015fmalar\u0131na h\u0131z kazand\u0131raca\u011f\u0131n\u0131 belirten Bakan Uralo\u011flu, ayr\u0131ca bin 700 metrek\u00fcp kapasiteli emici tip yeni bir geminin in\u015fa s\u00fcrecinin de devam etti\u011fini aktard\u0131. 38 GEM\u0130L\u0130K F\u0130LOYA YEN\u0130 TAKV\u0130YE Bakanl\u0131k b\u00fcnyesinde Tersaneler ve K\u0131y\u0131 Yap\u0131lar\u0131 Genel M\u00fcd\u00fcrl\u00fc\u011f\u00fc koordinasyonunda \u0130stanbul, \u0130zmir ve Samsun Denizdibi Tarama Ba\u015fm\u00fchendislikleri taraf\u0131ndan y\u00fcr\u00fct\u00fclen denizdibi tarama faaliyetlerinin h\u0131z kesmeden devam etti\u011fini kaydeden Bakan Uralo\u011flu, &#8220;\u0093Mevcut 38 deniz arac\u0131 ve yakla\u015f\u0131k 210 personelle 2024 y\u0131l\u0131nda 730 bin metrek\u00fcp denizdibi taramas\u0131 ger\u00e7ekle\u015ftirdik. B\u00fcy\u00fcyen liman ve tersane kapasiteleri ile bal\u0131k\u00e7\u0131 bar\u0131naklar\u0131n\u0131n ihtiya\u00e7lar\u0131na yan\u0131t verebilmek ad\u0131na \u00e7al\u0131\u015fmalara devam ediyoruz&#8221; dedi. T\u00fcrkiye&#8217;nin \u00fc\u00e7 taraf\u0131 denizlerle \u00e7evrili bir yar\u0131m ada oldu\u011fu g\u00f6z \u00f6n\u00fcne al\u0131nd\u0131\u011f\u0131nda denizdibi tarama faaliyetlerinin, b\u00fcy\u00fck kapasiteli gemilerin limanlara g\u00fcvenli bir \u015fekilde yana\u015fabilmesi ve mevcut &hellip;"}