{"version":"1.0","provider_name":"Av. Deniz Can K\u0131z\u0131l","provider_url":"https:\/\/denizcankizil.tr\/de","author_name":"admin","author_url":"https:\/\/denizcankizil.tr\/de\/author\/admin\/","title":"DE\u00dc \u00f6\u011frencileri \u00c7anakkale\u2019de \u015fehitleri and\u0131","type":"rich","width":600,"height":338,"html":"<blockquote class=\"wp-embedded-content\" data-secret=\"exnMpprUqt\"><a href=\"https:\/\/denizcankizil.tr\/de\/haberler\/gundem\/deu-ogrencileri-canakkalede-sehitleri-andi\/\">DE\u00dc \u00f6\u011frencileri \u00c7anakkale\u2019de \u015fehitleri and\u0131<\/a><\/blockquote><iframe sandbox=\"allow-scripts\" security=\"restricted\" src=\"https:\/\/denizcankizil.tr\/de\/haberler\/gundem\/deu-ogrencileri-canakkalede-sehitleri-andi\/embed\/#?secret=exnMpprUqt\" width=\"600\" height=\"338\" title=\"&#8222;DE\u00dc \u00f6\u011frencileri \u00c7anakkale\u2019de \u015fehitleri and\u0131&#8220; &#8211; Av. Deniz Can K\u0131z\u0131l\" data-secret=\"exnMpprUqt\" frameborder=\"0\" marginwidth=\"0\" marginheight=\"0\" scrolling=\"no\" class=\"wp-embedded-content\"><\/iframe><script>\n\/*! This file is auto-generated *\/\n!function(d,l){\"use strict\";l.querySelector&&d.addEventListener&&\"undefined\"!=typeof URL&&(d.wp=d.wp||{},d.wp.receiveEmbedMessage||(d.wp.receiveEmbedMessage=function(e){var t=e.data;if((t||t.secret||t.message||t.value)&&!\/[^a-zA-Z0-9]\/.test(t.secret)){for(var s,r,n,a=l.querySelectorAll('iframe[data-secret=\"'+t.secret+'\"]'),o=l.querySelectorAll('blockquote[data-secret=\"'+t.secret+'\"]'),c=new RegExp(\"^https?:$\",\"i\"),i=0;i<o.length;i++)o[i].style.display=\"none\";for(i=0;i<a.length;i++)s=a[i],e.source===s.contentWindow&&(s.removeAttribute(\"style\"),\"height\"===t.message?(1e3<(r=parseInt(t.value,10))?r=1e3:~~r<200&&(r=200),s.height=r):\"link\"===t.message&&(r=new URL(s.getAttribute(\"src\")),n=new URL(t.value),c.test(n.protocol))&&n.host===r.host&&l.activeElement===s&&(d.top.location.href=t.value))}},d.addEventListener(\"message\",d.wp.receiveEmbedMessage,!1),l.addEventListener(\"DOMContentLoaded\",function(){for(var e,t,s=l.querySelectorAll(\"iframe.wp-embedded-content\"),r=0;r<s.length;r++)(t=(e=s[r]).getAttribute(\"data-secret\"))||(t=Math.random().toString(36).substring(2,12),e.src+=\"#?secret=\"+t,e.setAttribute(\"data-secret\",t)),e.contentWindow.postMessage({message:\"ready\",secret:t},\"*\")},!1)))}(window,document);\n\/\/# sourceURL=https:\/\/denizcankizil.tr\/wp-includes\/js\/wp-embed.min.js\n<\/script>","description":"Dokuz Eyl\u00fcl \u00dcniversitesi (DE\u00dc), 18 Mart \u015eehitleri Anma G\u00fcn\u00fc ve \u00c7anakkale Deniz Zaferi&#8217;nin 110. y\u0131l\u0131nda anlaml\u0131 bir program ger\u00e7ekle\u015ftirerek, \u00f6\u011frencileriyle birlikte \u00c7anakkale&#8217;de tarihi bir yolculu\u011fa \u00e7\u0131kt\u0131.\u0130ZM\u0130R (\u0130GFA) &#8211;\u00a0DE\u00dc Atat\u00fcrk \u0130lkeleri ve \u0130nk\u0131l\u00e2p Tarihi Enstit\u00fcs\u00fc \u00d6\u011fretim \u00dcyesi Prof. Dr. Fevzi \u00c7akmak rehberli\u011finde ger\u00e7ekle\u015fen ziyarette 43 \u00f6\u011frenci s\u0131ras\u0131yla; \u00c7anakkale\u2019de tarihi \u00f6neme sahip Kilitbahir Kalesi, Namazgah Tabyas\u0131, Seyit Onba\u015f\u0131 Heykeli, \u015eahindere \u015eehitli\u011fi, Zafer An\u0131t\u0131, Mehmet\u00e7i\u011fe Sayg\u0131 An\u0131t\u0131, Kanl\u0131s\u0131rt, 57. Alay \u015eehitli\u011fi, Conkbay\u0131r\u0131 ve \u00c7anakkale Merkez Aynal\u0131 \u00c7ar\u015f\u0131 gibi noktalar\u0131 ziyaret etti. Dokuz Eyl\u00fcl \u00dcniversitesi (DE\u00dc), 18 Mart \u015eehitleri Anma G\u00fcn\u00fc ve \u00c7anakkale Deniz Zaferi&#8217;nin 110. y\u0131l\u0131nda anlaml\u0131 bir program ger\u00e7ekle\u015ftirerek, \u00f6\u011frencileriyle birlikte \u00c7anakkale&#8217;de tarihi bir yolculu\u011fa \u00e7\u0131kt\u0131. DE\u00dc Atat\u00fcrk \u0130lkeleri ve \u0130nk\u0131l\u00e2p Tarihi Enstit\u00fcs\u00fc \u00d6\u011fretim \u00dcyesi Prof. Dr. Fevzi \u00c7akmak rehberli\u011finde ger\u00e7ekle\u015fen ziyarette 43 \u00f6\u011frenci s\u0131ras\u0131yla; \u00c7anakkale\u2019de tarihi \u00f6neme sahip Kilitbahir Kalesi, Namazgah Tabyas\u0131, Seyit Onba\u015f\u0131 Heykeli, \u015eahindere \u015eehitli\u011fi, Zafer An\u0131t\u0131, Mehmet\u00e7i\u011fe Sayg\u0131 An\u0131t\u0131, Kanl\u0131s\u0131rt, 57. Alay \u015eehitli\u011fi, Conkbay\u0131r\u0131 ve \u00c7anakkale Merkez Aynal\u0131 \u00c7ar\u015f\u0131 gibi noktalar\u0131 ziyaret etti. \u201cGURUR DUYUYORUZ\u201d DE\u00dc Rekt\u00f6r\u00fc Prof. Dr. Bayram Y\u0131lmaz, \u00c7anakkale Zaferi\u2019nin y\u0131ld\u00f6n\u00fcm\u00fcnde ger\u00e7ekle\u015ftirilen program\u0131n \u00f6nemine de\u011finerek, &#8220;Tarihimizin ak\u0131\u015f\u0131n\u0131 de\u011fi\u015ftiren, milletimizin ba\u011f\u0131ms\u0131zl\u0131k m\u00fccadelesine y\u00f6n veren \u00c7anakkale Zaferi&#8217;nin 110. y\u0131l\u0131nda \u00f6\u011frencilerimiz \u00c7anakkale\u2019ye anlaml\u0131 bir ziyaret ger\u00e7ekle\u015ftirdiler. Onlarla gurur duyuyor, \u00c7anakkale Zaferimizin 110. y\u0131l\u0131n\u0131 kutluyor; ba\u015fta Ulu \u00d6nderimiz Gazi &hellip;"}