{"version":"1.0","provider_name":"Av. Deniz Can K\u0131z\u0131l","provider_url":"https:\/\/denizcankizil.tr\/de","author_name":"admin","author_url":"https:\/\/denizcankizil.tr\/de\/author\/admin\/","title":"Deprem B\u00f6lgesindeki Esnafa SGK\u2019dan m\u00fcjde!","type":"rich","width":600,"height":338,"html":"<blockquote class=\"wp-embedded-content\" data-secret=\"FFGcYhEy5D\"><a href=\"https:\/\/denizcankizil.tr\/de\/haberler\/gundem\/deprem-bolgesindeki-esnafa-sgkdan-mujde\/\">Deprem B\u00f6lgesindeki Esnafa SGK\u2019dan m\u00fcjde!<\/a><\/blockquote><iframe sandbox=\"allow-scripts\" security=\"restricted\" src=\"https:\/\/denizcankizil.tr\/de\/haberler\/gundem\/deprem-bolgesindeki-esnafa-sgkdan-mujde\/embed\/#?secret=FFGcYhEy5D\" width=\"600\" height=\"338\" title=\"&#8222;Deprem B\u00f6lgesindeki Esnafa SGK\u2019dan m\u00fcjde!&#8220; &#8211; Av. Deniz Can K\u0131z\u0131l\" data-secret=\"FFGcYhEy5D\" frameborder=\"0\" marginwidth=\"0\" marginheight=\"0\" scrolling=\"no\" class=\"wp-embedded-content\"><\/iframe><script>\n\/*! This file is auto-generated *\/\n!function(d,l){\"use strict\";l.querySelector&&d.addEventListener&&\"undefined\"!=typeof URL&&(d.wp=d.wp||{},d.wp.receiveEmbedMessage||(d.wp.receiveEmbedMessage=function(e){var t=e.data;if((t||t.secret||t.message||t.value)&&!\/[^a-zA-Z0-9]\/.test(t.secret)){for(var s,r,n,a=l.querySelectorAll('iframe[data-secret=\"'+t.secret+'\"]'),o=l.querySelectorAll('blockquote[data-secret=\"'+t.secret+'\"]'),c=new RegExp(\"^https?:$\",\"i\"),i=0;i<o.length;i++)o[i].style.display=\"none\";for(i=0;i<a.length;i++)s=a[i],e.source===s.contentWindow&&(s.removeAttribute(\"style\"),\"height\"===t.message?(1e3<(r=parseInt(t.value,10))?r=1e3:~~r<200&&(r=200),s.height=r):\"link\"===t.message&&(r=new URL(s.getAttribute(\"src\")),n=new URL(t.value),c.test(n.protocol))&&n.host===r.host&&l.activeElement===s&&(d.top.location.href=t.value))}},d.addEventListener(\"message\",d.wp.receiveEmbedMessage,!1),l.addEventListener(\"DOMContentLoaded\",function(){for(var e,t,s=l.querySelectorAll(\"iframe.wp-embedded-content\"),r=0;r<s.length;r++)(t=(e=s[r]).getAttribute(\"data-secret\"))||(t=Math.random().toString(36).substring(2,12),e.src+=\"#?secret=\"+t,e.setAttribute(\"data-secret\",t)),e.contentWindow.postMessage({message:\"ready\",secret:t},\"*\")},!1)))}(window,document);\n\/\/# sourceURL=https:\/\/denizcankizil.tr\/wp-includes\/js\/wp-embed.min.js\n<\/script>","description":"Hatay Sosyal G\u00fcvenlik \u0130l M\u00fcd\u00fcr\u00fc Hamit Bal, \u0130l M\u00fcd\u00fcr Yard\u0131mc\u0131s\u0131 Hatice A\u00e7\u0131kg\u00f6z ve \u0130skenderun Sosyal G\u00fcvenlik Merkez M\u00fcd\u00fcresi Remziye Evren&#8217;e, HESOB Ba\u015fkan verili Erol Ak\u0131n ile Esnaf Oda Ba\u015fkanlar\u0131yla birlikte bir araya geldi. Ziyaret s\u0131ras\u0131nda Esnaf Oda Ba\u015fkanlar, konuk ettikleri Hatay Sosyal G\u00fcvenlik \u0130l M\u00fcd\u00fcr\u00fc Hamit Bal\u2019a b\u00f6lge esnaf\u0131n\u0131 do\u011fru ve zaman\u0131nda bilgilendirme sa\u011flad\u0131klar\u0131 i\u00e7in te\u015fekk\u00fcr edildi. 24 AYA KADAR TAKS\u0130TLEND\u0130RME \u0130MK\u00c2NI Yap\u0131lan bilgilendirmelerde \u015funlar kaydedildi: \u201c2023 y\u0131l\u0131 Ocak ay\u0131 ile 2024 y\u0131l\u0131 Ekim ay\u0131 aras\u0131nda deprem nedeniyle ertelenen ve art\u0131k s\u00fcresi sona eren Ba\u011fkur ve sigorta prim bor\u00e7lar\u0131, 02 Haziran 2025 tarihine kadar pe\u015fin olarak \u00f6denebilece\u011fi gibi, 6183 Say\u0131l\u0131 Kanun\u2019un 48. maddesi uyar\u0131nca gecikme zamm\u0131 uygulanmadan, en fazla 24 aya kadar taksitlendirilebilecek.\u201d 50 B\u0130N TL \u00dcZER\u0130 BOR\u00c7LARDA TEM\u0130NAT \u015eARTI Bor\u00e7 t\u00fcr\u00fc g\u00f6zetilmeksizin, toplamda 50.000 TL\u2019yi a\u015fan prim bor\u00e7lar\u0131nda, a\u015fan k\u0131sm\u0131n en az yar\u0131s\u0131 kadar teminat g\u00f6sterilmesi gerekiyor. Ayr\u0131ca, taksitlendirme yap\u0131labilmesi i\u00e7in ilk taksitin mutlaka \u00f6denmesi \u015fart. BA\u015eVURU S\u00dcRES\u0130 KISITLI, YO\u011eUNLUK BEKLEN\u0130YOR Yetkililer, hak kayb\u0131 ya\u015fanmamas\u0131 i\u00e7in i\u015fveren ve esnaflar\u0131n son tarih olan 02 Haziran 2025\u2019ten \u00f6nce ba\u011fl\u0131 bulunduklar\u0131 SGK Merkez M\u00fcd\u00fcrl\u00fcklerine bizzat ba\u015fvurmalar\u0131 gerekti\u011fini vurgulad\u0131. S\u00fcre azl\u0131\u011f\u0131 nedeniyle ya\u015fanabilecek yo\u011funlu\u011fa kar\u015f\u0131 vatanda\u015flar\u0131n ba\u015fvurular\u0131n\u0131 son g\u00fcne b\u0131rakmamalar\u0131 \u00f6nerildi. \u200bKahramanmara\u015f merkezli depremler nedeniyle m\u00fccbir sebep kapsam\u0131na al\u0131nan i\u015fletmelere sa\u011flanan prim ertelemesi &hellip;"}