{"version":"1.0","provider_name":"Av. Deniz Can K\u0131z\u0131l","provider_url":"https:\/\/denizcankizil.tr\/de","author_name":"Av. Deniz Can K\u0131z\u0131l","author_url":"https:\/\/denizcankizil.tr\/de","title":"Cumhuriyetimiz 101 ya\u015f\u0131nda!","type":"rich","width":600,"height":338,"html":"<blockquote class=\"wp-embedded-content\" data-secret=\"IHgpdCotaG\"><a href=\"https:\/\/denizcankizil.tr\/de\/haberler\/gundem\/cumhuriyetimiz-101-yasinda\/\">Cumhuriyetimiz 101 ya\u015f\u0131nda!<\/a><\/blockquote><iframe sandbox=\"allow-scripts\" security=\"restricted\" src=\"https:\/\/denizcankizil.tr\/de\/haberler\/gundem\/cumhuriyetimiz-101-yasinda\/embed\/#?secret=IHgpdCotaG\" width=\"600\" height=\"338\" title=\"&#8222;Cumhuriyetimiz 101 ya\u015f\u0131nda!&#8220; &#8211; Av. Deniz Can K\u0131z\u0131l\" data-secret=\"IHgpdCotaG\" frameborder=\"0\" marginwidth=\"0\" marginheight=\"0\" scrolling=\"no\" class=\"wp-embedded-content\"><\/iframe><script>\n\/*! This file is auto-generated *\/\n!function(d,l){\"use strict\";l.querySelector&&d.addEventListener&&\"undefined\"!=typeof URL&&(d.wp=d.wp||{},d.wp.receiveEmbedMessage||(d.wp.receiveEmbedMessage=function(e){var t=e.data;if((t||t.secret||t.message||t.value)&&!\/[^a-zA-Z0-9]\/.test(t.secret)){for(var s,r,n,a=l.querySelectorAll('iframe[data-secret=\"'+t.secret+'\"]'),o=l.querySelectorAll('blockquote[data-secret=\"'+t.secret+'\"]'),c=new RegExp(\"^https?:$\",\"i\"),i=0;i<o.length;i++)o[i].style.display=\"none\";for(i=0;i<a.length;i++)s=a[i],e.source===s.contentWindow&&(s.removeAttribute(\"style\"),\"height\"===t.message?(1e3<(r=parseInt(t.value,10))?r=1e3:~~r<200&&(r=200),s.height=r):\"link\"===t.message&&(r=new URL(s.getAttribute(\"src\")),n=new URL(t.value),c.test(n.protocol))&&n.host===r.host&&l.activeElement===s&&(d.top.location.href=t.value))}},d.addEventListener(\"message\",d.wp.receiveEmbedMessage,!1),l.addEventListener(\"DOMContentLoaded\",function(){for(var e,t,s=l.querySelectorAll(\"iframe.wp-embedded-content\"),r=0;r<s.length;r++)(t=(e=s[r]).getAttribute(\"data-secret\"))||(t=Math.random().toString(36).substring(2,12),e.src+=\"#?secret=\"+t,e.setAttribute(\"data-secret\",t)),e.contentWindow.postMessage({message:\"ready\",secret:t},\"*\")},!1)))}(window,document);\n\/\/# sourceURL=https:\/\/denizcankizil.tr\/wp-includes\/js\/wp-embed.min.js\n<\/script>","description":"Y\u0131llarca b\u00fcy\u00fck m\u00fccadeleler verdikten sonra, bir as\u0131r evvel kurulu\u015fu ilan edilen cumhuriyetimiz bug\u00fcn 101 ya\u015f\u0131na girdi. Cumhuriyet topra\u011f\u0131 kanla sulam\u0131\u015f aziz milletimizin gelecek nesillere en b\u00fcy\u00fck arma\u011fanlar\u0131ndan birisidir. Cumhuriyet yolunda ilerlenen nice m\u00fccadelede T\u00fcrk milleti kad\u0131n\u0131, erke\u011fi, genci, ya\u015fl\u0131s\u0131, bir b\u00fct\u00fcn olarak Gazi Mustafa Kemal Atat\u00fcrk ve silah arkada\u015flar\u0131n\u0131n \u00f6nc\u00fcl\u00fc\u011f\u00fcnde, zor \u015fartlar ve yokluklar i\u00e7erisinde, t\u00fcm d\u00fcnyaya T\u00fcrk milletinin iradesine zincir vurulmayaca\u011f\u0131n\u0131 ilan etmi\u015ftir. Hi\u00e7 ku\u015fku yoktur ki, T\u00fcrkiye Cumhuriyeti muvaffak ve muzaffer olacak, ilelebet ya\u015fayacak ve ya\u015fat\u0131lacak. Mustafa Kemal Atat\u00fcrk\u2019\u00fcn &#8216;en b\u00fcy\u00fck eserim&#8217; dedi\u011fi T\u00fcrkiye Cumhuriyeti daha g\u00fc\u00e7l\u00fc, daha geli\u015fmi\u015f, daha serpilmi\u015f vaziyette tarihi yolculu\u011funa devam edecek.\u00a0 CUMHUR\u0130YET 101 YA\u015eINDA Antalya K\u00f6rfez Gazetesi muhabiri Ertu\u011frul G\u00fcn&#8217;\u00fcn haberine g\u00f6re; Antalya\u2019da cumhuriyetin 101. y\u0131ld\u00f6n\u00fcm\u00fc dolay\u0131s\u0131yla co\u015fkulu bir program d\u00fczenlenecek. Antalya Valili\u011fi, Garnizon Komutanl\u0131\u011f\u0131 ve B\u00fcy\u00fck\u015fehir Belediye Ba\u015fkanl\u0131\u011f\u0131\u2019n\u0131n birlikte d\u00fczenledi\u011fi etkinliklerle 29 Ekim Cumhuriyet Bayram\u0131 co\u015fkusunu t\u00fcm \u015fehirde ya\u015fat\u0131lacak. Program, ilk olarak cumhuriyet meydan\u0131nda \u00e7elenk sunma t\u00f6reni ile ba\u015flayacak ve farkl\u0131 ya\u015f gruplar\u0131na hitap eden \u00e7e\u015fitli etkinliklerle devam edecek. Bug\u00fcn saat 13.00\u2019te Cumhuriyet Meydan\u0131\u2019nda ba\u015flayacak olan \u00e7elenk sunma t\u00f6reninde, Atat\u00fcrk An\u0131t\u0131\u2019na Valilik, Garnizon Komutanl\u0131\u011f\u0131 ve B\u00fcy\u00fck\u015fehir Belediye Ba\u015fkanl\u0131\u011f\u0131 taraf\u0131ndan \u00e7elenkler sunulacak. YARI\u015eMA RENK KATACAK Sayg\u0131 duru\u015fu ve \u0130stiklal Mar\u015f\u0131\u2019n\u0131n ard\u0131ndan ba\u015flayan etkinliklerle Antalya halk\u0131, Cumhuriyet\u2019in 101. y\u0131l\u0131n\u0131 co\u015fkuyla kutlayacak. Yine bug\u00fcn Gen\u00e7lik &hellip;"}