{"version":"1.0","provider_name":"Av. Deniz Can K\u0131z\u0131l","provider_url":"https:\/\/denizcankizil.tr\/de","author_name":"admin","author_url":"https:\/\/denizcankizil.tr\/de\/author\/admin\/","title":"\u00c7\u0131narl\u0131 K\u00fclt\u00fcr Sanat Yerle\u015fkesi 25 Nisan\u2019da A\u00e7\u0131l\u0131yor","type":"rich","width":600,"height":338,"html":"<blockquote class=\"wp-embedded-content\" data-secret=\"x8805dnbUd\"><a href=\"https:\/\/denizcankizil.tr\/de\/haberler\/gundem\/cinarli-kultur-sanat-yerleskesi-25-nisanda-aciliyor\/\">\u00c7\u0131narl\u0131 K\u00fclt\u00fcr Sanat Yerle\u015fkesi 25 Nisan\u2019da A\u00e7\u0131l\u0131yor<\/a><\/blockquote><iframe sandbox=\"allow-scripts\" security=\"restricted\" src=\"https:\/\/denizcankizil.tr\/de\/haberler\/gundem\/cinarli-kultur-sanat-yerleskesi-25-nisanda-aciliyor\/embed\/#?secret=x8805dnbUd\" width=\"600\" height=\"338\" title=\"&#8222;\u00c7\u0131narl\u0131 K\u00fclt\u00fcr Sanat Yerle\u015fkesi 25 Nisan\u2019da A\u00e7\u0131l\u0131yor&#8220; &#8211; Av. Deniz Can K\u0131z\u0131l\" data-secret=\"x8805dnbUd\" frameborder=\"0\" marginwidth=\"0\" marginheight=\"0\" scrolling=\"no\" class=\"wp-embedded-content\"><\/iframe><script>\n\/*! This file is auto-generated *\/\n!function(d,l){\"use strict\";l.querySelector&&d.addEventListener&&\"undefined\"!=typeof URL&&(d.wp=d.wp||{},d.wp.receiveEmbedMessage||(d.wp.receiveEmbedMessage=function(e){var t=e.data;if((t||t.secret||t.message||t.value)&&!\/[^a-zA-Z0-9]\/.test(t.secret)){for(var s,r,n,a=l.querySelectorAll('iframe[data-secret=\"'+t.secret+'\"]'),o=l.querySelectorAll('blockquote[data-secret=\"'+t.secret+'\"]'),c=new RegExp(\"^https?:$\",\"i\"),i=0;i<o.length;i++)o[i].style.display=\"none\";for(i=0;i<a.length;i++)s=a[i],e.source===s.contentWindow&&(s.removeAttribute(\"style\"),\"height\"===t.message?(1e3<(r=parseInt(t.value,10))?r=1e3:~~r<200&&(r=200),s.height=r):\"link\"===t.message&&(r=new URL(s.getAttribute(\"src\")),n=new URL(t.value),c.test(n.protocol))&&n.host===r.host&&l.activeElement===s&&(d.top.location.href=t.value))}},d.addEventListener(\"message\",d.wp.receiveEmbedMessage,!1),l.addEventListener(\"DOMContentLoaded\",function(){for(var e,t,s=l.querySelectorAll(\"iframe.wp-embedded-content\"),r=0;r<s.length;r++)(t=(e=s[r]).getAttribute(\"data-secret\"))||(t=Math.random().toString(36).substring(2,12),e.src+=\"#?secret=\"+t,e.setAttribute(\"data-secret\",t)),e.contentWindow.postMessage({message:\"ready\",secret:t},\"*\")},!1)))}(window,document);\n\/\/# sourceURL=https:\/\/denizcankizil.tr\/wp-includes\/js\/wp-embed.min.js\n<\/script>","description":"\u0130stanbul K\u00fclt\u00fcr Sanat Vakf\u0131\u2019n\u0131n (\u0130KSV) Avrupa Birli\u011fi deste\u011fiyle hayata ge\u00e7irdi\u011fi Ortakla\u015fa: K\u00fclt\u00fcr, Diyalog ve Destek Program\u0131\u2019n\u0131n verdi\u011fi hibe ile finanse edilen Marmara Adalar\u0131 K\u00fclt\u00fcr Sanat Aks\u0131 (Marmara Aks) projesi kapsam\u0131nda tamir, tadilat ve tefri\u015fat i\u015flemleri tamamlanan \u00c7\u0131narl\u0131 K\u00fclt\u00fcr Sanat Yerle\u015fkesi 25 Nisan\u2019da a\u00e7\u0131l\u0131yor. \u200b\u0130stanbul K\u00fclt\u00fcr Sanat Vakf\u0131\u2019n\u0131n (\u0130KSV) Avrupa Birli\u011fi deste\u011fiyle hayata ge\u00e7irdi\u011fi Ortakla\u015fa: K\u00fclt\u00fcr, Diyalog ve Destek Program\u0131\u2019n\u0131n verdi\u011fi hibe ile finanse edilen Marmara Adalar\u0131 K\u00fclt\u00fcr Sanat Aks\u0131 (Marmara Aks) projesi kapsam\u0131nda tamir, tadilat ve tefri\u015fat i\u015flemleri tamamlanan \u00c7\u0131narl\u0131 K\u00fclt\u00fcr Sanat Yerle\u015fkesi 25 Nisan\u2019da a\u00e7\u0131l\u0131yor.\u00a0 \u200bHaberin Al\u0131nt\u0131land\u0131\u011f\u0131 Kaynak: www.iskenderun.org"}