{"version":"1.0","provider_name":"Av. Deniz Can K\u0131z\u0131l","provider_url":"https:\/\/denizcankizil.tr\/de","author_name":"Av. Deniz Can K\u0131z\u0131l","author_url":"https:\/\/denizcankizil.tr\/de","title":"CHP\u2019li Ar\u0131, trafik sigortas\u0131 karma\u015fas\u0131n\u0131 meclise ta\u015f\u0131d\u0131","type":"rich","width":600,"height":338,"html":"<blockquote class=\"wp-embedded-content\" data-secret=\"GkVTRhaltQ\"><a href=\"https:\/\/denizcankizil.tr\/de\/haberler\/gundem\/chpli-ari-trafik-sigortasi-karmasasini-meclise-tasidi\/\">CHP\u2019li Ar\u0131, trafik sigortas\u0131 karma\u015fas\u0131n\u0131 meclise ta\u015f\u0131d\u0131<\/a><\/blockquote><iframe sandbox=\"allow-scripts\" security=\"restricted\" src=\"https:\/\/denizcankizil.tr\/de\/haberler\/gundem\/chpli-ari-trafik-sigortasi-karmasasini-meclise-tasidi\/embed\/#?secret=GkVTRhaltQ\" width=\"600\" height=\"338\" title=\"&#8222;CHP\u2019li Ar\u0131, trafik sigortas\u0131 karma\u015fas\u0131n\u0131 meclise ta\u015f\u0131d\u0131&#8220; &#8211; Av. Deniz Can K\u0131z\u0131l\" data-secret=\"GkVTRhaltQ\" frameborder=\"0\" marginwidth=\"0\" marginheight=\"0\" scrolling=\"no\" class=\"wp-embedded-content\"><\/iframe><script>\n\/*! This file is auto-generated *\/\n!function(d,l){\"use strict\";l.querySelector&&d.addEventListener&&\"undefined\"!=typeof URL&&(d.wp=d.wp||{},d.wp.receiveEmbedMessage||(d.wp.receiveEmbedMessage=function(e){var t=e.data;if((t||t.secret||t.message||t.value)&&!\/[^a-zA-Z0-9]\/.test(t.secret)){for(var s,r,n,a=l.querySelectorAll('iframe[data-secret=\"'+t.secret+'\"]'),o=l.querySelectorAll('blockquote[data-secret=\"'+t.secret+'\"]'),c=new RegExp(\"^https?:$\",\"i\"),i=0;i<o.length;i++)o[i].style.display=\"none\";for(i=0;i<a.length;i++)s=a[i],e.source===s.contentWindow&&(s.removeAttribute(\"style\"),\"height\"===t.message?(1e3<(r=parseInt(t.value,10))?r=1e3:~~r<200&&(r=200),s.height=r):\"link\"===t.message&&(r=new URL(s.getAttribute(\"src\")),n=new URL(t.value),c.test(n.protocol))&&n.host===r.host&&l.activeElement===s&&(d.top.location.href=t.value))}},d.addEventListener(\"message\",d.wp.receiveEmbedMessage,!1),l.addEventListener(\"DOMContentLoaded\",function(){for(var e,t,s=l.querySelectorAll(\"iframe.wp-embedded-content\"),r=0;r<s.length;r++)(t=(e=s[r]).getAttribute(\"data-secret\"))||(t=Math.random().toString(36).substring(2,12),e.src+=\"#?secret=\"+t,e.setAttribute(\"data-secret\",t)),e.contentWindow.postMessage({message:\"ready\",secret:t},\"*\")},!1)))}(window,document);\n\/\/# sourceURL=https:\/\/denizcankizil.tr\/wp-includes\/js\/wp-embed.min.js\n<\/script>","description":"\u0130kinci el ara\u00e7lar\u0131n sat\u0131\u015f i\u015flemlerinden sonra trafik sigortas\u0131 yapt\u0131r\u0131lmas\u0131 i\u00e7in verilen 15 g\u00fcnl\u00fck s\u00fcre 5 Mart 2024 tarih ve 32480 say\u0131l\u0131 Resmi Gazete\u2019de yay\u0131nlanarak kald\u0131r\u0131lm\u0131\u015ft\u0131. Ayn\u0131 g\u00fcn i\u00e7erisinde sigorta yap\u0131lmas\u0131 herkes i\u00e7in zorunlu hale getirilmesine tepki g\u00f6steren CHP Antalya Milletvekili Cavit Ar\u0131, \u00a0Ticaret Bakan\u0131 \u00d6mer Bolat\u2019a cevaplamas\u0131 istemiyle soru \u00f6nergesi vererek, konuyu TBMM g\u00fcndemine ta\u015f\u0131d\u0131. TRAF\u0130K S\u0130GORTASI \u0130\u00c7\u0130N 15 G\u00dcNL\u00dcK S\u00dcRE \u0130PTAL ED\u0130LD\u0130\u00a0 Trafik sigortas\u0131 yapt\u0131r\u0131lmas\u0131 i\u00e7in 15 g\u00fcnl\u00fck s\u00fcrenin kald\u0131r\u0131lmas\u0131na tepki g\u00f6steren CHP\u2019li Ar\u0131, \u201c94. maddesinin \u00fc\u00e7\u00fcnc\u00fc ve d\u00f6rd\u00fcnc\u00fc f\u0131kralar\u0131n\u0131n, Ara\u00e7 sahibinin \u00fczerinde hukuki ve fiili olarak denetim ve kontrol imkan\u0131na sahip olmad\u0131\u011f\u0131 ki\u015filerin fiillerinde sorumlu tutulmas\u0131n\u0131n bir zorunluluk oldu\u011fu anlam\u0131na gelmeyece\u011fi, bu ba\u011flamda arac\u0131n devri suretiyle ara\u00e7 \u00fczerindeki her t\u00fcrl\u00fc kontrol ve denetim yetkisini yitirmi\u015f bulunan sigortal\u0131n\u0131n art\u0131k i\u015fleten s\u0131fat\u0131 kalmad\u0131\u011f\u0131 halde s\u00f6zle\u015fmesinin sigorta \u015firketince feshedilmesi halinde dahi fesih tarihinden itibaren 15 g\u00fcn boyunca, yani i\u015fletenin 3\u2019nc\u00fc ki\u015filere vermi\u015f oldu\u011fu zararlarda sorumlu tutulmas\u0131na sebep olan kanun d\u00fczenlemesinin do\u011fru olmad\u0131\u011f\u0131 gerek\u00e7esiyle iptaline karar verilmi\u015ftir\u201d dedi.\u00a0 \u0130K\u0130NC\u0130 EL ARA\u00c7 ALANLAR MA\u011eDUR OLACAK\u00a0 15 g\u00fcnl\u00fck s\u00fcrenin kald\u0131r\u0131lmas\u0131n\u0131n ikici el ara\u00e7 alan vatanda\u015flar i\u00e7in b\u00fcy\u00fck bir k\u00fclfet olu\u015fturaca\u011f\u0131na de\u011finen Ar\u0131, \u201cBu iptal karar\u0131 arac\u0131n mevcut sigortal\u0131 sahibi taraf\u0131ndan yap\u0131lan sat\u0131\u015ftan sonra 15 g\u00fcn ge\u00e7erlili\u011finin iptali hakk\u0131ndad\u0131r. Ancak bir arac\u0131n sigorta yapt\u0131rma sorumlulu\u011fu &hellip;"}