{"version":"1.0","provider_name":"Av. Deniz Can K\u0131z\u0131l","provider_url":"https:\/\/denizcankizil.tr\/de","author_name":"Antalya K\u00f6rfez","author_url":"https:\/\/denizcankizil.tr\/de\/author\/www-antalyakorfez-com\/","title":"\u00c7GD: 10 Ocak\u2019\u0131 dayan\u0131\u015fma ile kar\u015f\u0131l\u0131yoruz","type":"rich","width":600,"height":338,"html":"<blockquote class=\"wp-embedded-content\" data-secret=\"PBkWPJ2KS9\"><a href=\"https:\/\/denizcankizil.tr\/de\/haberler\/gundem\/cgd-10-ocaki-dayanisma-ile-karsiliyoruz\/\">\u00c7GD: 10 Ocak\u2019\u0131 dayan\u0131\u015fma ile kar\u015f\u0131l\u0131yoruz<\/a><\/blockquote><iframe sandbox=\"allow-scripts\" security=\"restricted\" src=\"https:\/\/denizcankizil.tr\/de\/haberler\/gundem\/cgd-10-ocaki-dayanisma-ile-karsiliyoruz\/embed\/#?secret=PBkWPJ2KS9\" width=\"600\" height=\"338\" title=\"&#8222;\u00c7GD: 10 Ocak\u2019\u0131 dayan\u0131\u015fma ile kar\u015f\u0131l\u0131yoruz&#8220; &#8211; Av. Deniz Can K\u0131z\u0131l\" data-secret=\"PBkWPJ2KS9\" frameborder=\"0\" marginwidth=\"0\" marginheight=\"0\" scrolling=\"no\" class=\"wp-embedded-content\"><\/iframe><script>\n\/*! This file is auto-generated *\/\n!function(d,l){\"use strict\";l.querySelector&&d.addEventListener&&\"undefined\"!=typeof URL&&(d.wp=d.wp||{},d.wp.receiveEmbedMessage||(d.wp.receiveEmbedMessage=function(e){var t=e.data;if((t||t.secret||t.message||t.value)&&!\/[^a-zA-Z0-9]\/.test(t.secret)){for(var s,r,n,a=l.querySelectorAll('iframe[data-secret=\"'+t.secret+'\"]'),o=l.querySelectorAll('blockquote[data-secret=\"'+t.secret+'\"]'),c=new RegExp(\"^https?:$\",\"i\"),i=0;i<o.length;i++)o[i].style.display=\"none\";for(i=0;i<a.length;i++)s=a[i],e.source===s.contentWindow&&(s.removeAttribute(\"style\"),\"height\"===t.message?(1e3<(r=parseInt(t.value,10))?r=1e3:~~r<200&&(r=200),s.height=r):\"link\"===t.message&&(r=new URL(s.getAttribute(\"src\")),n=new URL(t.value),c.test(n.protocol))&&n.host===r.host&&l.activeElement===s&&(d.top.location.href=t.value))}},d.addEventListener(\"message\",d.wp.receiveEmbedMessage,!1),l.addEventListener(\"DOMContentLoaded\",function(){for(var e,t,s=l.querySelectorAll(\"iframe.wp-embedded-content\"),r=0;r<s.length;r++)(t=(e=s[r]).getAttribute(\"data-secret\"))||(t=Math.random().toString(36).substring(2,12),e.src+=\"#?secret=\"+t,e.setAttribute(\"data-secret\",t)),e.contentWindow.postMessage({message:\"ready\",secret:t},\"*\")},!1)))}(window,document);\n\/\/# sourceURL=https:\/\/denizcankizil.tr\/wp-includes\/js\/wp-embed.min.js\n<\/script>","description":"\u00c7GD Genel Merkezi\u2019nden yap\u0131lan yaz\u0131l\u0131 a\u00e7\u0131klamada, T\u00fcrkiye\u2019de emek yo\u011fun ve s\u00f6m\u00fcr\u00fcn\u00fcn en g\u00f6r\u00fcnmez oldu\u011fu mesleklerin ba\u015f\u0131nda gazetecili\u011fin geldi\u011fine i\u015faret edildi.\u00a0 \u00dclkemizde y\u0131llard\u0131r gazetecilerin haklar\u0131n\u0131 gerileten d\u00fczenlemelerin yap\u0131ld\u0131\u011f\u0131na dikkat \u00e7ekilen a\u00e7\u0131klamada, medyan\u0131n tam anlam\u0131yla kontrol alt\u0131na al\u0131narak ba\u011f\u0131ms\u0131z gazetecilik yap\u0131lmas\u0131n\u0131n \u00f6n\u00fcne engeller konuldu\u011fu, g\u00fcvencesiz ve patronun iki duda\u011f\u0131 aras\u0131nda \u00e7al\u0131\u015fan gazetecilerin g\u00f6zalt\u0131lar, tutuklamalar, ev hapisleri gibi engellemelerle kar\u015f\u0131la\u015ft\u0131\u011f\u0131na dikkat \u00e7ekildi. \u00c7OK SAYIDA BASIN \u00d6RG\u00dcT\u00dcNDEN ORTAK A\u00c7IKLAMA 10 Ocak \u00c7al\u0131\u015fan Gazeteciler G\u00fcn\u00fc dolay\u0131s\u0131yla aralar\u0131nda Avrupa Gazeteciler Birli\u011fi T\u00fcrkiye Temsilcili\u011fi, Bas\u0131n Konseyi, \u00c7a\u011fda\u015f Gazeteciler Derne\u011fi, Diplomasi Muhabirleri Derne\u011fi, Disk Bas\u0131n-\u0130\u015f, Dicle F\u0131rat Gazeteciler Derne\u011fi, Ekonomi Muhabirleri Derne\u011fi, Gazeteciler Cemiyeti, G\u00fcneydo\u011fu Gazeteciler Cemiyeti, Haber-Sen, \u0130zmir Gazeteciler Cemiyeti Parlamento Muhabirleri Derne\u011fi, T\u00fcrkiye Foto Muhabirleri Derne\u011fi, T\u00fcrkiye Gazeteciler Sendikas\u0131\u2019nda yer ald\u0131\u011f\u0131 kurumlardan ortak a\u00e7\u0131klama geldi. BASIN H\u00dcRD\u00dcR SANS\u00dcR ED\u0130LEMEZ Yap\u0131lan a\u00e7\u0131klamada, \u201cAnayasa\u2019n\u0131n \u201cBas\u0131n h\u00fcrd\u00fcr, sans\u00fcr edilemez\u201d h\u00fckm\u00fcn\u00fcn adeta k\u00e2\u011f\u0131t \u00fczerinde kald\u0131\u011f\u0131 g\u00fcnlerde sans\u00fcr tehdidi art\u0131k ola\u011fanla\u015fm\u0131\u015f, oto sans\u00fcr gibi \u00e7ok daha a\u011f\u0131r s\u00fcre\u00e7ler mesle\u011fimizi tehdit eder hale gelmi\u015ftir. Bu yetmezmi\u015f gibi onlarca yerel gazete kapanm\u0131\u015f, ulusal \u00f6l\u00e7ekte yay\u0131n yapan haber siteleri, gazeteler ve televizyonlar birer birer k\u00fc\u00e7\u00fclme yoluna gitmi\u015ftir. Onlarca y\u0131ld\u0131r bu ko\u015fullarda \u00e7al\u0131\u015fan gazeteciler i\u00e7in 10 Ocak g\u00fcn\u00fc gazetecilerin dayan\u0131\u015fma ve emek m\u00fccadelesinin en \u00f6nemli u\u011fraklar\u0131ndan biridir\u201d denildi. DAYANI\u015eMA \u0130LE HAKLARIMIZI ALACA\u011eIZ \u201c\u00d6zl\u00fck haklar\u0131m\u0131z\u0131n hak &hellip;"}