{"version":"1.0","provider_name":"Av. Deniz Can K\u0131z\u0131l","provider_url":"https:\/\/denizcankizil.tr\/de","author_name":"Av. Deniz Can K\u0131z\u0131l","author_url":"https:\/\/denizcankizil.tr\/de","title":"Bursa \u0130neg\u00f6l Kitap Fuar\u0131na ziyaret\u00e7i ak\u0131n\u0131","type":"rich","width":600,"height":338,"html":"<blockquote class=\"wp-embedded-content\" data-secret=\"3r7AJSzNFv\"><a href=\"https:\/\/denizcankizil.tr\/de\/haberler\/gundem\/bursa-inegol-kitap-fuarina-ziyaretci-akini\/\">Bursa \u0130neg\u00f6l Kitap Fuar\u0131na ziyaret\u00e7i ak\u0131n\u0131<\/a><\/blockquote><iframe sandbox=\"allow-scripts\" security=\"restricted\" src=\"https:\/\/denizcankizil.tr\/de\/haberler\/gundem\/bursa-inegol-kitap-fuarina-ziyaretci-akini\/embed\/#?secret=3r7AJSzNFv\" width=\"600\" height=\"338\" title=\"&#8222;Bursa \u0130neg\u00f6l Kitap Fuar\u0131na ziyaret\u00e7i ak\u0131n\u0131&#8220; &#8211; Av. Deniz Can K\u0131z\u0131l\" data-secret=\"3r7AJSzNFv\" frameborder=\"0\" marginwidth=\"0\" marginheight=\"0\" scrolling=\"no\" class=\"wp-embedded-content\"><\/iframe><script>\n\/*! This file is auto-generated *\/\n!function(d,l){\"use strict\";l.querySelector&&d.addEventListener&&\"undefined\"!=typeof URL&&(d.wp=d.wp||{},d.wp.receiveEmbedMessage||(d.wp.receiveEmbedMessage=function(e){var t=e.data;if((t||t.secret||t.message||t.value)&&!\/[^a-zA-Z0-9]\/.test(t.secret)){for(var s,r,n,a=l.querySelectorAll('iframe[data-secret=\"'+t.secret+'\"]'),o=l.querySelectorAll('blockquote[data-secret=\"'+t.secret+'\"]'),c=new RegExp(\"^https?:$\",\"i\"),i=0;i<o.length;i++)o[i].style.display=\"none\";for(i=0;i<a.length;i++)s=a[i],e.source===s.contentWindow&&(s.removeAttribute(\"style\"),\"height\"===t.message?(1e3<(r=parseInt(t.value,10))?r=1e3:~~r<200&&(r=200),s.height=r):\"link\"===t.message&&(r=new URL(s.getAttribute(\"src\")),n=new URL(t.value),c.test(n.protocol))&&n.host===r.host&&l.activeElement===s&&(d.top.location.href=t.value))}},d.addEventListener(\"message\",d.wp.receiveEmbedMessage,!1),l.addEventListener(\"DOMContentLoaded\",function(){for(var e,t,s=l.querySelectorAll(\"iframe.wp-embedded-content\"),r=0;r<s.length;r++)(t=(e=s[r]).getAttribute(\"data-secret\"))||(t=Math.random().toString(36).substring(2,12),e.src+=\"#?secret=\"+t,e.setAttribute(\"data-secret\",t)),e.contentWindow.postMessage({message:\"ready\",secret:t},\"*\")},!1)))}(window,document);\n\/\/# sourceURL=https:\/\/denizcankizil.tr\/wp-includes\/js\/wp-embed.min.js\n<\/script>","description":"Bursa \u0130neg\u00f6l Belediyesi 8. Kitap G\u00fcnleri Fuar\u0131 a\u00e7\u0131l\u0131\u015f\u0131n ard\u0131ndan hafta sonu vatanda\u015flar\u0131n ak\u0131n\u0131na u\u011frad\u0131. 7\u2019den 77\u2019ye her ya\u015ftan binlerce vatanda\u015f kitaplar ve birbirinden de\u011ferli yazarlarla bulu\u015ftu.BURSA (\u0130GFA) &#8211;\u00a0\u0130neg\u00f6l Belediyesi\u2019nin bu y\u0131l 8\u2019incisini d\u00fczenledi\u011fi Kitap G\u00fcnleri Fuar\u0131 Cumartesi g\u00fcn\u00fc kap\u0131lar\u0131n\u0131 a\u00e7t\u0131. Ziyaret\u00e7ilerini a\u011f\u0131rlamaya ba\u015flad\u0131\u011f\u0131 andan itibaren vatanda\u015flar\u0131n yo\u011fun ilgisiyle kar\u015f\u0131la\u015fan fuar, hafta sonu adeta kitapseverlerin ak\u0131n\u0131na u\u011frad\u0131. 7\u2019den 77\u2019ye her ya\u015ftan vatanda\u015f fuara gelerek kitaplar ve yazarlarla bulu\u015fma f\u0131rsat\u0131 yakalad\u0131. \u0130MZA VE S\u00d6YLE\u015e\u0130 PROGRAMLARINA YO\u011eUN \u0130LG\u0130 Pazar g\u00fcn\u00fc so\u011fuk havaya ra\u011fmen fuara ak\u0131n eden \u0130neg\u00f6ll\u00fcler hem stantlar\u0131 gezip kitaplar\u0131 inceledi hem de yazarlar\u0131n s\u00f6yle\u015fi ve imza g\u00fcnlerine kat\u0131ld\u0131. 6 farkl\u0131 yazar\u0131n s\u00f6yle\u015fi ve imza g\u00fcn\u00fc d\u00fczenledi\u011fi Pazar g\u00fcn\u00fc binlerce ki\u015fi fuar alan\u0131nda bu anlara \u015fahitlik etti. Zekeriya Efilo\u011flu ile ba\u015flayan s\u00f6yle\u015fi ve imza programlar\u0131; Prof. Dr. Ahmet \u015eim\u015firgil, \u0130rem Oturakl\u0131o\u011flu Kaya, Mehmet Ali Bulut, S\u0131tk\u0131 Aslanhan ve Mehmet Akif Ersoy ile devam etti. Ayr\u0131ca s\u00f6yle\u015filerin yan\u0131 s\u0131ra kitap sat\u0131\u015f\u0131 yap\u0131lan stantlarda da farkl\u0131 yazarlar sevenleriyle bulu\u015ftu. \u0130neg\u00f6l\u2019\u00fcn yerel yazarlar\u0131 da Yerel Yazar K\u00f6\u015fesinde kitaplar\u0131n\u0131 tan\u0131tt\u0131. \u00c7OCUKLARA \u00d6ZEL ETK\u0130NL\u0130KLER Kitap Fuar\u0131 \u00e7ocuklara da farkl\u0131 etkinlikler imkan\u0131 sunuyor. Olu\u015fturulan \u00e7ocuk sanat at\u00f6lyesinde 6-10 ya\u015f aras\u0131 minikler \u0130neg\u00f6l Belediyesi \u00f6\u011fretmenleri nezaretinde y\u00fcz boyamadan resim \u00e7al\u0131\u015fmalar\u0131na ve sanat at\u00f6lyesi etkinliklerine kadar pek \u00e7ok \u00f6zel etkinlikle &hellip;"}