{"version":"1.0","provider_name":"Av. Deniz Can K\u0131z\u0131l","provider_url":"https:\/\/denizcankizil.tr\/de","author_name":"Antalya K\u00f6rfez","author_url":"https:\/\/denizcankizil.tr\/de\/author\/www-antalyakorfez-com\/","title":"Bolu'da 76 ki\u015fiye mezar olan otelde arama yap\u0131lacak","type":"rich","width":600,"height":338,"html":"<blockquote class=\"wp-embedded-content\" data-secret=\"zh0dfpTHN7\"><a href=\"https:\/\/denizcankizil.tr\/de\/haberler\/gundem\/boluda-76-kisiye-mezar-olan-otelde-arama-yapilacak\/\">Bolu&#8217;da 76 ki\u015fiye mezar olan otelde arama yap\u0131lacak<\/a><\/blockquote><iframe sandbox=\"allow-scripts\" security=\"restricted\" src=\"https:\/\/denizcankizil.tr\/de\/haberler\/gundem\/boluda-76-kisiye-mezar-olan-otelde-arama-yapilacak\/embed\/#?secret=zh0dfpTHN7\" width=\"600\" height=\"338\" title=\"&#8222;Bolu&#8217;da 76 ki\u015fiye mezar olan otelde arama yap\u0131lacak&#8220; &#8211; Av. Deniz Can K\u0131z\u0131l\" data-secret=\"zh0dfpTHN7\" frameborder=\"0\" marginwidth=\"0\" marginheight=\"0\" scrolling=\"no\" class=\"wp-embedded-content\"><\/iframe><script>\n\/*! This file is auto-generated *\/\n!function(d,l){\"use strict\";l.querySelector&&d.addEventListener&&\"undefined\"!=typeof URL&&(d.wp=d.wp||{},d.wp.receiveEmbedMessage||(d.wp.receiveEmbedMessage=function(e){var t=e.data;if((t||t.secret||t.message||t.value)&&!\/[^a-zA-Z0-9]\/.test(t.secret)){for(var s,r,n,a=l.querySelectorAll('iframe[data-secret=\"'+t.secret+'\"]'),o=l.querySelectorAll('blockquote[data-secret=\"'+t.secret+'\"]'),c=new RegExp(\"^https?:$\",\"i\"),i=0;i<o.length;i++)o[i].style.display=\"none\";for(i=0;i<a.length;i++)s=a[i],e.source===s.contentWindow&&(s.removeAttribute(\"style\"),\"height\"===t.message?(1e3<(r=parseInt(t.value,10))?r=1e3:~~r<200&&(r=200),s.height=r):\"link\"===t.message&&(r=new URL(s.getAttribute(\"src\")),n=new URL(t.value),c.test(n.protocol))&&n.host===r.host&&l.activeElement===s&&(d.top.location.href=t.value))}},d.addEventListener(\"message\",d.wp.receiveEmbedMessage,!1),l.addEventListener(\"DOMContentLoaded\",function(){for(var e,t,s=l.querySelectorAll(\"iframe.wp-embedded-content\"),r=0;r<s.length;r++)(t=(e=s[r]).getAttribute(\"data-secret\"))||(t=Math.random().toString(36).substring(2,12),e.src+=\"#?secret=\"+t,e.setAttribute(\"data-secret\",t)),e.contentWindow.postMessage({message:\"ready\",secret:t},\"*\")},!1)))}(window,document);\n\/\/# sourceURL=https:\/\/denizcankizil.tr\/wp-includes\/js\/wp-embed.min.js\n<\/script>","description":"Bolu&#8217;da\u00a0 d\u00fcn sabaha kar\u015f\u0131 saat 03.30 s\u0131ralar\u0131nda\u00a0Grand Kartal Otel&#8217;de yang\u0131n \u00e7\u0131kt\u0131. Yar\u0131y\u0131l tatili nedeniyle dolu olan otelde adeta can pazar\u0131 ya\u015fand\u0131.\u00a0 76 ki\u015finin hayat\u0131n\u0131 kaybetti\u011fi Grand Kartal Otel&#8217;de bug\u00fcn son kez arama \u00e7al\u0131\u015fmas\u0131 yap\u0131lacak.\u00a0 CAN PAZARI YA\u015eANDI\u00a0 \u0130tfaiyenin 1 saati a\u015fk\u0131n s\u00fcrede geldi\u011fi ve m\u00fcdahalede ge\u00e7 kal\u0131nd\u0131\u011f\u0131 \u00f6ne s\u00fcr\u00fcld\u00fc. Yang\u0131n\u0131n \u00fcst katlara s\u0131\u00e7ramas\u0131yla \u00e7ok say\u0131da yurtta\u015f\u0131n otelin pencerelerinden yard\u0131m istedi. Ya\u015fanan can pazar\u0131nda camdan \u00e7ar\u015fafla sarkmaya \u00e7al\u0131\u015fan yurtta\u015flar, &#8220;Bizi kurtar\u0131n&#8221; diye ba\u011f\u0131rd\u0131. Yang\u0131ndan kurtulan yurtta\u015flar ise \u2018\u2018\u0130tfaiye yok mu itfaiye\u2019\u2019 diyerek feryat etti. Yang\u0131n t\u00fcm otele yay\u0131l\u0131rken, yetkililer s\u0131k s\u0131k otelin \u00e7\u00f6kebilece\u011fi uyar\u0131lar\u0131n\u0131 yapt\u0131. BUG\u00dcN SON KEZ ARAMA \u00c7ALI\u015eMASI YAPILACAK\u00a0 D\u00fcn sabaha kar\u015f\u0131 saat 03.30 s\u0131ralar\u0131nda kent merkezine 45 kilometre uzakl\u0131ktaki Kartalkaya Kayak Merkezi&#8217;nde yang\u0131n \u00e7\u0131kt\u0131. Grand Kartal Otel&#8217;de \u00e7\u0131kan yang\u0131n oteli adeta k\u00fcle \u00e7evirdi. Yang\u0131n sebebiyle 76 ki\u015fi hayat\u0131n\u0131 kaybetti. \u0130\u00e7i\u015fleri Bakan\u0131 Ali Yerlikaya yang\u0131nla ilgili 9 ki\u015finin g\u00f6zalt\u0131na al\u0131nd\u0131\u011f\u0131n\u0131 a\u00e7\u0131klad\u0131. Sabah\u0131n ilk \u0131\u015f\u0131klar\u0131yla birlikte AFAD ekipleri b\u00f6lgede haz\u0131rl\u0131klara ba\u015flad\u0131. AFAD ve beraberindeki uzman ekipler, bug\u00fcn son kez yanan otelde arama \u00e7al\u0131\u015fmas\u0131 yapacak. Ayr\u0131ca Bakan Yerlikaya, hayat\u0131n\u0131 kaybeden 76 ki\u015fiden 45&#8217;inin cenazelerini yak\u0131nlar\u0131na teslim ettiklerini dile getirmi\u015fti. Bug\u00fcn Adli T\u0131p Kurumu&#8217;ndaki uzman ekiplerin incelemesi sonras\u0131nda cenazeleri tespit edilemeyen vatanda\u015flar i\u00e7in \u00e7al\u0131\u015fma yap\u0131lacak.\u00a0 \u00a0 \u00a0 \u00a0 \u00a0 \u00a0 \u00a0 \u00a0 &hellip;"}