{"version":"1.0","provider_name":"Av. Deniz Can K\u0131z\u0131l","provider_url":"https:\/\/denizcankizil.tr\/de","author_name":"admin","author_url":"https:\/\/denizcankizil.tr\/de\/author\/admin\/","title":"Bo\u011faz ge\u00e7i\u015f \u00fccretlerine ayar!","type":"rich","width":600,"height":338,"html":"<blockquote class=\"wp-embedded-content\" data-secret=\"1qi6xCJqPp\"><a href=\"https:\/\/denizcankizil.tr\/de\/haberler\/gundem\/bogaz-gecis-ucretlerine-ayar\/\">Bo\u011faz ge\u00e7i\u015f \u00fccretlerine ayar!<\/a><\/blockquote><iframe sandbox=\"allow-scripts\" security=\"restricted\" src=\"https:\/\/denizcankizil.tr\/de\/haberler\/gundem\/bogaz-gecis-ucretlerine-ayar\/embed\/#?secret=1qi6xCJqPp\" width=\"600\" height=\"338\" title=\"&#8222;Bo\u011faz ge\u00e7i\u015f \u00fccretlerine ayar!&#8220; &#8211; Av. Deniz Can K\u0131z\u0131l\" data-secret=\"1qi6xCJqPp\" frameborder=\"0\" marginwidth=\"0\" marginheight=\"0\" scrolling=\"no\" class=\"wp-embedded-content\"><\/iframe><script>\n\/*! This file is auto-generated *\/\n!function(d,l){\"use strict\";l.querySelector&&d.addEventListener&&\"undefined\"!=typeof URL&&(d.wp=d.wp||{},d.wp.receiveEmbedMessage||(d.wp.receiveEmbedMessage=function(e){var t=e.data;if((t||t.secret||t.message||t.value)&&!\/[^a-zA-Z0-9]\/.test(t.secret)){for(var s,r,n,a=l.querySelectorAll('iframe[data-secret=\"'+t.secret+'\"]'),o=l.querySelectorAll('blockquote[data-secret=\"'+t.secret+'\"]'),c=new RegExp(\"^https?:$\",\"i\"),i=0;i<o.length;i++)o[i].style.display=\"none\";for(i=0;i<a.length;i++)s=a[i],e.source===s.contentWindow&&(s.removeAttribute(\"style\"),\"height\"===t.message?(1e3<(r=parseInt(t.value,10))?r=1e3:~~r<200&&(r=200),s.height=r):\"link\"===t.message&&(r=new URL(s.getAttribute(\"src\")),n=new URL(t.value),c.test(n.protocol))&&n.host===r.host&&l.activeElement===s&&(d.top.location.href=t.value))}},d.addEventListener(\"message\",d.wp.receiveEmbedMessage,!1),l.addEventListener(\"DOMContentLoaded\",function(){for(var e,t,s=l.querySelectorAll(\"iframe.wp-embedded-content\"),r=0;r<s.length;r++)(t=(e=s[r]).getAttribute(\"data-secret\"))||(t=Math.random().toString(36).substring(2,12),e.src+=\"#?secret=\"+t,e.setAttribute(\"data-secret\",t)),e.contentWindow.postMessage({message:\"ready\",secret:t},\"*\")},!1)))}(window,document);\n\/\/# sourceURL=https:\/\/denizcankizil.tr\/wp-includes\/js\/wp-embed.min.js\n<\/script>","description":"T\u00fcrk Bo\u011fazlar\u0131ndan u\u011fraks\u0131z ge\u00e7en gemilerden al\u0131nan \u00fccretlerin hesaplanmas\u0131nda esas al\u0131nan Alt\u0131n Frank de\u011feri 1 Temmuz 2025 itibar\u0131yla y\u00fczde 15 art\u0131r\u0131larak 5,83 dolara y\u00fckseltilecek. Bu y\u0131lki art\u0131\u015f ile birlikte 2022 \u00f6ncesine g\u00f6re ge\u00e7i\u015f \u00fccreti 7,2 kat y\u00fckseltilmi\u015f olacak.ANKARA (\u0130GFA) &#8211; Ula\u015ft\u0131rma ve Altyap\u0131 Bakan\u0131 Abdulkadir Uralo\u011flu, Montr\u00f6 T\u00fcrk Bo\u011fazlar\u0131 S\u00f6zle\u015fmesi \u00e7er\u00e7evesinde \u0130stanbul ve \u00c7anakkale Bo\u011fazlar\u0131ndan u\u011fraks\u0131z ge\u00e7en gemilerden al\u0131nan \u00fccretlerin hesaplanmas\u0131nda kullan\u0131lan ve gemilerin net tonlar\u0131 \u00fczerinden al\u0131nan Alt\u0131n Frank de\u011ferini, 1 Temmuz 2025 itibariyle ge\u00e7en y\u0131la g\u00f6re y\u00fczde 15 oran\u0131nda art\u0131rarak 5,83 ABD dolar\u0131na \u00e7\u0131karacaklar\u0131n\u0131 a\u00e7\u0131klad\u0131. Bakan Uralo\u011flu, s\u00f6z konusu g\u00fcncellemenin 2022 y\u0131l\u0131nda Cumhurba\u015fkan\u0131 Karar\u0131 do\u011frultusunda ba\u015flat\u0131lan tarife revizyonlar\u0131n\u0131n d\u00f6rd\u00fcnc\u00fc ad\u0131m\u0131 oldu\u011funu belirterek, \u201c2022 \u00f6ncesinde 39 y\u0131l boyunca 0,8 dolar seviyesinde sabit kalan Alt\u0131n Frank de\u011ferini Denizcilik Genel M\u00fcd\u00fcrl\u00fc\u011f\u00fcm\u00fcz\u00fcn yapt\u0131\u011f\u0131 \u00e7al\u0131\u015fmalar her y\u0131l d\u00fczenli olarak art\u0131r\u0131yoruz. Bu y\u0131lki art\u0131\u015f ile de 2022 \u00f6ncesine g\u00f6re ge\u00e7i\u015f i\u00e7in tahsil edilen tahlisiye, fener ve sa\u011fl\u0131k bedellerini ABD dolar\u0131 cinsinden 7,2 kat y\u00fckseltmi\u015f olaca\u011f\u0131z.\u201d dedi. \u201cGEREKL\u0130 ALTYAPILARIMIZI VE GEM\u0130 TRAF\u0130K \u0130ZLEME S\u0130STEMLER\u0130M\u0130Z\u0130 S\u00dcREKL\u0130 GEL\u0130\u015eT\u0130RMEYE DEVAM ETMEKTEY\u0130Z\u201d G\u00fcncel alt\u0131n piyasas\u0131 verilerine g\u00f6re revize edilen Alt\u0131n Frank de\u011feri ile maliyetlerin daha adil bir \u015fekilde yans\u0131t\u0131laca\u011f\u0131n\u0131 ifade eden Bakan Uralo\u011flu, \u201cBu art\u0131\u015f T\u00fcrk Bo\u011fazlar\u0131nda verdi\u011fimiz kamu hizmetlerinin s\u00fcrd\u00fcr\u00fclebilirli\u011fini desteklemesi a\u00e7\u0131s\u0131ndan olduk\u00e7a k\u0131ymetli. Tahsil etti\u011fimiz bu \u00fccretlerle d\u00fcnyan\u0131n &hellip;"}