{"version":"1.0","provider_name":"Av. Deniz Can K\u0131z\u0131l","provider_url":"https:\/\/denizcankizil.tr\/de","author_name":"admin","author_url":"https:\/\/denizcankizil.tr\/de\/author\/admin\/","title":"Bilecik'te ka\u00e7ak\u00e7\u0131l\u0131\u011fa darbe!","type":"rich","width":600,"height":338,"html":"<blockquote class=\"wp-embedded-content\" data-secret=\"xKIyDUeDt3\"><a href=\"https:\/\/denizcankizil.tr\/de\/haberler\/gundem\/bilecikte-kacakciliga-darbe\/\">Bilecik&#8217;te ka\u00e7ak\u00e7\u0131l\u0131\u011fa darbe!<\/a><\/blockquote><iframe sandbox=\"allow-scripts\" security=\"restricted\" src=\"https:\/\/denizcankizil.tr\/de\/haberler\/gundem\/bilecikte-kacakciliga-darbe\/embed\/#?secret=xKIyDUeDt3\" width=\"600\" height=\"338\" title=\"&#8222;Bilecik&#8217;te ka\u00e7ak\u00e7\u0131l\u0131\u011fa darbe!&#8220; &#8211; Av. Deniz Can K\u0131z\u0131l\" data-secret=\"xKIyDUeDt3\" frameborder=\"0\" marginwidth=\"0\" marginheight=\"0\" scrolling=\"no\" class=\"wp-embedded-content\"><\/iframe><script>\n\/*! This file is auto-generated *\/\n!function(d,l){\"use strict\";l.querySelector&&d.addEventListener&&\"undefined\"!=typeof URL&&(d.wp=d.wp||{},d.wp.receiveEmbedMessage||(d.wp.receiveEmbedMessage=function(e){var t=e.data;if((t||t.secret||t.message||t.value)&&!\/[^a-zA-Z0-9]\/.test(t.secret)){for(var s,r,n,a=l.querySelectorAll('iframe[data-secret=\"'+t.secret+'\"]'),o=l.querySelectorAll('blockquote[data-secret=\"'+t.secret+'\"]'),c=new RegExp(\"^https?:$\",\"i\"),i=0;i<o.length;i++)o[i].style.display=\"none\";for(i=0;i<a.length;i++)s=a[i],e.source===s.contentWindow&&(s.removeAttribute(\"style\"),\"height\"===t.message?(1e3<(r=parseInt(t.value,10))?r=1e3:~~r<200&&(r=200),s.height=r):\"link\"===t.message&&(r=new URL(s.getAttribute(\"src\")),n=new URL(t.value),c.test(n.protocol))&&n.host===r.host&&l.activeElement===s&&(d.top.location.href=t.value))}},d.addEventListener(\"message\",d.wp.receiveEmbedMessage,!1),l.addEventListener(\"DOMContentLoaded\",function(){for(var e,t,s=l.querySelectorAll(\"iframe.wp-embedded-content\"),r=0;r<s.length;r++)(t=(e=s[r]).getAttribute(\"data-secret\"))||(t=Math.random().toString(36).substring(2,12),e.src+=\"#?secret=\"+t,e.setAttribute(\"data-secret\",t)),e.contentWindow.postMessage({message:\"ready\",secret:t},\"*\")},!1)))}(window,document);\n\/\/# sourceURL=https:\/\/denizcankizil.tr\/wp-includes\/js\/wp-embed.min.js\n<\/script>","description":"Bilecik \u0130l Emniyet M\u00fcd\u00fcrl\u00fc\u011f\u00fc Ka\u00e7ak\u00e7\u0131l\u0131k ve Organize Su\u00e7larla M\u00fccadele (KOM) \u015eube ekipleri, t\u00fct\u00fcn ve emtia ka\u00e7ak\u00e7\u0131l\u0131\u011f\u0131na y\u00f6nelik y\u00fcr\u00fctt\u00fc\u011f\u00fc operasyonlarda \u00f6nemli bir ba\u015far\u0131ya imza att\u0131.Pazaryeri G\u00fcndem \/ B\u0130LEC\u0130K (\u0130GFA) &#8211; Bilecik&#8217;te y\u00fczlerce paket ka\u00e7ak sigara ve parf\u00fcm ele ge\u00e7irildi. \u0130l Emniyet M\u00fcd\u00fcrl\u00fc\u011f\u00fc&#8217;ne ba\u011fl\u0131 KOM ekiplerinin yapt\u0131\u011f\u0131 aramalarda 740 paket g\u00fcmr\u00fck ka\u00e7a\u011f\u0131 sigara, 31 adet g\u00fcmr\u00fck ka\u00e7a\u011f\u0131 parf\u00fcm ve 1 adet g\u00fcmr\u00fck ka\u00e7a\u011f\u0131 blender ele ge\u00e7irilirken operasyon kapsam\u0131nda A.A.D. (25) adl\u0131 \u015fah\u0131s hakk\u0131nda 5607 say\u0131l\u0131 Ka\u00e7ak\u00e7\u0131l\u0131kla M\u00fccadele Kanunu\u2019na muhalefet su\u00e7undan i\u015flem ba\u015flat\u0131ld\u0131. Ka\u00e7ak\u00e7\u0131l\u0131kla m\u00fccadelede kararl\u0131 bir duru\u015f sergileyen emniyet g\u00fc\u00e7leri, kent genelinde bu t\u00fcr operasyonlar\u0131n s\u00fcrece\u011fini vurgulad\u0131. Yetkililer, ka\u00e7ak \u00fcr\u00fcnlerin hem ekonomik kay\u0131plara yol a\u00e7t\u0131\u011f\u0131n\u0131 hem de halk sa\u011fl\u0131\u011f\u0131n\u0131 tehdit etti\u011fini belirterek, vatanda\u015flar\u0131 \u015f\u00fcpheli durumlar\u0131 yetkililere bildirmeye \u00e7a\u011f\u0131rd\u0131. \u200bBilecik \u0130l Emniyet M\u00fcd\u00fcrl\u00fc\u011f\u00fc Ka\u00e7ak\u00e7\u0131l\u0131k ve Organize Su\u00e7larla M\u00fccadele (KOM) \u015eube ekipleri, t\u00fct\u00fcn ve emtia ka\u00e7ak\u00e7\u0131l\u0131\u011f\u0131na y\u00f6nelik y\u00fcr\u00fctt\u00fc\u011f\u00fc operasyonlarda \u00f6nemli bir ba\u015far\u0131ya imza att\u0131.Pazaryeri G\u00fcndem \/ B\u0130LEC\u0130K (\u0130GFA) &#8211; Bilecik&#8217;te y\u00fczlerce paket ka\u00e7ak sigara ve parf\u00fcm ele ge\u00e7irildi. \u0130l Emniyet M\u00fcd\u00fcrl\u00fc\u011f\u00fc&#8217;ne ba\u011fl\u0131 KOM ekiplerinin yapt\u0131\u011f\u0131 aramalarda 740 paket g\u00fcmr\u00fck ka\u00e7a\u011f\u0131 sigara, 31 adet g\u00fcmr\u00fck ka\u00e7a\u011f\u0131 parf\u00fcm ve 1 adet g\u00fcmr\u00fck ka\u00e7a\u011f\u0131 blender ele ge\u00e7irilirken operasyon kapsam\u0131nda A.A.D. (25) adl\u0131 \u015fah\u0131s hakk\u0131nda 5607 say\u0131l\u0131 Ka\u00e7ak\u00e7\u0131l\u0131kla M\u00fccadele Kanunu\u2019na muhalefet su\u00e7undan i\u015flem ba\u015flat\u0131ld\u0131. Ka\u00e7ak\u00e7\u0131l\u0131kla m\u00fccadelede kararl\u0131 bir &hellip;"}