{"version":"1.0","provider_name":"Av. Deniz Can K\u0131z\u0131l","provider_url":"https:\/\/denizcankizil.tr\/de","author_name":"admin","author_url":"https:\/\/denizcankizil.tr\/de\/author\/admin\/","title":"Bilecik Pazaryeri\u2019nde \u00f6rnek dayan\u0131\u015fma","type":"rich","width":600,"height":338,"html":"<blockquote class=\"wp-embedded-content\" data-secret=\"RYTPTyX2FA\"><a href=\"https:\/\/denizcankizil.tr\/de\/haberler\/gundem\/bilecik-pazaryerinde-ornek-dayanisma\/\">Bilecik Pazaryeri\u2019nde \u00f6rnek dayan\u0131\u015fma<\/a><\/blockquote><iframe sandbox=\"allow-scripts\" security=\"restricted\" src=\"https:\/\/denizcankizil.tr\/de\/haberler\/gundem\/bilecik-pazaryerinde-ornek-dayanisma\/embed\/#?secret=RYTPTyX2FA\" width=\"600\" height=\"338\" title=\"&#8222;Bilecik Pazaryeri\u2019nde \u00f6rnek dayan\u0131\u015fma&#8220; &#8211; Av. Deniz Can K\u0131z\u0131l\" data-secret=\"RYTPTyX2FA\" frameborder=\"0\" marginwidth=\"0\" marginheight=\"0\" scrolling=\"no\" class=\"wp-embedded-content\"><\/iframe><script>\n\/*! This file is auto-generated *\/\n!function(d,l){\"use strict\";l.querySelector&&d.addEventListener&&\"undefined\"!=typeof URL&&(d.wp=d.wp||{},d.wp.receiveEmbedMessage||(d.wp.receiveEmbedMessage=function(e){var t=e.data;if((t||t.secret||t.message||t.value)&&!\/[^a-zA-Z0-9]\/.test(t.secret)){for(var s,r,n,a=l.querySelectorAll('iframe[data-secret=\"'+t.secret+'\"]'),o=l.querySelectorAll('blockquote[data-secret=\"'+t.secret+'\"]'),c=new RegExp(\"^https?:$\",\"i\"),i=0;i<o.length;i++)o[i].style.display=\"none\";for(i=0;i<a.length;i++)s=a[i],e.source===s.contentWindow&&(s.removeAttribute(\"style\"),\"height\"===t.message?(1e3<(r=parseInt(t.value,10))?r=1e3:~~r<200&&(r=200),s.height=r):\"link\"===t.message&&(r=new URL(s.getAttribute(\"src\")),n=new URL(t.value),c.test(n.protocol))&&n.host===r.host&&l.activeElement===s&&(d.top.location.href=t.value))}},d.addEventListener(\"message\",d.wp.receiveEmbedMessage,!1),l.addEventListener(\"DOMContentLoaded\",function(){for(var e,t,s=l.querySelectorAll(\"iframe.wp-embedded-content\"),r=0;r<s.length;r++)(t=(e=s[r]).getAttribute(\"data-secret\"))||(t=Math.random().toString(36).substring(2,12),e.src+=\"#?secret=\"+t,e.setAttribute(\"data-secret\",t)),e.contentWindow.postMessage({message:\"ready\",secret:t},\"*\")},!1)))}(window,document);\n\/\/# sourceURL=https:\/\/denizcankizil.tr\/wp-includes\/js\/wp-embed.min.js\n<\/script>","description":"Siyasetin kutupla\u015ft\u0131r\u0131c\u0131 dilinin aksine, Bilecik\u2019in Pazaryeri il\u00e7esinde \u00f6rnek bir birliktelik sergilendi.Pazaryeri G\u00fcndem \/ B\u0130LEC\u0130K (\u0130GFA) &#8211; CHP\u2019li \u0130l Genel Meclis \u00dcyesi Ekrem Yunak ve AK Partili \u0130l Genel Meclis \u00dcyesi Mayir K\u00fc\u00e7\u00fck, il\u00e7ede ger\u00e7ekle\u015ftirilen t\u00fcm etkinliklerde yan yana durarak \u201chizmette birlik\u201d mesaj\u0131 verdi. Bayramla\u015fma programlar\u0131ndan k\u00f6ylerde yap\u0131lan ya\u011fmur ve \u015f\u00fck\u00fcr dualar\u0131na kadar her etkinlikte birlikte boy g\u00f6steren iki meclis \u00fcyesi, siyasi farkl\u0131l\u0131klar\u0131 bir kenara b\u0131rak\u0131p Pazaryeri\u2019nin ortak sorunlar\u0131na birlikte \u00e7\u00f6z\u00fcm ar\u0131yor. Halkla i\u00e7 i\u00e7e y\u00fcr\u00fct\u00fclen bu temaslar, vatanda\u015flar\u0131n da b\u00fcy\u00fck takdirini topluyor. \u00d6zellikle k\u0131rsal kalk\u0131nma, altyap\u0131 \u00e7al\u0131\u015fmalar\u0131 ve sosyal projelerde birlikte hareket eden Yunak ve K\u00fc\u00e7\u00fck, il\u00e7eye hizmet yolunda siyasi ayr\u0131m g\u00f6zetmeksizin \u00e7al\u0131\u015ft\u0131klar\u0131n\u0131 defalarca vurgulad\u0131. \u201c\u00d6nemli olan il\u00e7emize ne kazand\u0131rd\u0131\u011f\u0131m\u0131zd\u0131r. Hizmetin partisi olmaz\u201d diyen meclis \u00fcyeleri, siyasette yeni bir anlay\u0131\u015f\u0131n temsilcisi olma yolunda ilerliyor. K\u00f6ylerde yap\u0131lan dualara, bayramla\u015fma programlar\u0131na ve di\u011fer sosyal etkinliklere birlikte kat\u0131lan ikili, Pazaryeri halk\u0131na verdi\u011fi \u201cbirlikteyiz, birlikte g\u00fc\u00e7l\u00fcy\u00fcz\u201d mesaj\u0131yla yerel siyasette umut \u0131\u015f\u0131\u011f\u0131 oldu. \u200bSiyasetin kutupla\u015ft\u0131r\u0131c\u0131 dilinin aksine, Bilecik\u2019in Pazaryeri il\u00e7esinde \u00f6rnek bir birliktelik sergilendi.Pazaryeri G\u00fcndem \/ B\u0130LEC\u0130K (\u0130GFA) &#8211; CHP\u2019li \u0130l Genel Meclis \u00dcyesi Ekrem Yunak ve AK Partili \u0130l Genel Meclis \u00dcyesi Mayir K\u00fc\u00e7\u00fck, il\u00e7ede ger\u00e7ekle\u015ftirilen t\u00fcm etkinliklerde yan yana durarak \u201chizmette birlik\u201d mesaj\u0131 verdi. Bayramla\u015fma programlar\u0131ndan k\u00f6ylerde yap\u0131lan ya\u011fmur ve \u015f\u00fck\u00fcr dualar\u0131na kadar &hellip;"}