{"version":"1.0","provider_name":"Av. Deniz Can K\u0131z\u0131l","provider_url":"https:\/\/denizcankizil.tr\/de","author_name":"admin","author_url":"https:\/\/denizcankizil.tr\/de\/author\/admin\/","title":"Belen, HBB Meclis Toplant\u0131s\u0131na Ev Sahipli\u011fi Yapt\u0131.","type":"rich","width":600,"height":338,"html":"<blockquote class=\"wp-embedded-content\" data-secret=\"r7u6mQgu18\"><a href=\"https:\/\/denizcankizil.tr\/de\/haberler\/gundem\/belen-hbb-meclis-toplantisina-ev-sahipligi-yapti\/\">Belen, HBB Meclis Toplant\u0131s\u0131na Ev Sahipli\u011fi Yapt\u0131.<\/a><\/blockquote><iframe sandbox=\"allow-scripts\" security=\"restricted\" src=\"https:\/\/denizcankizil.tr\/de\/haberler\/gundem\/belen-hbb-meclis-toplantisina-ev-sahipligi-yapti\/embed\/#?secret=r7u6mQgu18\" width=\"600\" height=\"338\" title=\"&#8222;Belen, HBB Meclis Toplant\u0131s\u0131na Ev Sahipli\u011fi Yapt\u0131.&#8220; &#8211; Av. Deniz Can K\u0131z\u0131l\" data-secret=\"r7u6mQgu18\" frameborder=\"0\" marginwidth=\"0\" marginheight=\"0\" scrolling=\"no\" class=\"wp-embedded-content\"><\/iframe><script>\n\/*! This file is auto-generated *\/\n!function(d,l){\"use strict\";l.querySelector&&d.addEventListener&&\"undefined\"!=typeof URL&&(d.wp=d.wp||{},d.wp.receiveEmbedMessage||(d.wp.receiveEmbedMessage=function(e){var t=e.data;if((t||t.secret||t.message||t.value)&&!\/[^a-zA-Z0-9]\/.test(t.secret)){for(var s,r,n,a=l.querySelectorAll('iframe[data-secret=\"'+t.secret+'\"]'),o=l.querySelectorAll('blockquote[data-secret=\"'+t.secret+'\"]'),c=new RegExp(\"^https?:$\",\"i\"),i=0;i<o.length;i++)o[i].style.display=\"none\";for(i=0;i<a.length;i++)s=a[i],e.source===s.contentWindow&&(s.removeAttribute(\"style\"),\"height\"===t.message?(1e3<(r=parseInt(t.value,10))?r=1e3:~~r<200&&(r=200),s.height=r):\"link\"===t.message&&(r=new URL(s.getAttribute(\"src\")),n=new URL(t.value),c.test(n.protocol))&&n.host===r.host&&l.activeElement===s&&(d.top.location.href=t.value))}},d.addEventListener(\"message\",d.wp.receiveEmbedMessage,!1),l.addEventListener(\"DOMContentLoaded\",function(){for(var e,t,s=l.querySelectorAll(\"iframe.wp-embedded-content\"),r=0;r<s.length;r++)(t=(e=s[r]).getAttribute(\"data-secret\"))||(t=Math.random().toString(36).substring(2,12),e.src+=\"#?secret=\"+t,e.setAttribute(\"data-secret\",t)),e.contentWindow.postMessage({message:\"ready\",secret:t},\"*\")},!1)))}(window,document);\n\/\/# sourceURL=https:\/\/denizcankizil.tr\/wp-includes\/js\/wp-embed.min.js\n<\/script>","description":"Meclis Toplant\u0131s\u0131n\u0131n ev sahipli\u011fini yapan Belen Belediye Ba\u015fkan\u0131 \u0130brahim G\u00fcl a\u00e7\u0131l\u0131\u015f konu\u015fmas\u0131nda, Irak\u2019\u0131n kuzeyinde s\u00fcrd\u00fcr\u00fclen Pen\u00e7e-Kilit Harek\u00e2t b\u00f6lgesinde metan gaz\u0131ndan etkilenerek \u015fehit d\u00fc\u015fen 12 kahraman Mehmet\u00e7i\u011fi and\u0131\u011f\u0131n\u0131 ifade ederek \u201cPen\u00e7e-Kilit Harek\u00e2t\u0131 b\u00f6lgesinde \u015fehit olan t\u00fcm askerlerimize Allah\u2019tan rahmet, yaral\u0131 Mehmet\u00e7iklerimize acil \u015fifalar diliyorum. Aziz milletimizin ba\u015f\u0131 sa\u011f olsun,\u201d dedi. Ge\u00e7en hafta Hatay genelinde meydana gelen orman yang\u0131nlar\u0131na da de\u011finen Belen Belediye Ba\u015fkan\u0131 \u0130brahim G\u00fcl, yang\u0131nlar\u0131n kendilerini derinden \u00fczd\u00fc\u011f\u00fcn\u00fc ifade etti. Yang\u0131nlara fedak\u00e2rca m\u00fcdahale eden t\u00fcm personele te\u015fekk\u00fcr eden G\u00fcl, \u201cYang\u0131nla m\u00fccadelede b\u00fcy\u00fck gayret g\u00f6steren Orman Genel M\u00fcd\u00fcrl\u00fc\u011f\u00fc ekiplerine, Hatay B\u00fcy\u00fck\u015fehir Belediyesi \u0130tfaiye Daire Ba\u015fkanl\u0131\u011f\u0131 personellerine ve s\u00fcrece destek veren herkese minnettar\u0131z. Ayr\u0131ca, B\u00fcy\u00fck\u015fehir Belediyemizin b\u00fcnyesine katt\u0131\u011f\u0131 yeni ara\u00e7 ve ekipmanlar sayesinde yang\u0131nla m\u00fccadele daha etkili y\u00fcr\u00fct\u00fcld\u00fc. Bu katk\u0131lar\u0131ndan \u00f6t\u00fcr\u00fc Say\u0131n Ba\u015fkan Mehmet \u00d6nt\u00fcrk\u2019e de ayr\u0131ca te\u015fekk\u00fcr ediyorum,\u201d diye konu\u015ftu. Belen Belediye Ba\u015fkan\u0131 \u0130brahim G\u00fcl, ayr\u0131ca il\u00e7eye kazand\u0131r\u0131lan yeni H\u00fck\u00fcmet Kona\u011f\u0131\u2019nda Hatay B\u00fcy\u00fck\u015fehir Meclisi\u2019ni a\u011f\u0131rlamaktan duydu\u011fu memnuniyeti de dile getirerek \u015funlar\u0131 kaydetti: \u201cBu toplant\u0131n\u0131n Belen\u2019imizde yap\u0131lmas\u0131na vesile olan ve eme\u011fi ge\u00e7en herkese te\u015fekk\u00fcr ediyorum. \u0130l\u00e7emizin geli\u015fimi ve kurumsal altyap\u0131s\u0131 ad\u0131na bu t\u00fcr yap\u0131lar \u00e7ok k\u0131ymetlidir,\u201d Ev sahipli\u011finde ge\u00e7en meclis toplant\u0131s\u0131nda birlik ve koordinasyon vurgusu \u00f6n plana \u00e7\u0131karken, toplant\u0131ya kat\u0131lan meclis \u00fcyeleri ve misafirler, Belen\u2019in misafirperverli\u011finden duyduklar\u0131 memnuniyeti dile getirdi. \u200bHatay B\u00fcy\u00fck\u015fehir &hellip;"}