{"version":"1.0","provider_name":"Av. Deniz Can K\u0131z\u0131l","provider_url":"https:\/\/denizcankizil.tr\/de","author_name":"admin","author_url":"https:\/\/denizcankizil.tr\/de\/author\/admin\/","title":"Bayram\u0131n 3. g\u00fcn\u00fcnde yurtta hava nas\u0131l olacak?","type":"rich","width":600,"height":338,"html":"<blockquote class=\"wp-embedded-content\" data-secret=\"natssLeAJs\"><a href=\"https:\/\/denizcankizil.tr\/de\/haberler\/gundem\/bayramin-3-gununde-yurtta-hava-nasil-olacak\/\">Bayram\u0131n 3. g\u00fcn\u00fcnde yurtta hava nas\u0131l olacak?<\/a><\/blockquote><iframe sandbox=\"allow-scripts\" security=\"restricted\" src=\"https:\/\/denizcankizil.tr\/de\/haberler\/gundem\/bayramin-3-gununde-yurtta-hava-nasil-olacak\/embed\/#?secret=natssLeAJs\" width=\"600\" height=\"338\" title=\"&#8222;Bayram\u0131n 3. g\u00fcn\u00fcnde yurtta hava nas\u0131l olacak?&#8220; &#8211; Av. Deniz Can K\u0131z\u0131l\" data-secret=\"natssLeAJs\" frameborder=\"0\" marginwidth=\"0\" marginheight=\"0\" scrolling=\"no\" class=\"wp-embedded-content\"><\/iframe><script>\n\/*! This file is auto-generated *\/\n!function(d,l){\"use strict\";l.querySelector&&d.addEventListener&&\"undefined\"!=typeof URL&&(d.wp=d.wp||{},d.wp.receiveEmbedMessage||(d.wp.receiveEmbedMessage=function(e){var t=e.data;if((t||t.secret||t.message||t.value)&&!\/[^a-zA-Z0-9]\/.test(t.secret)){for(var s,r,n,a=l.querySelectorAll('iframe[data-secret=\"'+t.secret+'\"]'),o=l.querySelectorAll('blockquote[data-secret=\"'+t.secret+'\"]'),c=new RegExp(\"^https?:$\",\"i\"),i=0;i<o.length;i++)o[i].style.display=\"none\";for(i=0;i<a.length;i++)s=a[i],e.source===s.contentWindow&&(s.removeAttribute(\"style\"),\"height\"===t.message?(1e3<(r=parseInt(t.value,10))?r=1e3:~~r<200&&(r=200),s.height=r):\"link\"===t.message&&(r=new URL(s.getAttribute(\"src\")),n=new URL(t.value),c.test(n.protocol))&&n.host===r.host&&l.activeElement===s&&(d.top.location.href=t.value))}},d.addEventListener(\"message\",d.wp.receiveEmbedMessage,!1),l.addEventListener(\"DOMContentLoaded\",function(){for(var e,t,s=l.querySelectorAll(\"iframe.wp-embedded-content\"),r=0;r<s.length;r++)(t=(e=s[r]).getAttribute(\"data-secret\"))||(t=Math.random().toString(36).substring(2,12),e.src+=\"#?secret=\"+t,e.setAttribute(\"data-secret\",t)),e.contentWindow.postMessage({message:\"ready\",secret:t},\"*\")},!1)))}(window,document);\n\/\/# sourceURL=https:\/\/denizcankizil.tr\/wp-includes\/js\/wp-embed.min.js\n<\/script>","description":"Bayram\u0131n \u00fc\u00e7\u00fcnc\u00fc g\u00fcn\u00fcnde hava s\u0131cakl\u0131\u011f\u0131 yurt genelinde mevsim normallerinin \u00fczerinde seyretmeye devam edecek. \u0130\u00e7 Ege&#8217;nin g\u00fcneydo\u011fu kesimleri ve Bat\u0131 Akdeniz&#8217;in i\u00e7 kesimleri ile Hakkari \u00e7evrelerinin yerel sa\u011fanak ve g\u00f6k g\u00fcr\u00fclt\u00fcl\u00fc sa\u011fanak ya\u011f\u0131\u015fl\u0131, di\u011fer yerler ise az bulutlu ve a\u00e7\u0131k ge\u00e7ecek.BURSA (\u0130GFA) &#8211; Meteoroloji Genel M\u00fcd\u00fcrl\u00fc\u011f\u00fc, 8 Haziran Pazar g\u00fcn\u00fcne ili\u015fkin hava tahmin raporunu yay\u0131mlad\u0131. Buna g\u00f6re, T\u00fcrkiye&#8217;nin bat\u0131 kesimlerinin par\u00e7al\u0131, yer yer \u00e7ok bulutlu, \u0130\u00e7 Ege&#8217;nin g\u00fcneydo\u011fu kesimleri ve Bat\u0131 Akdeniz&#8217;in i\u00e7 kesimleri ile Hakkari \u00e7evrelerinin yerel sa\u011fanak ve g\u00f6k g\u00fcr\u00fclt\u00fcl\u00fc sa\u011fanak ya\u011f\u0131\u015fl\u0131, di\u011fer yerlerin az bulutlu ve a\u00e7\u0131k ge\u00e7ece\u011fi tahmin ediliyor. Hava s\u0131cakl\u0131\u011f\u0131n\u0131n yurt genelinde mevsim normallerinin \u00fczerinde seyretmeye devam edece\u011fi tahmin edildi\u011fi g\u00fcnl\u00fck hava tahmin raporunda, r\u00fczgar\u0131n ise genellikle kuzeyli, Do\u011fu Akdeniz ve G\u00fcneydo\u011fu Anadolu&#8217;da g\u00fcneyli y\u00f6nlerden hafif, ara s\u0131ra orta kuvvette esece\u011fi tahmin edildi. \u200bBayram\u0131n \u00fc\u00e7\u00fcnc\u00fc g\u00fcn\u00fcnde hava s\u0131cakl\u0131\u011f\u0131 yurt genelinde mevsim normallerinin \u00fczerinde seyretmeye devam edecek. \u0130\u00e7 Ege&#8217;nin g\u00fcneydo\u011fu kesimleri ve Bat\u0131 Akdeniz&#8217;in i\u00e7 kesimleri ile Hakkari \u00e7evrelerinin yerel sa\u011fanak ve g\u00f6k g\u00fcr\u00fclt\u00fcl\u00fc sa\u011fanak ya\u011f\u0131\u015fl\u0131, di\u011fer yerler ise az bulutlu ve a\u00e7\u0131k ge\u00e7ecek.BURSA (\u0130GFA) &#8211; Meteoroloji Genel M\u00fcd\u00fcrl\u00fc\u011f\u00fc, 8 Haziran Pazar g\u00fcn\u00fcne ili\u015fkin hava tahmin raporunu yay\u0131mlad\u0131. Buna g\u00f6re, T\u00fcrkiye&#8217;nin bat\u0131 kesimlerinin par\u00e7al\u0131, yer yer \u00e7ok bulutlu, \u0130\u00e7 Ege&#8217;nin g\u00fcneydo\u011fu kesimleri ve Bat\u0131 Akdeniz&#8217;in i\u00e7 kesimleri &hellip;"}