{"version":"1.0","provider_name":"Av. Deniz Can K\u0131z\u0131l","provider_url":"https:\/\/denizcankizil.tr\/de","author_name":"admin","author_url":"https:\/\/denizcankizil.tr\/de\/author\/admin\/","title":"Ba\u015fkan \u00c7al\u0131k \u0130stanbul\u2019da hizmetle dolu 6 y\u0131l\u0131 payla\u015ft\u0131","type":"rich","width":600,"height":338,"html":"<blockquote class=\"wp-embedded-content\" data-secret=\"pppFBUdqQ6\"><a href=\"https:\/\/denizcankizil.tr\/de\/haberler\/gundem\/baskan-calik-istanbulda-hizmetle-dolu-6-yili-paylasti\/\">Ba\u015fkan \u00c7al\u0131k \u0130stanbul\u2019da hizmetle dolu 6 y\u0131l\u0131 payla\u015ft\u0131<\/a><\/blockquote><iframe sandbox=\"allow-scripts\" security=\"restricted\" src=\"https:\/\/denizcankizil.tr\/de\/haberler\/gundem\/baskan-calik-istanbulda-hizmetle-dolu-6-yili-paylasti\/embed\/#?secret=pppFBUdqQ6\" width=\"600\" height=\"338\" title=\"&#8222;Ba\u015fkan \u00c7al\u0131k \u0130stanbul\u2019da hizmetle dolu 6 y\u0131l\u0131 payla\u015ft\u0131&#8220; &#8211; Av. Deniz Can K\u0131z\u0131l\" data-secret=\"pppFBUdqQ6\" frameborder=\"0\" marginwidth=\"0\" marginheight=\"0\" scrolling=\"no\" class=\"wp-embedded-content\"><\/iframe><script>\n\/*! This file is auto-generated *\/\n!function(d,l){\"use strict\";l.querySelector&&d.addEventListener&&\"undefined\"!=typeof URL&&(d.wp=d.wp||{},d.wp.receiveEmbedMessage||(d.wp.receiveEmbedMessage=function(e){var t=e.data;if((t||t.secret||t.message||t.value)&&!\/[^a-zA-Z0-9]\/.test(t.secret)){for(var s,r,n,a=l.querySelectorAll('iframe[data-secret=\"'+t.secret+'\"]'),o=l.querySelectorAll('blockquote[data-secret=\"'+t.secret+'\"]'),c=new RegExp(\"^https?:$\",\"i\"),i=0;i<o.length;i++)o[i].style.display=\"none\";for(i=0;i<a.length;i++)s=a[i],e.source===s.contentWindow&&(s.removeAttribute(\"style\"),\"height\"===t.message?(1e3<(r=parseInt(t.value,10))?r=1e3:~~r<200&&(r=200),s.height=r):\"link\"===t.message&&(r=new URL(s.getAttribute(\"src\")),n=new URL(t.value),c.test(n.protocol))&&n.host===r.host&&l.activeElement===s&&(d.top.location.href=t.value))}},d.addEventListener(\"message\",d.wp.receiveEmbedMessage,!1),l.addEventListener(\"DOMContentLoaded\",function(){for(var e,t,s=l.querySelectorAll(\"iframe.wp-embedded-content\"),r=0;r<s.length;r++)(t=(e=s[r]).getAttribute(\"data-secret\"))||(t=Math.random().toString(36).substring(2,12),e.src+=\"#?secret=\"+t,e.setAttribute(\"data-secret\",t)),e.contentWindow.postMessage({message:\"ready\",secret:t},\"*\")},!1)))}(window,document);\n\/\/# sourceURL=https:\/\/denizcankizil.tr\/wp-includes\/js\/wp-embed.min.js\n<\/script>","description":"\u0130stanbul Beylikd\u00fcz\u00fc Belediyesi \u015eubat Ay\u0131 Meclis Toplant\u0131s\u0131\u2019n\u0131n 1.birle\u015fimi ger\u00e7ekle\u015fti. G\u00f6rev s\u00fcresinde neredeyse 6.y\u0131l\u0131 tamamlad\u0131klar\u0131n\u0131 ifade eden Beylikd\u00fcz\u00fc Belediye Ba\u015fkan\u0131 Mehmet Murat \u00c7al\u0131k, ilk g\u00fcnden bug\u00fcne kadar yapt\u0131klar\u0131 \u00e7al\u0131\u015fma ve projeleri kamuoyuyla payla\u015ft\u0131.\u0130STANBUL (\u0130GFA) &#8211;\u00a0\u0130stanbul Beylikd\u00fcz\u00fc Belediyesi \u015eubat ay\u0131 Meclis Toplant\u0131s\u0131\u2019n\u0131n 1.birle\u015fimi, Belediye Meclis Salonu\u2019nda ger\u00e7ekle\u015fti. Konu\u015fmas\u0131na, ocak ay\u0131nda \u015fehit d\u00fc\u015fen polis ve askerleri anarak ba\u015flayanBeylikd\u00fcz\u00fc Belediye Ba\u015fkan\u0131 Mehmet Murat \u00c7al\u0131k, \u00f6nemli g\u00fcn ve haftalara da de\u011findi. Bolu Kartalkaya\u2019da meydana gelen yang\u0131n facias\u0131nda hayat\u0131n\u0131 kaybedenlere de rahmet dileyen \u00c7al\u0131k, \u201cKartalkaya\u2019da \u00e7\u0131kan yang\u0131nda ne yaz\u0131k ki 78 insan\u0131m\u0131z, yar\u0131y\u0131l tatilinde \u00e7ocuklar\u0131yla birlikte g\u00fczel zaman ge\u00e7irmek isterken \u00e7ok ac\u0131 bir \u015fekilde hayata veda etti. O g\u00fcn hayat\u0131n\u0131 kaybedenlerin 36\u2019s\u0131 \u00e7ocuktu. Hepimizin y\u00fcre\u011fi yand\u0131. Hayat\u0131n\u0131 kaybedenlere Allah\u2019tan rahmet, yak\u0131nlar\u0131na ba\u015f sa\u011fl\u0131\u011f\u0131 diliyorum. Sorumlular hukuk \u00f6n\u00fcnde hesap vermeli\u201d ifadelerini kulland\u0131. \u201cOrtaya koydu\u011fumuz belediyecilik felsefesini ve hizmetlerimizi bir ad\u0131m \u00f6teye ta\u015f\u0131d\u0131k\u201d G\u00f6rev s\u00fcresinde neredeyse 6.y\u0131l\u0131 tamamlad\u0131klar\u0131n\u0131 ifade eden Ba\u015fkan \u00c7al\u0131k, g\u00f6reve geldikleri ilk g\u00fcnden bu yana kadar yapt\u0131klar\u0131 hizmet ve projeleri meclis k\u00fcrs\u00fcs\u00fcnden kamuoyu ile payla\u015ft\u0131. \u00c7al\u0131k, \u201cBiz \u00e7al\u0131\u015ft\u0131k\u00e7a Beylikd\u00fcz\u00fc g\u00fczelle\u015fecek, Beylikd\u00fcz\u00fc g\u00fczelle\u015ftik\u00e7e biz daha \u00e7ok \u00e7al\u0131\u015faca\u011f\u0131z demi\u015ftik. Her yeni g\u00fcn \u00e7al\u0131\u015fma iste\u011fimiz ve arzumuz Beylikd\u00fcz\u00fc\u2019n\u00fc g\u00fczelle\u015ftirmek, daha ya\u015fan\u0131labilir bir kent haline d\u00f6n\u00fc\u015ft\u00fcrmekti. \u00d6yle de oldu. Her ge\u00e7en y\u0131l, ortaya koydu\u011fumuz belediyecilik felsefesini ve hizmetlerimizi bir &hellip;"}