{"version":"1.0","provider_name":"Av. Deniz Can K\u0131z\u0131l","provider_url":"https:\/\/denizcankizil.tr\/de","author_name":"www.hukukihaber .net","author_url":"https:\/\/denizcankizil.tr\/de\/author\/deniz\/","title":"Ba\u015fkan Ak\u0131n\u2019dan \u015eehir Tiyatrosu m\u00fcjdesi","type":"rich","width":600,"height":338,"html":"<blockquote class=\"wp-embedded-content\" data-secret=\"nYFpxPgfuc\"><a href=\"https:\/\/denizcankizil.tr\/de\/haberler\/gundem\/baskan-akindan-sehir-tiyatrosu-mujdesi\/\">Ba\u015fkan Ak\u0131n\u2019dan \u015eehir Tiyatrosu m\u00fcjdesi<\/a><\/blockquote><iframe sandbox=\"allow-scripts\" security=\"restricted\" src=\"https:\/\/denizcankizil.tr\/de\/haberler\/gundem\/baskan-akindan-sehir-tiyatrosu-mujdesi\/embed\/#?secret=nYFpxPgfuc\" width=\"600\" height=\"338\" title=\"&#8222;Ba\u015fkan Ak\u0131n\u2019dan \u015eehir Tiyatrosu m\u00fcjdesi&#8220; &#8211; Av. Deniz Can K\u0131z\u0131l\" data-secret=\"nYFpxPgfuc\" frameborder=\"0\" marginwidth=\"0\" marginheight=\"0\" scrolling=\"no\" class=\"wp-embedded-content\"><\/iframe><script>\n\/*! This file is auto-generated *\/\n!function(d,l){\"use strict\";l.querySelector&&d.addEventListener&&\"undefined\"!=typeof URL&&(d.wp=d.wp||{},d.wp.receiveEmbedMessage||(d.wp.receiveEmbedMessage=function(e){var t=e.data;if((t||t.secret||t.message||t.value)&&!\/[^a-zA-Z0-9]\/.test(t.secret)){for(var s,r,n,a=l.querySelectorAll('iframe[data-secret=\"'+t.secret+'\"]'),o=l.querySelectorAll('blockquote[data-secret=\"'+t.secret+'\"]'),c=new RegExp(\"^https?:$\",\"i\"),i=0;i<o.length;i++)o[i].style.display=\"none\";for(i=0;i<a.length;i++)s=a[i],e.source===s.contentWindow&&(s.removeAttribute(\"style\"),\"height\"===t.message?(1e3<(r=parseInt(t.value,10))?r=1e3:~~r<200&&(r=200),s.height=r):\"link\"===t.message&&(r=new URL(s.getAttribute(\"src\")),n=new URL(t.value),c.test(n.protocol))&&n.host===r.host&&l.activeElement===s&&(d.top.location.href=t.value))}},d.addEventListener(\"message\",d.wp.receiveEmbedMessage,!1),l.addEventListener(\"DOMContentLoaded\",function(){for(var e,t,s=l.querySelectorAll(\"iframe.wp-embedded-content\"),r=0;r<s.length;r++)(t=(e=s[r]).getAttribute(\"data-secret\"))||(t=Math.random().toString(36).substring(2,12),e.src+=\"#?secret=\"+t,e.setAttribute(\"data-secret\",t)),e.contentWindow.postMessage({message:\"ready\",secret:t},\"*\")},!1)))}(window,document);\n\/\/# sourceURL=https:\/\/denizcankizil.tr\/wp-includes\/js\/wp-embed.min.js\n<\/script>","description":"Bal\u0131kesir B\u00fcy\u00fck\u015fehir Belediye Ba\u015fkan\u0131 Ahmet Ak\u0131n, kentin en k\u00f6kl\u00fc e\u011fitim kurumlar\u0131ndan olan S\u0131rr\u0131 Y\u0131rcal\u0131 Anadolu Lisesi (SYAL)&#8217;in 40. kurulu\u015f y\u0131ld\u00f6n\u00fcm\u00fc program\u0131na kat\u0131ld\u0131. Y\u0131rcal\u0131 ailesinin \u015fehrin e\u011fitim hayat\u0131na katt\u0131klar\u0131 de\u011ferden bahseden Ba\u015fkan Ak\u0131n, Bal\u0131kesirli sanat\u00e7\u0131 \u0130lker Ayr\u0131k\u2019\u0131n da destekleriyle Bal\u0131kesir\u2019e \u015fehir tiyatrosu kazand\u0131racaklar\u0131n\u0131n m\u00fcjdesini verdi.BALIKES\u0130R (\u0130GFA) &#8211;\u00a0S\u0131rr\u0131 Y\u0131rcal\u0131 Anadolu Lisesi (SYAL) kurulu\u015funun 40. y\u0131l\u0131n\u0131 kortej y\u00fcr\u00fcy\u00fc\u015f\u00fc ve ard\u0131ndan okul konferans salonunda ger\u00e7ekle\u015fen programla kutlad\u0131. Programa Bal\u0131kesir B\u00fcy\u00fck\u015fehir Belediye Ba\u015fkan\u0131 Ahmet Ak\u0131n\u2019\u0131n yan\u0131 s\u0131ra Karesi Kaymakam\u0131 Metin Arslanba\u015f, AK Parti Bal\u0131kesir Milletvekili Mustafa Canbay, Karesi \u0130l\u00e7e Milli E\u011fitim M\u00fcd\u00fcr\u00fc Sami G\u00fcnn\u00fc, \u0130\u015f \u0130nsan\u0131 Rona Y\u0131rcal\u0131 ve Y\u0131rcal\u0131 ailesi, Okul M\u00fcd\u00fcr\u00fc Ali Duran, okul aile birli\u011fi y\u00f6netim kurulu \u00fcyeleri, SYAL Mezunlar Derne\u011fi y\u00f6netim kurulu ve dernek \u00fcyeleri, \u00f6\u011fretmenler, mezunlar ve \u00f6\u011frenciler kat\u0131l\u0131m sa\u011flad\u0131. Ba\u015fkan Ak\u0131n, salona giri\u015fte b\u00fcy\u00fck alk\u0131\u015f ald\u0131. Program\u0131n sunuculu\u011funu Bal\u0131kesirli \u00fcnl\u00fc oyuncu \u0130lker Ayr\u0131k yapt\u0131. Bal\u0131kesir\u2019in tan\u0131nm\u0131\u015f isimlerinden i\u015f insan\u0131 Rona Y\u0131rcal\u0131 okulun tarih\u00e7esiyle ilgili bilgi vererek, k\u00f6kl\u00fc e\u011fitim kurumunun yeti\u015ftirdi\u011fi \u00f6\u011frencilerin ba\u015far\u0131lar\u0131yla gurur duyduklar\u0131n\u0131 s\u00f6yledi.\u00a0 \u00a0BALIKES\u0130R\u2019E \u015eEH\u0130R T\u0130YATROSU GEL\u0130YOR\u00a0 Bal\u0131kesir B\u00fcy\u00fck\u015fehir Belediye Ba\u015fkan\u0131 Ahmet Ak\u0131n, \u00fcnl\u00fc sanat\u00e7\u0131 \u0130lker Ayr\u0131k ile Bal\u0131kesir \u015eehir Tiyatrosu ile ilgili g\u00f6r\u00fc\u015fme ger\u00e7ekle\u015ftirdi\u011fini belirterek \u201cBal\u0131kesir de\u011fi\u015fiyor, d\u00f6n\u00fc\u015f\u00fcyor. Telefon a\u00e7t\u0131m ve dedim ki; Bal\u0131kesir\u2019de bir \u015fehir tiyatrosuna ihtiyac\u0131m\u0131z var. &#8216;Elini ta\u015f\u0131n alt\u0131na koyar m\u0131s\u0131n?&#8217; dedim. &#8216;Tamam&#8217; &hellip;"}