{"version":"1.0","provider_name":"Av. Deniz Can K\u0131z\u0131l","provider_url":"https:\/\/denizcankizil.tr\/de","author_name":"Av. Deniz Can K\u0131z\u0131l","author_url":"https:\/\/denizcankizil.tr\/de","title":"Bakanl\u0131ktan konum vergisi a\u00e7\u0131klamas\u0131: Esnaf\u0131 kapsam\u0131yor!","type":"rich","width":600,"height":338,"html":"<blockquote class=\"wp-embedded-content\" data-secret=\"pREWVlBQvw\"><a href=\"https:\/\/denizcankizil.tr\/de\/haberler\/gundem\/bakanliktan-konum-vergisi-aciklamasi-esnafi-kapsamiyor\/\">Bakanl\u0131ktan konum vergisi a\u00e7\u0131klamas\u0131: Esnaf\u0131 kapsam\u0131yor!<\/a><\/blockquote><iframe sandbox=\"allow-scripts\" security=\"restricted\" src=\"https:\/\/denizcankizil.tr\/de\/haberler\/gundem\/bakanliktan-konum-vergisi-aciklamasi-esnafi-kapsamiyor\/embed\/#?secret=pREWVlBQvw\" width=\"600\" height=\"338\" title=\"&#8222;Bakanl\u0131ktan konum vergisi a\u00e7\u0131klamas\u0131: Esnaf\u0131 kapsam\u0131yor!&#8220; &#8211; Av. Deniz Can K\u0131z\u0131l\" data-secret=\"pREWVlBQvw\" frameborder=\"0\" marginwidth=\"0\" marginheight=\"0\" scrolling=\"no\" class=\"wp-embedded-content\"><\/iframe><script>\n\/*! This file is auto-generated *\/\n!function(d,l){\"use strict\";l.querySelector&&d.addEventListener&&\"undefined\"!=typeof URL&&(d.wp=d.wp||{},d.wp.receiveEmbedMessage||(d.wp.receiveEmbedMessage=function(e){var t=e.data;if((t||t.secret||t.message||t.value)&&!\/[^a-zA-Z0-9]\/.test(t.secret)){for(var s,r,n,a=l.querySelectorAll('iframe[data-secret=\"'+t.secret+'\"]'),o=l.querySelectorAll('blockquote[data-secret=\"'+t.secret+'\"]'),c=new RegExp(\"^https?:$\",\"i\"),i=0;i<o.length;i++)o[i].style.display=\"none\";for(i=0;i<a.length;i++)s=a[i],e.source===s.contentWindow&&(s.removeAttribute(\"style\"),\"height\"===t.message?(1e3<(r=parseInt(t.value,10))?r=1e3:~~r<200&&(r=200),s.height=r):\"link\"===t.message&&(r=new URL(s.getAttribute(\"src\")),n=new URL(t.value),c.test(n.protocol))&&n.host===r.host&&l.activeElement===s&&(d.top.location.href=t.value))}},d.addEventListener(\"message\",d.wp.receiveEmbedMessage,!1),l.addEventListener(\"DOMContentLoaded\",function(){for(var e,t,s=l.querySelectorAll(\"iframe.wp-embedded-content\"),r=0;r<s.length;r++)(t=(e=s[r]).getAttribute(\"data-secret\"))||(t=Math.random().toString(36).substring(2,12),e.src+=\"#?secret=\"+t,e.setAttribute(\"data-secret\",t)),e.contentWindow.postMessage({message:\"ready\",secret:t},\"*\")},!1)))}(window,document);\n\/\/# sourceURL=https:\/\/denizcankizil.tr\/wp-includes\/js\/wp-embed.min.js\n<\/script>","description":"Baz\u0131 bas\u0131n ve yay\u0131n organlar\u0131nda yer alan \u201cEsnafa Konum Vergisi\u201d ba\u015fl\u0131kl\u0131 haberin ger\u00e7e\u011fi yans\u0131tmad\u0131\u011f\u0131 y\u00f6n\u00fcnde \u0130leti\u015fim Ba\u015fkanl\u0131\u011f\u0131&#8217;nca yap\u0131lan a\u00e7\u0131klamalara bir a\u00e7\u0131klama da \u00c7evre, \u015eehircilik ve \u0130klim De\u011fi\u015fikli\u011fi Bakanl\u0131\u011f\u0131&#8217;ndan geldi.ANKARA (\u0130GFA) &#8211; \u00c7evre, \u015eehircilik ve \u0130klim De\u011fi\u015fikli\u011fi Bakanl\u0131\u011f\u0131&#8217;ndan yap\u0131lan a\u00e7\u0131klamada, &#8220;7221 say\u0131l\u0131 Co\u011frafi Bilgi Sistemleri ile Baz\u0131 Kanunlarda De\u011fi\u015fiklik Yap\u0131lmas\u0131 Hakk\u0131ndaki Kanun&#8221;un; esnaf\u0131 de\u011fil, Ulusal Co\u011frafi Veri Sorumluluk Matrisi\u2019nde yer alan co\u011frafi verileri \u00fcreterek gelir elde eden ger\u00e7ek ve \u00f6zel hukuk t\u00fczel ki\u015fileri kapsad\u0131\u011f\u0131n\u0131n alt\u0131 \u00e7izildi. ESNAFI KAPSAMIYOR Konum payla\u015f\u0131m\u0131 yapan esnaftan vergi al\u0131naca\u011f\u0131 bilgisinin kesinlikle do\u011fru olmad\u0131\u011f\u0131 vurgulanan a\u00e7\u0131klamada \u015fu ifadeler yer ald\u0131: &#8220;Bug\u00fcn baz\u0131 medya organlar\u0131nda \u201cEsnafa Konum Vergisi\u201d ba\u015fl\u0131\u011f\u0131yla yer alan haberlere ili\u015fkin a\u00e7\u0131klama zorunlulu\u011fu do\u011fmu\u015ftur. S\u00f6z konusu kanun Ulusal Co\u011frafi Veri Sorumluluk Matrisinde yer alan co\u011frafi verileri \u00fcreterek gelir elde eden ger\u00e7ek ve \u00f6zel hukuk t\u00fczel ki\u015filerini kapsamaktad\u0131r, sosyal medya hesaplar\u0131 \u00fczerinden konum payla\u015f\u0131m\u0131 yapan esnaf\u0131 ilgilendirmemektedir. Dolay\u0131s\u0131yla konum payla\u015f\u0131m\u0131 yapan esnaftan vergi al\u0131naca\u011f\u0131 bilgisi kesinlikle do\u011fru de\u011fildir.&#8221; \u200bBaz\u0131 bas\u0131n ve yay\u0131n organlar\u0131nda yer alan \u201cEsnafa Konum Vergisi\u201d ba\u015fl\u0131kl\u0131 haberin ger\u00e7e\u011fi yans\u0131tmad\u0131\u011f\u0131 y\u00f6n\u00fcnde \u0130leti\u015fim Ba\u015fkanl\u0131\u011f\u0131&#8217;nca yap\u0131lan a\u00e7\u0131klamalara bir a\u00e7\u0131klama da \u00c7evre, \u015eehircilik ve \u0130klim De\u011fi\u015fikli\u011fi Bakanl\u0131\u011f\u0131&#8217;ndan geldi.ANKARA (\u0130GFA) &#8211; \u00c7evre, \u015eehircilik ve \u0130klim De\u011fi\u015fikli\u011fi Bakanl\u0131\u011f\u0131&#8217;ndan yap\u0131lan a\u00e7\u0131klamada, &#8220;7221 say\u0131l\u0131 Co\u011frafi Bilgi Sistemleri ile Baz\u0131 Kanunlarda De\u011fi\u015fiklik Yap\u0131lmas\u0131 &hellip;"}