{"version":"1.0","provider_name":"Av. Deniz Can K\u0131z\u0131l","provider_url":"https:\/\/denizcankizil.tr\/de","author_name":"admin","author_url":"https:\/\/denizcankizil.tr\/de\/author\/admin\/","title":"Bakan Yumakl\u0131 Ta\u015fk\u00f6pr\u00fc'de... \u00d6nl\u00fc\u011f\u00fc giydi, sar\u0131msak ekti","type":"rich","width":600,"height":338,"html":"<blockquote class=\"wp-embedded-content\" data-secret=\"hjNBSdixbG\"><a href=\"https:\/\/denizcankizil.tr\/de\/haberler\/gundem\/bakan-yumakli-taskoprude-onlugu-giydi-sarimsak-ekti\/\">Bakan Yumakl\u0131 Ta\u015fk\u00f6pr\u00fc&#8217;de&#8230; \u00d6nl\u00fc\u011f\u00fc giydi, sar\u0131msak ekti<\/a><\/blockquote><iframe sandbox=\"allow-scripts\" security=\"restricted\" src=\"https:\/\/denizcankizil.tr\/de\/haberler\/gundem\/bakan-yumakli-taskoprude-onlugu-giydi-sarimsak-ekti\/embed\/#?secret=hjNBSdixbG\" width=\"600\" height=\"338\" title=\"&#8222;Bakan Yumakl\u0131 Ta\u015fk\u00f6pr\u00fc&#8217;de&#8230; \u00d6nl\u00fc\u011f\u00fc giydi, sar\u0131msak ekti&#8220; &#8211; Av. Deniz Can K\u0131z\u0131l\" data-secret=\"hjNBSdixbG\" frameborder=\"0\" marginwidth=\"0\" marginheight=\"0\" scrolling=\"no\" class=\"wp-embedded-content\"><\/iframe><script>\n\/*! This file is auto-generated *\/\n!function(d,l){\"use strict\";l.querySelector&&d.addEventListener&&\"undefined\"!=typeof URL&&(d.wp=d.wp||{},d.wp.receiveEmbedMessage||(d.wp.receiveEmbedMessage=function(e){var t=e.data;if((t||t.secret||t.message||t.value)&&!\/[^a-zA-Z0-9]\/.test(t.secret)){for(var s,r,n,a=l.querySelectorAll('iframe[data-secret=\"'+t.secret+'\"]'),o=l.querySelectorAll('blockquote[data-secret=\"'+t.secret+'\"]'),c=new RegExp(\"^https?:$\",\"i\"),i=0;i<o.length;i++)o[i].style.display=\"none\";for(i=0;i<a.length;i++)s=a[i],e.source===s.contentWindow&&(s.removeAttribute(\"style\"),\"height\"===t.message?(1e3<(r=parseInt(t.value,10))?r=1e3:~~r<200&&(r=200),s.height=r):\"link\"===t.message&&(r=new URL(s.getAttribute(\"src\")),n=new URL(t.value),c.test(n.protocol))&&n.host===r.host&&l.activeElement===s&&(d.top.location.href=t.value))}},d.addEventListener(\"message\",d.wp.receiveEmbedMessage,!1),l.addEventListener(\"DOMContentLoaded\",function(){for(var e,t,s=l.querySelectorAll(\"iframe.wp-embedded-content\"),r=0;r<s.length;r++)(t=(e=s[r]).getAttribute(\"data-secret\"))||(t=Math.random().toString(36).substring(2,12),e.src+=\"#?secret=\"+t,e.setAttribute(\"data-secret\",t)),e.contentWindow.postMessage({message:\"ready\",secret:t},\"*\")},!1)))}(window,document);\n\/\/# sourceURL=https:\/\/denizcankizil.tr\/wp-includes\/js\/wp-embed.min.js\n<\/script>","description":"Kastamonu&#8217;nun Ta\u015fk\u00f6pr\u00fc il\u00e7esinde co\u011frafi i\u015faretli Ta\u015fk\u00f6pr\u00fc sar\u0131msa\u011f\u0131n\u0131n ekimine kat\u0131lan Bakan Yumakl\u0131, tarlada \u00e7al\u0131\u015fan kad\u0131nlarla sohbet etti. Sar\u0131msak dikim \u00f6nl\u00fc\u011f\u00fc giyen Tar\u0131m ve Orman Bakan\u0131 Yumakl\u0131, \u00f6nl\u00fc\u011f\u00fcne koydu\u011fu sar\u0131msaklar\u0131 ekti.ANKARA (\u0130GFA) &#8211; Kastamonu&#8217;da sar\u0131msak ekimine kat\u0131lan Tar\u0131m ve Orman Bakan\u0131 \u0130brahim Yumakl\u0131,\u00a0 T\u00fcrkiye&#8217;nin \u00f6zellikle iklim de\u011fi\u015fikli\u011fiyle ilgili bir\u00e7ok konuda baz\u0131 s\u0131namalarla y\u00fczle\u015fti\u011fi bu d\u00f6nemde bu topraklar\u0131n \u00fcretti\u011fi her \u015feye \u00e7ok ihtiya\u00e7lar\u0131 oldu\u011funu s\u00f6yledi. Bakan Yumakl\u0131, Ta\u015fk\u00f6pr\u00fc sar\u0131msa\u011f\u0131n\u0131n \u00e7ok \u00f6zel bir \u00fcr\u00fcn oldu\u011funu belirterek, Ta\u015fk\u00f6pr\u00fc sar\u0131msa\u011f\u0131n\u0131n d\u00fcnyaya yay\u0131ld\u0131\u011f\u0131n\u0131 vurgulad\u0131. https:\/\/twitter.com\/ibrahimyumakli\/status\/1898718655849898033 &#8220;SARIMSA\u011eIMIZ, CO\u011eRAF\u0130 \u0130\u015eARET ALDI&#8221; Sar\u0131msa\u011f\u0131n hem T\u00fcrkiye hem de d\u00fcnya mutfaklar\u0131n\u0131n vazge\u00e7ilmezi oldu\u011funu s\u00f6yleyen Bakan\u00a0 Yumakl\u0131, T\u00fcrkiye&#8217;de 2024 y\u0131l\u0131 sonu itibar\u0131yla 125 bin tonu kuru, 51 bin tonu ya\u015f olmak \u00fczere sar\u0131msak \u00fcretimi ger\u00e7ekle\u015fti\u011fini kaydetti. Bunun y\u00fczde 22&#8217;si Ta\u015fk\u00f6pr\u00fc&#8217;de, Kastamonu&#8217;da ger\u00e7ekle\u015fti\u011fini ifade eden Bakan Yumakl\u0131, &#8220;T\u00fcrkiye&#8217;de sar\u0131msak \u00fcretiminde birinci olan ilimiz. Ayn\u0131 zamanda \u00fclke ekonomisine 25 milyar liral\u0131k bir katk\u0131s\u0131 s\u00f6z konusu. Son derece \u00f6nemli bu \u00fcr\u00fcn\u00fcn uluslararas\u0131 arenada da ra\u011fbet g\u00f6rmesi a\u00e7\u0131s\u0131ndan birtak\u0131m giri\u015fimler oldu. Sar\u0131msa\u011f\u0131m\u0131z, co\u011frafi i\u015faret ald\u0131. Art\u0131k Avrupa ba\u015fta olmak \u00fczere b\u00fct\u00fcn d\u00fcnyada, mutfaklar\u0131 \u00fcnl\u00fc \u00fclkelerde bu co\u011frafi i\u015faretten sonra bilinirli\u011fi ve kullan\u0131m\u0131 artm\u0131\u015f durumda. T\u00fcrkiye&#8217;de ki\u015fi ba\u015f\u0131na 1,1 kilogram t\u00fcketildi\u011fini varsayarsak bu g\u0131da \u00fcr\u00fcn\u00fcn\u00fcn hem Ta\u015fk\u00f6pr\u00fc hem \u00fclkemiz hem de bu i\u015fi yapanlar i\u00e7in hay\u0131rl\u0131 ve bereketli &hellip;"}