{"version":"1.0","provider_name":"Av. Deniz Can K\u0131z\u0131l","provider_url":"https:\/\/denizcankizil.tr\/de","author_name":"Av. Deniz Can K\u0131z\u0131l","author_url":"https:\/\/denizcankizil.tr\/de","title":"Bakan Tekin'den \u0130stanbul'da 'teknik' ziyaret","type":"rich","width":600,"height":338,"html":"<blockquote class=\"wp-embedded-content\" data-secret=\"e09StQtLGY\"><a href=\"https:\/\/denizcankizil.tr\/de\/haberler\/gundem\/bakan-tekinden-istanbulda-teknik-ziyaret\/\">Bakan Tekin&#8217;den \u0130stanbul&#8217;da &#8216;teknik&#8217; ziyaret<\/a><\/blockquote><iframe sandbox=\"allow-scripts\" security=\"restricted\" src=\"https:\/\/denizcankizil.tr\/de\/haberler\/gundem\/bakan-tekinden-istanbulda-teknik-ziyaret\/embed\/#?secret=e09StQtLGY\" width=\"600\" height=\"338\" title=\"&#8222;Bakan Tekin&#8217;den \u0130stanbul&#8217;da &#8216;teknik&#8217; ziyaret&#8220; &#8211; Av. Deniz Can K\u0131z\u0131l\" data-secret=\"e09StQtLGY\" frameborder=\"0\" marginwidth=\"0\" marginheight=\"0\" scrolling=\"no\" class=\"wp-embedded-content\"><\/iframe><script>\n\/*! This file is auto-generated *\/\n!function(d,l){\"use strict\";l.querySelector&&d.addEventListener&&\"undefined\"!=typeof URL&&(d.wp=d.wp||{},d.wp.receiveEmbedMessage||(d.wp.receiveEmbedMessage=function(e){var t=e.data;if((t||t.secret||t.message||t.value)&&!\/[^a-zA-Z0-9]\/.test(t.secret)){for(var s,r,n,a=l.querySelectorAll('iframe[data-secret=\"'+t.secret+'\"]'),o=l.querySelectorAll('blockquote[data-secret=\"'+t.secret+'\"]'),c=new RegExp(\"^https?:$\",\"i\"),i=0;i<o.length;i++)o[i].style.display=\"none\";for(i=0;i<a.length;i++)s=a[i],e.source===s.contentWindow&&(s.removeAttribute(\"style\"),\"height\"===t.message?(1e3<(r=parseInt(t.value,10))?r=1e3:~~r<200&&(r=200),s.height=r):\"link\"===t.message&&(r=new URL(s.getAttribute(\"src\")),n=new URL(t.value),c.test(n.protocol))&&n.host===r.host&&l.activeElement===s&&(d.top.location.href=t.value))}},d.addEventListener(\"message\",d.wp.receiveEmbedMessage,!1),l.addEventListener(\"DOMContentLoaded\",function(){for(var e,t,s=l.querySelectorAll(\"iframe.wp-embedded-content\"),r=0;r<s.length;r++)(t=(e=s[r]).getAttribute(\"data-secret\"))||(t=Math.random().toString(36).substring(2,12),e.src+=\"#?secret=\"+t,e.setAttribute(\"data-secret\",t)),e.contentWindow.postMessage({message:\"ready\",secret:t},\"*\")},!1)))}(window,document);\n\/\/# sourceURL=https:\/\/denizcankizil.tr\/wp-includes\/js\/wp-embed.min.js\n<\/script>","description":"Mill\u00ee E\u011fitim Bakan\u0131 Yusuf Tekin, \u0130stanbul Bayrampa\u015fa \u0130n\u00f6n\u00fc Mesleki ve Teknik Anadolu Lisesini ziyaret ederek \u00f6\u011fretmen ve \u00f6\u011frencilerle bir araya geldi.\u0130STANBUL (\u0130GFA) &#8211; Mill\u00ee E\u011fitim Bakan\u0131 Yusuf Tekin, \u0130stanbul&#8217;un Bayrampa\u015fa il\u00e7esinde bulunan \u0130n\u00f6n\u00fc Mesleki ve Teknik Anadolu Lisesini ziyaret etti.\u00a0Ziyaretinde \u00f6\u011frenciler taraf\u0131ndan \u00e7i\u00e7eklerle kar\u015f\u0131lanan Bakan Tekin, s\u0131n\u0131flar\u0131 gezerek \u00f6\u011frencilerle sohbet etti, okulun elektrik ve kimya at\u00f6lyelerinde incelemelerde bulundu. Bakan Tekin ziyaret kapsam\u0131nda okulun \u00f6\u011fretmenler odas\u0131nda e\u011fitimcilerle bir araya gelerek g\u00f6r\u00fc\u015f ve \u00f6nerileri dinledi.\u00a0 Daha sonra Rami K\u00fct\u00fcphanesinde d\u00fczenlenen Uluslararas\u0131 \u0130stanbul \u00c7ocuk Kitaplar\u0131 Fuar\u0131&#8217;n\u0131 ziyaret eden Bakan Tekin, stantlar\u0131 da\u00a0gezerek\u00a0fuar kat\u0131l\u0131mc\u0131lar\u0131yla sohbet edip, kitaplar\u0131 inceledi. \u200bMill\u00ee E\u011fitim Bakan\u0131 Yusuf Tekin, \u0130stanbul Bayrampa\u015fa \u0130n\u00f6n\u00fc Mesleki ve Teknik Anadolu Lisesini ziyaret ederek \u00f6\u011fretmen ve \u00f6\u011frencilerle bir araya geldi\u00a0 \u200biskenderun"}