{"version":"1.0","provider_name":"Av. Deniz Can K\u0131z\u0131l","provider_url":"https:\/\/denizcankizil.tr\/de","author_name":"admin","author_url":"https:\/\/denizcankizil.tr\/de\/author\/admin\/","title":"Ayval\u0131k'ta nostalji r\u00fczgar\u0131!","type":"rich","width":600,"height":338,"html":"<blockquote class=\"wp-embedded-content\" data-secret=\"Yd3SvRQf6c\"><a href=\"https:\/\/denizcankizil.tr\/de\/haberler\/gundem\/ayvalikta-nostalji-ruzgari\/\">Ayval\u0131k&#8217;ta nostalji r\u00fczgar\u0131!<\/a><\/blockquote><iframe sandbox=\"allow-scripts\" security=\"restricted\" src=\"https:\/\/denizcankizil.tr\/de\/haberler\/gundem\/ayvalikta-nostalji-ruzgari\/embed\/#?secret=Yd3SvRQf6c\" width=\"600\" height=\"338\" title=\"&#8222;Ayval\u0131k&#8217;ta nostalji r\u00fczgar\u0131!&#8220; &#8211; Av. Deniz Can K\u0131z\u0131l\" data-secret=\"Yd3SvRQf6c\" frameborder=\"0\" marginwidth=\"0\" marginheight=\"0\" scrolling=\"no\" class=\"wp-embedded-content\"><\/iframe><script>\n\/*! This file is auto-generated *\/\n!function(d,l){\"use strict\";l.querySelector&&d.addEventListener&&\"undefined\"!=typeof URL&&(d.wp=d.wp||{},d.wp.receiveEmbedMessage||(d.wp.receiveEmbedMessage=function(e){var t=e.data;if((t||t.secret||t.message||t.value)&&!\/[^a-zA-Z0-9]\/.test(t.secret)){for(var s,r,n,a=l.querySelectorAll('iframe[data-secret=\"'+t.secret+'\"]'),o=l.querySelectorAll('blockquote[data-secret=\"'+t.secret+'\"]'),c=new RegExp(\"^https?:$\",\"i\"),i=0;i<o.length;i++)o[i].style.display=\"none\";for(i=0;i<a.length;i++)s=a[i],e.source===s.contentWindow&&(s.removeAttribute(\"style\"),\"height\"===t.message?(1e3<(r=parseInt(t.value,10))?r=1e3:~~r<200&&(r=200),s.height=r):\"link\"===t.message&&(r=new URL(s.getAttribute(\"src\")),n=new URL(t.value),c.test(n.protocol))&&n.host===r.host&&l.activeElement===s&&(d.top.location.href=t.value))}},d.addEventListener(\"message\",d.wp.receiveEmbedMessage,!1),l.addEventListener(\"DOMContentLoaded\",function(){for(var e,t,s=l.querySelectorAll(\"iframe.wp-embedded-content\"),r=0;r<s.length;r++)(t=(e=s[r]).getAttribute(\"data-secret\"))||(t=Math.random().toString(36).substring(2,12),e.src+=\"#?secret=\"+t,e.setAttribute(\"data-secret\",t)),e.contentWindow.postMessage({message:\"ready\",secret:t},\"*\")},!1)))}(window,document);\n\/\/# sourceURL=https:\/\/denizcankizil.tr\/wp-includes\/js\/wp-embed.min.js\n<\/script>","description":"M\u00fczik direkt\u00f6rl\u00fc\u011f\u00fcn\u00fc ve solistli\u011fini Halil Erg\u00fcl\u2019\u00fcn yapt\u0131\u011f\u0131 \u201c90\u2019lar A\u015fk \u015eark\u0131lar\u0131\u201d Pop M\u00fczik Konseri Ayval\u0131kl\u0131 sanatseverlere haf\u0131zalardan uzun s\u00fcre silinmeyecek bir gece ya\u015fatt\u0131.BALIKES\u0130R (\u0130GFA) &#8211; Bal\u0131kesir\u00a0Ayval\u0131k Belediyesi Vural Sinemas\u0131 Nejat Uygur Sahnesi\u2019nde ger\u00e7ekle\u015ftirilen konser b\u00fcy\u00fck ilgi g\u00f6rd\u00fc, koltuklar dolunca sanatseverler merdivenlere oturarak konseri izlemek zorunda kald\u0131. Orkestran\u0131n kurucusu, koordinat\u00f6r\u00fc ve ayn\u0131 zamanda solisti Halil Erg\u00fcl, sahneyi Ecem Ay ile payla\u015ft\u0131. Halil Erg\u00fcl, yeni d\u00f6nemde de projelerin devam edece\u011fini s\u00f6yledi. Daha \u00f6nceki projelerde 80\u2019ler aranjman plak \u015fark\u0131lar\u0131n\u0131 dinleyiciler ile bulu\u015fturan ekip, bu kez 90\u2019l\u0131 y\u0131llar\u0131n en g\u00fczel a\u015fk \u015fark\u0131lar\u0131ndan bir se\u00e7kiyi dinleyicilerle bulu\u015fturdu. Konserde; \u00d6zdemir Erdo\u011fan ve Sezen Aksu\u2019nun ilk kez seslendirmi\u015f oldu\u011fu K\u00fc\u00e7\u00fck Bir A\u015fk Masal\u0131, Kara \u00c7i\u00e7e\u011fim, Ellerim Bombo\u015f, Susma Veda Ederken, Bile Bile, Serserim Benim ve Arnavut Kald\u0131r\u0131m\u0131 gibi dillere pelesenk olmu\u015f eserleri, seyircinin de yo\u011fun kat\u0131l\u0131m\u0131ylaseslendirildi. Orkestrada, Halil Erg\u00fcl M\u00fczik Direkt\u00f6r\u00fc ve assolist olarak,klavye ve baslarda Mesut Y\u00fcn, klasik gitarda Evren Sevgili, davulda Ender Bal\u00e7\u0131k, yan fl\u00fct ve back vokalde Firdevs Minha\u00e7 Ok Dilek, kemanda H\u00fcseyin Bilgi\u00e7 ve \u00e7ello\u2019da Hazal K\u0131rba\u015f yer ald\u0131. \u200bM\u00fczik direkt\u00f6rl\u00fc\u011f\u00fcn\u00fc ve solistli\u011fini Halil Erg\u00fcl\u2019\u00fcn yapt\u0131\u011f\u0131 \u201c90\u2019lar A\u015fk \u015eark\u0131lar\u0131\u201d Pop M\u00fczik Konseri Ayval\u0131kl\u0131 sanatseverlere haf\u0131zalardan uzun s\u00fcre silinmeyecek bir gece ya\u015fatt\u0131.BALIKES\u0130R (\u0130GFA) &#8211; Bal\u0131kesir\u00a0Ayval\u0131k Belediyesi Vural Sinemas\u0131 Nejat Uygur Sahnesi\u2019nde ger\u00e7ekle\u015ftirilen konser b\u00fcy\u00fck ilgi &hellip;"}