{"version":"1.0","provider_name":"Av. Deniz Can K\u0131z\u0131l","provider_url":"https:\/\/denizcankizil.tr\/de","author_name":"Av. Deniz Can K\u0131z\u0131l","author_url":"https:\/\/denizcankizil.tr\/de","title":"Artvin Bor\u00e7ka'da Tiyatro Festivali ile \u00fc\u00e7\u00fcnc\u00fc bulu\u015fma","type":"rich","width":600,"height":338,"html":"<blockquote class=\"wp-embedded-content\" data-secret=\"cB1GvqgSdD\"><a href=\"https:\/\/denizcankizil.tr\/de\/haberler\/gundem\/artvin-borckada-tiyatro-festivali-ile-ucuncu-bulusma\/\">Artvin Bor\u00e7ka&#8217;da Tiyatro Festivali ile \u00fc\u00e7\u00fcnc\u00fc bulu\u015fma<\/a><\/blockquote><iframe sandbox=\"allow-scripts\" security=\"restricted\" src=\"https:\/\/denizcankizil.tr\/de\/haberler\/gundem\/artvin-borckada-tiyatro-festivali-ile-ucuncu-bulusma\/embed\/#?secret=cB1GvqgSdD\" width=\"600\" height=\"338\" title=\"&#8222;Artvin Bor\u00e7ka&#8217;da Tiyatro Festivali ile \u00fc\u00e7\u00fcnc\u00fc bulu\u015fma&#8220; &#8211; Av. Deniz Can K\u0131z\u0131l\" data-secret=\"cB1GvqgSdD\" frameborder=\"0\" marginwidth=\"0\" marginheight=\"0\" scrolling=\"no\" class=\"wp-embedded-content\"><\/iframe><script>\n\/*! This file is auto-generated *\/\n!function(d,l){\"use strict\";l.querySelector&&d.addEventListener&&\"undefined\"!=typeof URL&&(d.wp=d.wp||{},d.wp.receiveEmbedMessage||(d.wp.receiveEmbedMessage=function(e){var t=e.data;if((t||t.secret||t.message||t.value)&&!\/[^a-zA-Z0-9]\/.test(t.secret)){for(var s,r,n,a=l.querySelectorAll('iframe[data-secret=\"'+t.secret+'\"]'),o=l.querySelectorAll('blockquote[data-secret=\"'+t.secret+'\"]'),c=new RegExp(\"^https?:$\",\"i\"),i=0;i<o.length;i++)o[i].style.display=\"none\";for(i=0;i<a.length;i++)s=a[i],e.source===s.contentWindow&&(s.removeAttribute(\"style\"),\"height\"===t.message?(1e3<(r=parseInt(t.value,10))?r=1e3:~~r<200&&(r=200),s.height=r):\"link\"===t.message&&(r=new URL(s.getAttribute(\"src\")),n=new URL(t.value),c.test(n.protocol))&&n.host===r.host&&l.activeElement===s&&(d.top.location.href=t.value))}},d.addEventListener(\"message\",d.wp.receiveEmbedMessage,!1),l.addEventListener(\"DOMContentLoaded\",function(){for(var e,t,s=l.querySelectorAll(\"iframe.wp-embedded-content\"),r=0;r<s.length;r++)(t=(e=s[r]).getAttribute(\"data-secret\"))||(t=Math.random().toString(36).substring(2,12),e.src+=\"#?secret=\"+t,e.setAttribute(\"data-secret\",t)),e.contentWindow.postMessage({message:\"ready\",secret:t},\"*\")},!1)))}(window,document);\n\/\/# sourceURL=https:\/\/denizcankizil.tr\/wp-includes\/js\/wp-embed.min.js\n<\/script>","description":"Artvin&#8217;de Bor\u00e7ka Belediyesi taraf\u0131ndan bu y\u0131l \u00fc\u00e7\u00fcnc\u00fcs\u00fc d\u00fczenlenen Bor\u00e7ka Tiyatro Festivali, b\u00fcy\u00fck bir co\u015fkuyla ba\u015flad\u0131.ARTV\u0130N (\u0130GFA) &#8211; Artvin&#8217;in Bor\u00e7ka il\u00e7esinin k\u00fclt\u00fcrel kimli\u011fine g\u00fc\u00e7 katacak Tiyatro Festivali co\u015fkuyla ba\u015flad\u0131. Festival, tiyatronun iyile\u015ftirici ve \u00f6zg\u00fcrle\u015ftirici g\u00fcc\u00fcn\u00fc bir kez daha g\u00f6zler \u00f6n\u00fcne serdi. Bor\u00e7ka Belediye Ba\u015fkan\u0131 Ercan Orhan, festivalin ba\u015flang\u0131c\u0131nda yapt\u0131\u011f\u0131 konu\u015fmada, Bor\u00e7ka Tiyatro Festivali\u2019nin sadece bir sanat etkinli\u011fi olmad\u0131\u011f\u0131n\u0131, ayn\u0131 zamanda topluma \u00f6nemli bir mesaj ta\u015f\u0131yan bir platform oldu\u011funu vurgulad\u0131. Ba\u015fkan Orhan, \u201cBor\u00e7ka\u2019n\u0131n g\u00fczelli\u011fini sanat\u0131n b\u00fcy\u00fcs\u00fcyle birle\u015ftiriyoruz. Tiyatro, insan hayat\u0131 i\u00e7in bir ihtiya\u00e7t\u0131r. Sanat, bireyleri iyile\u015ftirir, \u00f6zg\u00fcrle\u015ftirir ve toplumu bir arada tutan g\u00fc\u00e7l\u00fc bir ba\u011fd\u0131r. Bu y\u0131l da sanat\u0131n g\u00fcc\u00fcne olan inanc\u0131m\u0131zla, festivalimizi sahnelere ta\u015f\u0131yoruz&#8221; dedi. Ba\u015fkan Orhan, \u00f6zellikle \u00e7ocuklara ve gen\u00e7lere ula\u015fman\u0131n \u00f6nemine dikkat \u00e7ekti. Festivalin her ya\u015ftan izleyiciye hitap eden zengin bir programla kat\u0131l\u0131mc\u0131lar\u0131n\u0131 bekledi\u011fini ifade eden Orhan, &#8220;Tiyatro sahneleri, Bor\u00e7ka\u2019n\u0131n sokaklar\u0131nda ve \u00e7e\u015fitli mek\u00e2nlar\u0131nda kurulacak ve izleyicilere hem duygusal hem de d\u00fc\u015f\u00fcnsel bir yolculuk ya\u015fatacak. Bor\u00e7ka Tiyatro Festivali\u2019nin ate\u015fi, il\u00e7enin d\u00f6rt bir yan\u0131nda sanatla yanacak. Festivalimiz boyunca sanat\u0131 ve tiyatroyu kucaklayarak, Bor\u00e7ka\u2019n\u0131n ayd\u0131nl\u0131k gelece\u011fine sanatla y\u00fcr\u00fcyece\u011fiz. T\u00fcm halk\u0131m\u0131z\u0131 bu co\u015fkuya kat\u0131lmaya davet ediyorum.&#8221; diye konu\u015ftu. \u200bArtvin&#8217;de Bor\u00e7ka Belediyesi taraf\u0131ndan bu y\u0131l \u00fc\u00e7\u00fcnc\u00fcs\u00fc d\u00fczenlenen Bor\u00e7ka Tiyatro Festivali, b\u00fcy\u00fck bir co\u015fkuyla ba\u015flad\u0131\u00a0 \u200biskenderun"}