{"version":"1.0","provider_name":"Av. Deniz Can K\u0131z\u0131l","provider_url":"https:\/\/denizcankizil.tr\/de","author_name":"Antalya K\u00f6rfez","author_url":"https:\/\/denizcankizil.tr\/de\/author\/www-antalyakorfez-com\/","title":"Antalya'ya kar s\u00fcrprizi: S\u00fcr\u00fcc\u00fcler yolda kald\u0131","type":"rich","width":600,"height":338,"html":"<blockquote class=\"wp-embedded-content\" data-secret=\"xWAL4kkKDx\"><a href=\"https:\/\/denizcankizil.tr\/de\/haberler\/gundem\/antalyaya-kar-surprizi-suruculer-yolda-kaldi\/\">Antalya&#8217;ya kar s\u00fcrprizi: S\u00fcr\u00fcc\u00fcler yolda kald\u0131<\/a><\/blockquote><iframe sandbox=\"allow-scripts\" security=\"restricted\" src=\"https:\/\/denizcankizil.tr\/de\/haberler\/gundem\/antalyaya-kar-surprizi-suruculer-yolda-kaldi\/embed\/#?secret=xWAL4kkKDx\" width=\"600\" height=\"338\" title=\"&#8222;Antalya&#8217;ya kar s\u00fcrprizi: S\u00fcr\u00fcc\u00fcler yolda kald\u0131&#8220; &#8211; Av. Deniz Can K\u0131z\u0131l\" data-secret=\"xWAL4kkKDx\" frameborder=\"0\" marginwidth=\"0\" marginheight=\"0\" scrolling=\"no\" class=\"wp-embedded-content\"><\/iframe><script>\n\/*! This file is auto-generated *\/\n!function(d,l){\"use strict\";l.querySelector&&d.addEventListener&&\"undefined\"!=typeof URL&&(d.wp=d.wp||{},d.wp.receiveEmbedMessage||(d.wp.receiveEmbedMessage=function(e){var t=e.data;if((t||t.secret||t.message||t.value)&&!\/[^a-zA-Z0-9]\/.test(t.secret)){for(var s,r,n,a=l.querySelectorAll('iframe[data-secret=\"'+t.secret+'\"]'),o=l.querySelectorAll('blockquote[data-secret=\"'+t.secret+'\"]'),c=new RegExp(\"^https?:$\",\"i\"),i=0;i<o.length;i++)o[i].style.display=\"none\";for(i=0;i<a.length;i++)s=a[i],e.source===s.contentWindow&&(s.removeAttribute(\"style\"),\"height\"===t.message?(1e3<(r=parseInt(t.value,10))?r=1e3:~~r<200&&(r=200),s.height=r):\"link\"===t.message&&(r=new URL(s.getAttribute(\"src\")),n=new URL(t.value),c.test(n.protocol))&&n.host===r.host&&l.activeElement===s&&(d.top.location.href=t.value))}},d.addEventListener(\"message\",d.wp.receiveEmbedMessage,!1),l.addEventListener(\"DOMContentLoaded\",function(){for(var e,t,s=l.querySelectorAll(\"iframe.wp-embedded-content\"),r=0;r<s.length;r++)(t=(e=s[r]).getAttribute(\"data-secret\"))||(t=Math.random().toString(36).substring(2,12),e.src+=\"#?secret=\"+t,e.setAttribute(\"data-secret\",t)),e.contentWindow.postMessage({message:\"ready\",secret:t},\"*\")},!1)))}(window,document);\n\/\/# sourceURL=https:\/\/denizcankizil.tr\/wp-includes\/js\/wp-embed.min.js\n<\/script>","description":"Antalya&#8217;y\u0131 Konya&#8217;ya ba\u011flayan Akseki-Seydi\u015fehir karayolunda sadece 10 kilometrelik mesafeye kar ya\u011fd\u0131. Kar ya\u011f\u0131\u015f\u0131 etkili olurken, karayollar\u0131 ekipleri i\u015f makinesi ile kar temizleme ve tuzlama \u00e7al\u0131\u015fmalar\u0131 ba\u015flatt\u0131. ANTALYA&#8217;DA KAR YA\u011eI\u015eI\u00a0 Antalya\u2019da ge\u00e7ti\u011fimiz g\u00fcnlerde mevsim normallerinin \u00fczerinde seyreden hava s\u0131cakl\u0131\u011f\u0131 yerini ya\u011fmura b\u0131rakt\u0131. Akseki &#8211; Seydi\u015fehir yolunda da bin 825 metre rak\u0131ml\u0131 Alacabel\u2019de ise hava s\u0131cakl\u0131\u011f\u0131n\u0131n eksi derecelere d\u00fc\u015fmesi ile birlikte yakla\u015f\u0131k 10 kilometrelik mesafede kar ya\u011f\u0131\u015f\u0131 etkili oldu. Kar ya\u011f\u0131\u015f\u0131 gece saat 23.00 s\u0131ralar\u0131nda Akseki-Seydi\u015fehir karayolu Batt\u0131 \u00c7\u0131kt\u0131 mevkiinde ba\u015flayarak Gidengelmez Da\u011flar\u0131&#8217;n\u0131n eteklerine kadar yakla\u015f\u0131k 10 kilometrelik mesafede kendini g\u00f6sterdi.\u00a0 KAR KALINLI\u011eI 20-30 SANT\u0130ME ULA\u015eTI\u00a0 B\u00f6lgede yo\u011fun ve etkili olan kar ya\u011f\u0131\u015f\u0131 ile birlikte karayollar\u0131 ekipleri i\u015f makinesi ile kar temizleme ve tuzlama \u00e7al\u0131\u015fmalar\u0131 ba\u015flatt\u0131. Bin 825 metre rak\u0131ml\u0131 Alacabel\u2019de kar kal\u0131nl\u0131\u011f\u0131 yer yer 20-30 santimetreye ula\u015ft\u0131.\u00a0 S\u00dcR\u00dcC\u00dcLER YOLDA KALDI\u00a0 Kara haz\u0131rl\u0131ks\u0131z yakalanan baz\u0131 s\u00fcr\u00fcc\u00fcler ise yollarda kald\u0131. Karayollar\u0131 ekiplerinin kar temizleme \u00e7al\u0131\u015fmalar\u0131n\u0131n ard\u0131ndan ise yolda kalan ara\u00e7lar yoluna devam etti. Kar ya\u011f\u0131\u015f\u0131n\u0131n ba\u015flamas\u0131 ile birlikte Akseki B\u00f6lge Trafik ve Akseki \u0130l\u00e7e Jandarma Komutanl\u0131\u011f\u0131na ba\u011fl\u0131 ekipler yolda g\u00fcvenlik \u00f6nlemleri ald\u0131.\u00a0 \u00a0 \u00a0 \u00a0 \u00a0 \u00a0 \u00a0 \u00a0 \u00a0 \u00a0 \u00a0 \u00a0 \u00a0 \u00a0 \u00a0 \u00a0 \u00a0 \u00a0 \u00a0 \u00a0 \u00a0 \u200bAntalya&#8217;da hava s\u0131cakl\u0131\u011f\u0131n\u0131n d\u00fc\u015fmesiyle birlikte Akseki-Seydi\u015fehir karayoluna kar ya\u011fd\u0131. Kar ya\u011f\u0131\u015f\u0131na &hellip;"}