{"version":"1.0","provider_name":"Av. Deniz Can K\u0131z\u0131l","provider_url":"https:\/\/denizcankizil.tr\/de","author_name":"Av. Deniz Can K\u0131z\u0131l","author_url":"https:\/\/denizcankizil.tr\/de","title":"Antalyal\u0131lar \u00e7areyi iki tekerde buldu","type":"rich","width":600,"height":338,"html":"<blockquote class=\"wp-embedded-content\" data-secret=\"VJFveWIAYx\"><a href=\"https:\/\/denizcankizil.tr\/de\/haberler\/gundem\/antalyalilar-careyi-iki-tekerde-buldu\/\">Antalyal\u0131lar \u00e7areyi iki tekerde buldu<\/a><\/blockquote><iframe sandbox=\"allow-scripts\" security=\"restricted\" src=\"https:\/\/denizcankizil.tr\/de\/haberler\/gundem\/antalyalilar-careyi-iki-tekerde-buldu\/embed\/#?secret=VJFveWIAYx\" width=\"600\" height=\"338\" title=\"&#8222;Antalyal\u0131lar \u00e7areyi iki tekerde buldu&#8220; &#8211; Av. Deniz Can K\u0131z\u0131l\" data-secret=\"VJFveWIAYx\" frameborder=\"0\" marginwidth=\"0\" marginheight=\"0\" scrolling=\"no\" class=\"wp-embedded-content\"><\/iframe><script>\n\/*! This file is auto-generated *\/\n!function(d,l){\"use strict\";l.querySelector&&d.addEventListener&&\"undefined\"!=typeof URL&&(d.wp=d.wp||{},d.wp.receiveEmbedMessage||(d.wp.receiveEmbedMessage=function(e){var t=e.data;if((t||t.secret||t.message||t.value)&&!\/[^a-zA-Z0-9]\/.test(t.secret)){for(var s,r,n,a=l.querySelectorAll('iframe[data-secret=\"'+t.secret+'\"]'),o=l.querySelectorAll('blockquote[data-secret=\"'+t.secret+'\"]'),c=new RegExp(\"^https?:$\",\"i\"),i=0;i<o.length;i++)o[i].style.display=\"none\";for(i=0;i<a.length;i++)s=a[i],e.source===s.contentWindow&&(s.removeAttribute(\"style\"),\"height\"===t.message?(1e3<(r=parseInt(t.value,10))?r=1e3:~~r<200&&(r=200),s.height=r):\"link\"===t.message&&(r=new URL(s.getAttribute(\"src\")),n=new URL(t.value),c.test(n.protocol))&&n.host===r.host&&l.activeElement===s&&(d.top.location.href=t.value))}},d.addEventListener(\"message\",d.wp.receiveEmbedMessage,!1),l.addEventListener(\"DOMContentLoaded\",function(){for(var e,t,s=l.querySelectorAll(\"iframe.wp-embedded-content\"),r=0;r<s.length;r++)(t=(e=s[r]).getAttribute(\"data-secret\"))||(t=Math.random().toString(36).substring(2,12),e.src+=\"#?secret=\"+t,e.setAttribute(\"data-secret\",t)),e.contentWindow.postMessage({message:\"ready\",secret:t},\"*\")},!1)))}(window,document);\n\/\/# sourceURL=https:\/\/denizcankizil.tr\/wp-includes\/js\/wp-embed.min.js\n<\/script>","description":"T\u00fcrkiye \u0130statistik Kurumu (T\u00dc\u0130K)\u2019in a\u00e7\u0131klad\u0131\u011f\u0131 verilere g\u00f6re 2024 y\u0131l\u0131n Eyl\u00fcl ay\u0131nda trafi\u011fe kayd\u0131 yap\u0131lan motorlu ara\u00e7 say\u0131s\u0131, ge\u00e7en y\u0131l\u0131n ayn\u0131 ay\u0131na g\u00f6re y\u00fczde 6,9 oran\u0131nda artt\u0131. Ge\u00e7en aya g\u00f6reyse art\u0131\u015f y\u00fczde 0,5 olarak kayda ge\u00e7ti. Ara\u00e7larda en \u00e7ok tercih edilen rengin ise gri oldu\u011fu a\u00e7\u0131kland\u0131.\u00a0 ANTALYA\u2019DA TRAF\u0130\u011eE KAYITLI ARA\u00c7 SAYISI 1 M\u0130LYONU GE\u00c7T\u0130\u00a0 Antalya\u2019da trafi\u011fe kay\u0131tl\u0131 motorlu ta\u015f\u0131t say\u0131s\u0131 ise toplam 1 milyon 540 bin 456 olarak a\u00e7\u0131kland\u0131. Trafi\u011fe kay\u0131tl\u0131 otomobil say\u0131s\u0131 693 bin 761 olarak a\u00e7\u0131klan\u0131rken, motosikletli ara\u00e7lar\u0131n say\u0131s\u0131 ise 478 bin 524 olarak belirlendi. Antalya T\u00fcrkiye\u2019de en fazla otomobile sahip 4\u2019\u00fcnc\u00fc kent olurken, motosiklet say\u0131s\u0131nda ise \u0130stanbul\u2019un arkas\u0131nda kalarak 2\u2019inci s\u0131rada yer ald\u0131.\u00a0 ANTALYA\u2019DA MOTOS\u0130KLETE RA\u011eBET B\u00dcY\u00dcK\u00a0 Antalya\u2019da trafi\u011fe kay\u0131tl\u0131 motosiklet say\u0131s\u0131, ge\u00e7ti\u011fimiz A\u011fustos ay\u0131na nazaran daha da y\u00fckseldi. Son y\u0131llarda \u00f6zellikle artan otomobil fiyatlar\u0131 ve trafik sorunu nedeniyle kentte motosikletlere talep daha da artt\u0131. \u00d6zellikle kentin kanayan yaras\u0131 olan trafik sorununda otomobillerin h\u0131zl\u0131 olmas\u0131 ve ara\u00e7lar\u0131n yanlar\u0131ndan ge\u00e7erek trafikten s\u0131yr\u0131lmas\u0131, vatanda\u015flar\u0131n tercihlerinin ana nedenlerinden biri oldu. \u00d6L\u00dcML\u00dc TRAF\u0130K KAZALARININ YARISININ MOTOS\u0130KLET KAZASI\u00a0 Antalya \u0130l Emniyet M\u00fcd\u00fcr\u00fc \u0130lker Arslan ge\u00e7ti\u011fimiz Eyl\u00fcl ay\u0131nda Antalya Gazeteciler Cemiyeti&#8217;nde bas\u0131n mensuplar\u0131 ile bir araya gelip a\u00e7\u0131klamalarda bulunmu\u015ftu. \u00d6l\u00fcml\u00fc trafik kazalar\u0131n\u0131n yar\u0131s\u0131n\u0131n motosikletlerden kaynakl\u0131 oldu\u011funa vurgu yapan Arslan, \u201cT\u00fcrkiye\u2019de meydana gelen \u00f6l\u00fcml\u00fc trafik &hellip;"}