{"version":"1.0","provider_name":"Av. Deniz Can K\u0131z\u0131l","provider_url":"https:\/\/denizcankizil.tr\/de","author_name":"Antalya K\u00f6rfez","author_url":"https:\/\/denizcankizil.tr\/de\/author\/www-antalyakorfez-com\/","title":"Antalya'da KKTC'nin Bar\u0131\u015f ve \u00d6zg\u00fcrl\u00fck Bayram\u0131 kutland\u0131","type":"rich","width":600,"height":338,"html":"<blockquote class=\"wp-embedded-content\" data-secret=\"8PXUHIRXFt\"><a href=\"https:\/\/denizcankizil.tr\/de\/haberler\/gundem\/antalyada-kktcnin-baris-ve-ozgurluk-bayrami-kutlandi\/\">Antalya&#8217;da KKTC&#8217;nin Bar\u0131\u015f ve \u00d6zg\u00fcrl\u00fck Bayram\u0131 kutland\u0131<\/a><\/blockquote><iframe sandbox=\"allow-scripts\" security=\"restricted\" src=\"https:\/\/denizcankizil.tr\/de\/haberler\/gundem\/antalyada-kktcnin-baris-ve-ozgurluk-bayrami-kutlandi\/embed\/#?secret=8PXUHIRXFt\" width=\"600\" height=\"338\" title=\"&#8222;Antalya&#8217;da KKTC&#8217;nin Bar\u0131\u015f ve \u00d6zg\u00fcrl\u00fck Bayram\u0131 kutland\u0131&#8220; &#8211; Av. Deniz Can K\u0131z\u0131l\" data-secret=\"8PXUHIRXFt\" frameborder=\"0\" marginwidth=\"0\" marginheight=\"0\" scrolling=\"no\" class=\"wp-embedded-content\"><\/iframe><script>\n\/*! This file is auto-generated *\/\n!function(d,l){\"use strict\";l.querySelector&&d.addEventListener&&\"undefined\"!=typeof URL&&(d.wp=d.wp||{},d.wp.receiveEmbedMessage||(d.wp.receiveEmbedMessage=function(e){var t=e.data;if((t||t.secret||t.message||t.value)&&!\/[^a-zA-Z0-9]\/.test(t.secret)){for(var s,r,n,a=l.querySelectorAll('iframe[data-secret=\"'+t.secret+'\"]'),o=l.querySelectorAll('blockquote[data-secret=\"'+t.secret+'\"]'),c=new RegExp(\"^https?:$\",\"i\"),i=0;i<o.length;i++)o[i].style.display=\"none\";for(i=0;i<a.length;i++)s=a[i],e.source===s.contentWindow&&(s.removeAttribute(\"style\"),\"height\"===t.message?(1e3<(r=parseInt(t.value,10))?r=1e3:~~r<200&&(r=200),s.height=r):\"link\"===t.message&&(r=new URL(s.getAttribute(\"src\")),n=new URL(t.value),c.test(n.protocol))&&n.host===r.host&&l.activeElement===s&&(d.top.location.href=t.value))}},d.addEventListener(\"message\",d.wp.receiveEmbedMessage,!1),l.addEventListener(\"DOMContentLoaded\",function(){for(var e,t,s=l.querySelectorAll(\"iframe.wp-embedded-content\"),r=0;r<s.length;r++)(t=(e=s[r]).getAttribute(\"data-secret\"))||(t=Math.random().toString(36).substring(2,12),e.src+=\"#?secret=\"+t,e.setAttribute(\"data-secret\",t)),e.contentWindow.postMessage({message:\"ready\",secret:t},\"*\")},!1)))}(window,document);\n\/\/# sourceURL=https:\/\/denizcankizil.tr\/wp-includes\/js\/wp-embed.min.js\n<\/script>","description":"Kuzey K\u0131br\u0131s T\u00fcrk Cumhuriyeti\u2019nin (KKTC) 20 Temmuz Bar\u0131\u015f ve \u00d6zg\u00fcrl\u00fck Bayram\u0131, Antalya\u2019da d\u00fczenlenen t\u00f6renle kutland\u0131. Cumhuriyet Meydan\u0131\u2019nda bulunan Ulusal Y\u00fckseli\u015f An\u0131t\u0131\u2019nda d\u00fczenlenen t\u00f6rene, KKTC Antalya Ba\u015fkonsolosu Asl\u0131 Erkmen\u2019in yan\u0131 s\u0131ra gaziler, \u015fehit yak\u0131nlar\u0131 ve kurum temsilcileri kat\u0131ld\u0131. 20 Temmuz 1974\u2019te ger\u00e7ekle\u015ftirilen Bar\u0131\u015f Harek\u00e2t\u0131\u2019n\u0131n, K\u0131br\u0131s T\u00fcrk halk\u0131n\u0131n \u00f6zg\u00fcrl\u00fck m\u00fccadelesinde bir d\u00f6n\u00fcm noktas\u0131 oldu\u011funu vurgulayan KKTC Antalya Ba\u015fkonsolosu Asl\u0131 Erkmen, &#8220;Kahraman K\u0131br\u0131s T\u00fcrk M\u00fccahidi\u2019nin T\u00fcrk Silahl\u0131 Kuvvetleri ile omuz omuza sava\u015farak ger\u00e7ekle\u015ftirdikleri Bar\u0131\u015f Harek\u00e2t\u0131\u2019n\u0131n 51. y\u0131l d\u00f6n\u00fcm\u00fcn\u00fc bu y\u0131l da b\u00fcy\u00fck bir co\u015fku ve gururla kutluyoruz&#8221; dedi. &#8220;KIBRIS T\u00dcRK HALKI VAROLU\u015e M\u00dcCADELES\u0130NDE A\u011eIR BEDELLER \u00d6DED\u0130&#8221; K\u0131br\u0131s T\u00fcrk halk\u0131n\u0131n varolu\u015f m\u00fccadelesinde a\u011f\u0131r bedeller \u00f6dedi\u011fini hat\u0131rlatan Erkmen, bu \u00f6zel g\u00fcn\u00fcn sadece bir zafer de\u011fil, ayn\u0131 zamanda halk\u0131n devletine sahip \u00e7\u0131kma kararl\u0131l\u0131\u011f\u0131n\u0131n sembol\u00fc oldu\u011funu belirtti. Rumlar\u0131n Enosis hayalleriyle K\u0131br\u0131s Cumhuriyeti\u2019ni bir s\u0131\u00e7rama tahtas\u0131 olarak g\u00f6rd\u00fc\u011f\u00fcn\u00fc ve K\u0131br\u0131sl\u0131 T\u00fcrklerin bu s\u00fcre\u00e7te sistematik sald\u0131r\u0131lara maruz kald\u0131\u011f\u0131n\u0131 s\u00f6yleyen Erkmen, &#8220;Bug\u00fcn kendi devletimizin \u00e7at\u0131s\u0131 alt\u0131nda \u00f6zg\u00fcr, egemen ve korkusuz bir \u015fekilde ya\u015f\u0131yorsak, bunu halk\u0131m\u0131z\u0131n bir as\u0131rl\u0131k m\u00fccadelesine, Varolu\u015f M\u00fccadelesi Liderimiz Dr. Faz\u0131l K\u00fc\u00e7\u00fck\u2019e, Kurucu Cumhurba\u015fkan\u0131m\u0131z Rauf Raif Denkta\u015f\u2019a ve aziz \u015fehitlerimize bor\u00e7luyuz&#8221; \u015feklinde konu\u015ftu. &#8220;KIBRIS ACI TECR\u00dcBELER\u0130 TEKRAR YA\u015eAMAK \u0130STEM\u0130YOR&#8221; KKTC\u2019nin T\u00fcrk Devletleri Te\u015fkilat\u0131, \u0130slam \u0130\u015fbirli\u011fi Te\u015fkilat\u0131 ve Ekonomik \u0130\u015fbirli\u011fi Te\u015fkilat\u0131 gibi platformlarda g\u00f6zlemci stat\u00fcs\u00fcyle yer almas\u0131n\u0131n \u00f6nemine dikkat &hellip;"}