{"version":"1.0","provider_name":"Av. Deniz Can K\u0131z\u0131l","provider_url":"https:\/\/denizcankizil.tr\/de","author_name":"Antalya K\u00f6rfez","author_url":"https:\/\/denizcankizil.tr\/de\/author\/www-antalyakorfez-com\/","title":"Antalya\u2019da halk otob\u00fcslerinde klima krizi ba\u015flad\u0131","type":"rich","width":600,"height":338,"html":"<blockquote class=\"wp-embedded-content\" data-secret=\"z2CdISwpCD\"><a href=\"https:\/\/denizcankizil.tr\/de\/haberler\/gundem\/antalyada-halk-otobuslerinde-klima-krizi-basladi\/\">Antalya\u2019da halk otob\u00fcslerinde klima krizi ba\u015flad\u0131<\/a><\/blockquote><iframe sandbox=\"allow-scripts\" security=\"restricted\" src=\"https:\/\/denizcankizil.tr\/de\/haberler\/gundem\/antalyada-halk-otobuslerinde-klima-krizi-basladi\/embed\/#?secret=z2CdISwpCD\" width=\"600\" height=\"338\" title=\"&#8222;Antalya\u2019da halk otob\u00fcslerinde klima krizi ba\u015flad\u0131&#8220; &#8211; Av. Deniz Can K\u0131z\u0131l\" data-secret=\"z2CdISwpCD\" frameborder=\"0\" marginwidth=\"0\" marginheight=\"0\" scrolling=\"no\" class=\"wp-embedded-content\"><\/iframe><script>\n\/*! This file is auto-generated *\/\n!function(d,l){\"use strict\";l.querySelector&&d.addEventListener&&\"undefined\"!=typeof URL&&(d.wp=d.wp||{},d.wp.receiveEmbedMessage||(d.wp.receiveEmbedMessage=function(e){var t=e.data;if((t||t.secret||t.message||t.value)&&!\/[^a-zA-Z0-9]\/.test(t.secret)){for(var s,r,n,a=l.querySelectorAll('iframe[data-secret=\"'+t.secret+'\"]'),o=l.querySelectorAll('blockquote[data-secret=\"'+t.secret+'\"]'),c=new RegExp(\"^https?:$\",\"i\"),i=0;i<o.length;i++)o[i].style.display=\"none\";for(i=0;i<a.length;i++)s=a[i],e.source===s.contentWindow&&(s.removeAttribute(\"style\"),\"height\"===t.message?(1e3<(r=parseInt(t.value,10))?r=1e3:~~r<200&&(r=200),s.height=r):\"link\"===t.message&&(r=new URL(s.getAttribute(\"src\")),n=new URL(t.value),c.test(n.protocol))&&n.host===r.host&&l.activeElement===s&&(d.top.location.href=t.value))}},d.addEventListener(\"message\",d.wp.receiveEmbedMessage,!1),l.addEventListener(\"DOMContentLoaded\",function(){for(var e,t,s=l.querySelectorAll(\"iframe.wp-embedded-content\"),r=0;r<s.length;r++)(t=(e=s[r]).getAttribute(\"data-secret\"))||(t=Math.random().toString(36).substring(2,12),e.src+=\"#?secret=\"+t,e.setAttribute(\"data-secret\",t)),e.contentWindow.postMessage({message:\"ready\",secret:t},\"*\")},!1)))}(window,document);\n\/\/# sourceURL=https:\/\/denizcankizil.tr\/wp-includes\/js\/wp-embed.min.js\n<\/script>","description":"Antalya&#8217;da havalar\u0131n iyiden iyiye \u0131s\u0131nmaya ba\u015flad\u0131\u011f\u0131 \u015fu g\u00fcnlerde toplu ta\u015f\u0131ma arac\u0131 kullanan yolcular, klimalar\u0131n kendileri uyarmadan \u015fof\u00f6rler taraf\u0131ndan a\u00e7\u0131lmas\u0131n\u0131 talep ediliyor. \u00d6zellikle insan yo\u011funlu\u011funun ya\u015fand\u0131\u011f\u0131 saatlerde otob\u00fcs i\u00e7erisinde bunalan yolcular, nefes alabilmek i\u00e7in klimalar\u0131n a\u00e7\u0131lmas\u0131n\u0131 istiyor. Ancak, otob\u00fcs \u015fof\u00f6rlerinin klimalar\u0131 a\u00e7mas\u0131n\u0131n zorunlu hale gelmesi i\u00e7in hava s\u0131cakl\u0131\u011f\u0131n\u0131n belli bir dereceye ula\u015fmas\u0131 gerekiyor. KL\u0130MALARIN A\u00c7ILMASI ZORUNLU Antalya B\u00fcy\u00fck\u015fehir Belediyesi Toplu Ta\u015f\u0131ma \u015eube M\u00fcd\u00fcrl\u00fc\u011f\u00fc yetkilileri, toplu ta\u015f\u0131ma ara\u00e7lar\u0131nda klimalar\u0131n a\u00e7\u0131lmas\u0131 i\u00e7in belli bir tarihin beklenmedi\u011fini belirterek, s\u0131cakl\u0131\u011f\u0131n 25 dereceyi ge\u00e7mesi halinde \u015fof\u00f6r taraf\u0131ndan klima a\u00e7\u0131lmas\u0131n\u0131n zorunlu oldu\u011funu bildirdi. Yetkililer, kliman\u0131n a\u00e7\u0131lmas\u0131n\u0131 isteyenlerin ara\u00e7 i\u00e7erisindeyken s\u0131cakl\u0131\u011f\u0131 kontrol etmelerini ve 25 derecenin \u00fczerindeyse \u015fof\u00f6rden klimalar\u0131 a\u00e7mas\u0131n\u0131 isteyebileceklerini s\u00f6yledi. \u015e\u0130KAYETLER BA\u015eLADI Otob\u00fcs \u015fof\u00f6rleri e\u011fer klimalar\u0131 a\u00e7mazlarsa vatanda\u015flar, 0242 606 07 07 numaral\u0131 Ula\u015f\u0131m Dan\u0131\u015fma Hatt\u0131 ya da 0530 131 39 07 numaral\u0131 WhatsApp \u0130hbar Hatt\u0131ndan \u015fikayette bulanabilirler. Yetkililer, kendilerine \u015fikayet gelmesi halinde an\u0131nda \u015fof\u00f6rle irtibata ge\u00e7erek klimalar\u0131n a\u00e7\u0131lmas\u0131n\u0131 sa\u011flayabildiklerini bildirdi. \u00d6te yandan, vatanda\u015flar, ula\u015f\u0131m konusundaki her t\u00fcrl\u00fc \u015fikayet, talep ve \u00f6neriler i\u00e7in ayn\u0131 numaradan yetkililere ula\u015f\u0131p, dile getirebilirler. \u200bAntalya\u2019da havalar\u0131n \u0131s\u0131nmas\u0131yla birlikte toplu ta\u015f\u0131ma ara\u00e7lar\u0131nda klima krizi yeniden alevlendi. Yolcular, klimalar\u0131n s\u00fcrekli a\u00e7\u0131k olmas\u0131n\u0131 isterken, \u015fof\u00f6rler ancak belirli tarihten ve s\u0131cakl\u0131ktan itibaren klimalar\u0131 a\u00e7acaklar\u0131n\u0131 s\u00f6yl\u00fcyor\u00a0 \u200bHaberin Al\u0131nt\u0131land\u0131\u011f\u0131 Kaynak: www.antalyakorfez.com"}