{"version":"1.0","provider_name":"Av. Deniz Can K\u0131z\u0131l","provider_url":"https:\/\/denizcankizil.tr\/de","author_name":"Av. Deniz Can K\u0131z\u0131l","author_url":"https:\/\/denizcankizil.tr\/de","title":"Antalya\u2019da cumhuriyet co\u015fkusu! Demir bariyerli kutlama!","type":"rich","width":600,"height":338,"html":"<blockquote class=\"wp-embedded-content\" data-secret=\"FpS9fQsNLP\"><a href=\"https:\/\/denizcankizil.tr\/de\/haberler\/gundem\/antalyada-cumhuriyet-coskusu-demir-bariyerli-kutlama\/\">Antalya\u2019da cumhuriyet co\u015fkusu! Demir bariyerli kutlama!<\/a><\/blockquote><iframe sandbox=\"allow-scripts\" security=\"restricted\" src=\"https:\/\/denizcankizil.tr\/de\/haberler\/gundem\/antalyada-cumhuriyet-coskusu-demir-bariyerli-kutlama\/embed\/#?secret=FpS9fQsNLP\" width=\"600\" height=\"338\" title=\"&#8222;Antalya\u2019da cumhuriyet co\u015fkusu! Demir bariyerli kutlama!&#8220; &#8211; Av. Deniz Can K\u0131z\u0131l\" data-secret=\"FpS9fQsNLP\" frameborder=\"0\" marginwidth=\"0\" marginheight=\"0\" scrolling=\"no\" class=\"wp-embedded-content\"><\/iframe><script>\n\/*! This file is auto-generated *\/\n!function(d,l){\"use strict\";l.querySelector&&d.addEventListener&&\"undefined\"!=typeof URL&&(d.wp=d.wp||{},d.wp.receiveEmbedMessage||(d.wp.receiveEmbedMessage=function(e){var t=e.data;if((t||t.secret||t.message||t.value)&&!\/[^a-zA-Z0-9]\/.test(t.secret)){for(var s,r,n,a=l.querySelectorAll('iframe[data-secret=\"'+t.secret+'\"]'),o=l.querySelectorAll('blockquote[data-secret=\"'+t.secret+'\"]'),c=new RegExp(\"^https?:$\",\"i\"),i=0;i<o.length;i++)o[i].style.display=\"none\";for(i=0;i<a.length;i++)s=a[i],e.source===s.contentWindow&&(s.removeAttribute(\"style\"),\"height\"===t.message?(1e3<(r=parseInt(t.value,10))?r=1e3:~~r<200&&(r=200),s.height=r):\"link\"===t.message&&(r=new URL(s.getAttribute(\"src\")),n=new URL(t.value),c.test(n.protocol))&&n.host===r.host&&l.activeElement===s&&(d.top.location.href=t.value))}},d.addEventListener(\"message\",d.wp.receiveEmbedMessage,!1),l.addEventListener(\"DOMContentLoaded\",function(){for(var e,t,s=l.querySelectorAll(\"iframe.wp-embedded-content\"),r=0;r<s.length;r++)(t=(e=s[r]).getAttribute(\"data-secret\"))||(t=Math.random().toString(36).substring(2,12),e.src+=\"#?secret=\"+t,e.setAttribute(\"data-secret\",t)),e.contentWindow.postMessage({message:\"ready\",secret:t},\"*\")},!1)))}(window,document);\n\/\/# sourceURL=https:\/\/denizcankizil.tr\/wp-includes\/js\/wp-embed.min.js\n<\/script>","description":"T\u00fcrkiye Cumhuriyeti&#8217;nin kurulu\u015funun 101\u2019inci y\u0131l d\u00f6n\u00fcm\u00fcnde etkinlikleri \u00e7er\u00e7evesinde Cumhuriyet Caddesi&#8217;nde resmi t\u00f6ren ger\u00e7ekle\u015ftirildi. Kutlamalar\u0131 takip etmek isteyen binlerce Antalyal\u0131 sabah erken saatlerde alana ko\u015ftu. Ellerinde T\u00fcrk bayraklar\u0131 ile sokaklara inen \u00e7ocuklar bayram co\u015fkusunu doyas\u0131ya ya\u015fad\u0131. \u00c7ok say\u0131da ki\u015fi de balkonlardan bayraklar\u0131n\u0131 sallayarak kutlamalara kat\u0131ld\u0131. \u00c7at\u0131larda ve balkonlarda ise \u00f6zel hareket polisleri g\u00f6rev ald\u0131. Di\u011fer taraftan yo\u011fun g\u00fcvenlik \u00f6nlemleri alt\u0131nda ger\u00e7ekle\u015ftirilen kutlama program\u0131nda vatanda\u015flar t\u00f6reni demir bariyerlerin arkas\u0131ndan takip etmek zorunda kald\u0131.\u00a0 KENTTE BAYRAM CO\u015eKUSU\u00a0 Antalya K\u00f6rfez Gazetesi muhabiri Ertu\u011frul G\u00fcn&#8217;\u00fcn haberine g\u00f6re; Antalya\u2019da cumhuriyetin 101. y\u0131ld\u00f6n\u00fcm\u00fc co\u015fkulu bir programla kutland\u0131. Antalya Valili\u011fi, Garnizon Komutanl\u0131\u011f\u0131 ve B\u00fcy\u00fck\u015fehir Belediye Ba\u015fkanl\u0131\u011f\u0131\u2019n\u0131n birlikte d\u00fczenledi\u011fi etkinliklerle 29 Ekim Cumhuriyet Bayram\u0131 co\u015fkusunu t\u00fcm \u015fehirde ya\u015fat\u0131ld\u0131. Program, ilk olarak cumhuriyet meydan\u0131nda \u00e7elenk sunma t\u00f6reni ile ba\u015flad\u0131. Cumhuriyet Meydan\u0131\u2019nda ba\u015flayan \u00e7elenk sunma t\u00f6reninde, Atat\u00fcrk An\u0131t\u0131\u2019na Valilik, Garnizon Komutanl\u0131\u011f\u0131 ve B\u00fcy\u00fck\u015fehir Belediye Ba\u015fkanl\u0131\u011f\u0131 taraf\u0131ndan \u00e7elenkler sunuldu. \u00a0 DEM\u0130R BAR\u0130YERL\u0130 KUTLAMA Ard\u0131ndan ise cumhuriyet caddesinde resmi kutlama t\u00f6reni ger\u00e7ekle\u015ftirildi. Sayg\u0131 duru\u015fu ve \u0130stiklal Mar\u015f\u0131\u2019n\u0131n ard\u0131ndan ba\u015flayan etkinliklerle Antalya halk\u0131, Cumhuriyet\u2019in 101. y\u0131l\u0131n\u0131 co\u015fkuyla kutlad\u0131. Demir bariyerlerle \u00e7evrilen alana vatanda\u015flar \u00fczerleri aranarak girdi. Yo\u011fun g\u00fcvenlik \u00f6nlemleri alt\u0131nda ger\u00e7ekle\u015ftirilen kutlama program\u0131nda vatanda\u015flar t\u00f6reni demir bariyerlerin arkas\u0131ndan takip etmek zorunda kald\u0131. Bir\u00e7ok gazeteci ise kutlama alan\u0131na ula\u015fmakta zorluk ya\u015fad\u0131. T\u00f6rene Vali Hulusi \u015eahin, &hellip;"}