{"version":"1.0","provider_name":"Av. Deniz Can K\u0131z\u0131l","provider_url":"https:\/\/denizcankizil.tr\/de","author_name":"Antalya K\u00f6rfez","author_url":"https:\/\/denizcankizil.tr\/de\/author\/www-antalyakorfez-com\/","title":"Antalya\u2019da CHP ile AK Parti aras\u0131nda 'cami' gerilimi!","type":"rich","width":600,"height":338,"html":"<blockquote class=\"wp-embedded-content\" data-secret=\"dYhTTchoAr\"><a href=\"https:\/\/denizcankizil.tr\/de\/haberler\/gundem\/antalyada-chp-ile-ak-parti-arasinda-cami-gerilimi\/\">Antalya\u2019da CHP ile AK Parti aras\u0131nda &#8216;cami&#8217; gerilimi!<\/a><\/blockquote><iframe sandbox=\"allow-scripts\" security=\"restricted\" src=\"https:\/\/denizcankizil.tr\/de\/haberler\/gundem\/antalyada-chp-ile-ak-parti-arasinda-cami-gerilimi\/embed\/#?secret=dYhTTchoAr\" width=\"600\" height=\"338\" title=\"&#8222;Antalya\u2019da CHP ile AK Parti aras\u0131nda &#8216;cami&#8217; gerilimi!&#8220; &#8211; Av. Deniz Can K\u0131z\u0131l\" data-secret=\"dYhTTchoAr\" frameborder=\"0\" marginwidth=\"0\" marginheight=\"0\" scrolling=\"no\" class=\"wp-embedded-content\"><\/iframe><script>\n\/*! This file is auto-generated *\/\n!function(d,l){\"use strict\";l.querySelector&&d.addEventListener&&\"undefined\"!=typeof URL&&(d.wp=d.wp||{},d.wp.receiveEmbedMessage||(d.wp.receiveEmbedMessage=function(e){var t=e.data;if((t||t.secret||t.message||t.value)&&!\/[^a-zA-Z0-9]\/.test(t.secret)){for(var s,r,n,a=l.querySelectorAll('iframe[data-secret=\"'+t.secret+'\"]'),o=l.querySelectorAll('blockquote[data-secret=\"'+t.secret+'\"]'),c=new RegExp(\"^https?:$\",\"i\"),i=0;i<o.length;i++)o[i].style.display=\"none\";for(i=0;i<a.length;i++)s=a[i],e.source===s.contentWindow&&(s.removeAttribute(\"style\"),\"height\"===t.message?(1e3<(r=parseInt(t.value,10))?r=1e3:~~r<200&&(r=200),s.height=r):\"link\"===t.message&&(r=new URL(s.getAttribute(\"src\")),n=new URL(t.value),c.test(n.protocol))&&n.host===r.host&&l.activeElement===s&&(d.top.location.href=t.value))}},d.addEventListener(\"message\",d.wp.receiveEmbedMessage,!1),l.addEventListener(\"DOMContentLoaded\",function(){for(var e,t,s=l.querySelectorAll(\"iframe.wp-embedded-content\"),r=0;r<s.length;r++)(t=(e=s[r]).getAttribute(\"data-secret\"))||(t=Math.random().toString(36).substring(2,12),e.src+=\"#?secret=\"+t,e.setAttribute(\"data-secret\",t)),e.contentWindow.postMessage({message:\"ready\",secret:t},\"*\")},!1)))}(window,document);\n\/\/# sourceURL=https:\/\/denizcankizil.tr\/wp-includes\/js\/wp-embed.min.js\n<\/script>","description":"Antalya B\u00fcy\u00fck\u015fehir Belediyesi Ocak ay\u0131 meclis toplant\u0131s\u0131, Muhittin B\u00f6cek ba\u015fkanl\u0131\u011f\u0131nda Meclis Toplant\u0131 Salonu\u2019nda yap\u0131ld\u0131. \u00d6nerlerin de kabul edilmesiyle Meclis toplant\u0131s\u0131 133 g\u00fcndem maddesi ile a\u00e7\u0131ld\u0131. Ba\u015fkan B\u00f6cek, \u201cAK Parti\u2019den de 1 arkada\u015f\u0131m\u0131z\u0131n bulunmas\u0131n\u0131 isteriz. Denetim kuruluna 5 \u00fcyenin se\u00e7ilmesi daha do\u011fru olacak\u201d dedi. K\u00f6rfez Gazetesinden Ertu\u011frul G\u00fcn&#8217;\u00fcn haberine g\u00f6re B\u00f6cek\u2019in bu \u00f6nerisi meclis \u00fcyeleri taraf\u0131ndan kabul edildi. CHP\u2019den 4 \u00fcye AK Parti\u2019nden ise 1 ki\u015fi se\u00e7ildi. CHP\u2019den Ahmet Ayd\u0131n, Erkan \u00c7elik, Taylan \u015eanl\u0131, Osman Sert AK Parti\u2019den ise Murat Menzilcio\u011flu komisyona se\u00e7ilen isimler oldu. GE\u00c7\u0130M YOKSA SE\u00c7\u0130M VAR Se\u00e7imlerin ard\u0131ndan grup s\u00f6zc\u00fcleri g\u00fcndem d\u0131\u015f\u0131 s\u00f6z ald\u0131. CHP Grup S\u00f6zc\u00fcs\u00fc B\u00fc\u015fra \u00d6zdemir, \u201c\u0130lk meclisimiz ve m\u00fcbarek \u00fc\u00e7 aylar hay\u0131rl\u0131 olsun. Ferdi Tayfur\u2019a Allah\u2019tan rahmet diliyorum. Ziraat m\u00fchendislerimizin ve gazetecilerimizin \u00f6zel g\u00fcn\u00fcn\u00fc kutluyorum. Vatan\u0131n\u0131n en \u00e7ok seven i\u015fini en iyi yapand\u0131r. Bu sabah yine bir itibars\u0131zla\u015fma \u00e7al\u0131\u015fmas\u0131na uyand\u0131k. Be\u015fikta\u015f Belediye ba\u015fkan\u0131m\u0131z\u0131n ifade vermeye gidebilecekten g\u00f6zalt\u0131na al\u0131nmas\u0131n\u0131 hukukla de\u011fil siyasetle a\u00e7\u0131klayabilirsiniz. Emeklilerimiz kuru so\u011fana muhta\u00e7 kald\u0131. Ev kiralar\u0131 memur maa\u015flar\u0131na yakla\u015ft\u0131. Yurtta\u015flar ge\u00e7inemiyor. H\u00fck\u00fcmetin g\u00fcndemi ise s\u00fcrekli g\u00fcndem de\u011fi\u015ftiriyor. CHP suni g\u00fcndemlerle de\u011fil bu halk\u0131n ger\u00e7ek g\u00fcndemleri ile me\u015fguld\u00fcr. T\u00fcrkiye bir an evvel erken se\u00e7ime gitmelidir. Bu b\u00f6yle gitmez ge\u00e7im yoksa se\u00e7im var\u201d dedi. SUR YAPI\u2019YA \u00c7ADIR CAM\u0130\u0130 TALEB\u0130 AK Parti Grup S\u00f6zc\u00fcs\u00fc &hellip;"}