{"version":"1.0","provider_name":"Av. Deniz Can K\u0131z\u0131l","provider_url":"https:\/\/denizcankizil.tr\/de","author_name":"Antalya K\u00f6rfez","author_url":"https:\/\/denizcankizil.tr\/de\/author\/www-antalyakorfez-com\/","title":"Antalya ve KKTC\u2019den i\u015fbirli\u011fi vurgusu","type":"rich","width":600,"height":338,"html":"<blockquote class=\"wp-embedded-content\" data-secret=\"TlGnHUVpbO\"><a href=\"https:\/\/denizcankizil.tr\/de\/haberler\/gundem\/antalya-ve-kktcden-isbirligi-vurgusu\/\">Antalya ve KKTC\u2019den i\u015fbirli\u011fi vurgusu<\/a><\/blockquote><iframe sandbox=\"allow-scripts\" security=\"restricted\" src=\"https:\/\/denizcankizil.tr\/de\/haberler\/gundem\/antalya-ve-kktcden-isbirligi-vurgusu\/embed\/#?secret=TlGnHUVpbO\" width=\"600\" height=\"338\" title=\"&#8222;Antalya ve KKTC\u2019den i\u015fbirli\u011fi vurgusu&#8220; &#8211; Av. Deniz Can K\u0131z\u0131l\" data-secret=\"TlGnHUVpbO\" frameborder=\"0\" marginwidth=\"0\" marginheight=\"0\" scrolling=\"no\" class=\"wp-embedded-content\"><\/iframe><script>\n\/*! This file is auto-generated *\/\n!function(d,l){\"use strict\";l.querySelector&&d.addEventListener&&\"undefined\"!=typeof URL&&(d.wp=d.wp||{},d.wp.receiveEmbedMessage||(d.wp.receiveEmbedMessage=function(e){var t=e.data;if((t||t.secret||t.message||t.value)&&!\/[^a-zA-Z0-9]\/.test(t.secret)){for(var s,r,n,a=l.querySelectorAll('iframe[data-secret=\"'+t.secret+'\"]'),o=l.querySelectorAll('blockquote[data-secret=\"'+t.secret+'\"]'),c=new RegExp(\"^https?:$\",\"i\"),i=0;i<o.length;i++)o[i].style.display=\"none\";for(i=0;i<a.length;i++)s=a[i],e.source===s.contentWindow&&(s.removeAttribute(\"style\"),\"height\"===t.message?(1e3<(r=parseInt(t.value,10))?r=1e3:~~r<200&&(r=200),s.height=r):\"link\"===t.message&&(r=new URL(s.getAttribute(\"src\")),n=new URL(t.value),c.test(n.protocol))&&n.host===r.host&&l.activeElement===s&&(d.top.location.href=t.value))}},d.addEventListener(\"message\",d.wp.receiveEmbedMessage,!1),l.addEventListener(\"DOMContentLoaded\",function(){for(var e,t,s=l.querySelectorAll(\"iframe.wp-embedded-content\"),r=0;r<s.length;r++)(t=(e=s[r]).getAttribute(\"data-secret\"))||(t=Math.random().toString(36).substring(2,12),e.src+=\"#?secret=\"+t,e.setAttribute(\"data-secret\",t)),e.contentWindow.postMessage({message:\"ready\",secret:t},\"*\")},!1)))}(window,document);\n\/\/# sourceURL=https:\/\/denizcankizil.tr\/wp-includes\/js\/wp-embed.min.js\n<\/script>","description":"Anadolu Aslanlar\u0131 \u0130\u015f Adamlar\u0131 Derne\u011fi (ASKON) Antalya \u015eube Ba\u015fkan\u0131 Onur Kacar, Kuzey K\u0131br\u0131s T\u00fcrk Cumhuriyeti\u2019ne ger\u00e7ekle\u015ftirdikleri i\u015f seyahatine ili\u015fki de\u011ferlendirmelerde bulundu.\u00a0 HEM EKONOM\u0130K HEM S\u0130YAS\u0130 KATKI \u00a0 T\u00fcrkiye\u2019nin KKTC\u2019nin D\u00fcnya\u2019ya a\u00e7\u0131lan penceresi oldu\u011funu belirten Kacar, \u201cHeyetimizi a\u011f\u0131rlayarak bizleri onure eden KKTC Cumhurba\u015fkan\u0131m\u0131z Ersin Tatar ba\u015fta olmak \u00fczere KKTC i\u015f d\u00fcnyas\u0131n\u0131n programlar\u0131m\u0131za sahiplenmesi bizleri ziyadesi ile memnun etmi\u015f, i\u015f insanlar\u0131m\u0131za olan g\u00fcvenlerini a\u00e7\u0131k\u00e7a ortaya koymu\u015ftur. Hi\u00e7 \u015f\u00fcphesiz iki \u00fclke aras\u0131ndaki ticari ili\u015fkilerin g\u00fc\u00e7lendirilmesi hem ekonomik hem de siyasi a\u00e7\u0131dan b\u00fcy\u00fck \u00f6nem ta\u015f\u0131maktad\u0131r. KKTC\u2019ye d\u00fczenlemi\u015f olu\u011fumuz i\u015f seyahati program\u0131m\u0131z ile bu gayeye katk\u0131 sundu\u011fumuz i\u00e7in olduk\u00e7a memnuniyet duymaktay\u0131z\u201d dedi. \u00a0\u00a0 EMLAK VE YATIRIM FIRSATLARI ELE ALINDI\u00a0 Temaslar s\u0131ras\u0131nda ele al\u0131nan konu ba\u015fl\u0131klar\u0131 hakk\u0131nda bilgi veren Kacar, \u201cASKON Antalya \u015eubesi olarak KKTC\u2019ye d\u00fczenlemi\u015f oldu\u011fumuz i\u015f program\u0131 seyahatinde ba\u015fta Cumhurba\u015fkan\u0131 Ersin Tatar, Ekonomi ve Enerji Bakan\u0131 Olgun Amcao\u011flu, Turizm K\u00fclt\u00fcr, Gen\u00e7lik ve \u00c7evre Bakan\u0131 Fikri Atao\u011flu heyetimizi a\u011f\u0131rlayarak bizleri onure ettiler. Cumhurba\u015fkan\u0131m\u0131z ASKON Genel Merkez ve USA temsilcili\u011fimiz olarak ABD\u2019de d\u00fczenlemi\u015f oldu\u011fumuz program\u0131m\u0131zda da bizleri yaln\u0131z b\u0131rakmam\u0131\u015ft\u0131. Ayr\u0131ca Kuzey K\u0131br\u0131s Gen\u00e7 \u0130\u015f Adamlar\u0131 Derne\u011fi (G\u0130AD ) ile de B2B toplant\u0131lar\u0131 ger\u00e7ekle\u015ftirerek \u00f6zellikle banka mevzuat, i\u015f kurma ve vergi mevzuatlar\u0131 sunumu ile emlak ve yat\u0131r\u0131m f\u0131rsatlar\u0131 sunumu ile KKTC \u00f6zelinde yat\u0131r\u0131m ortam\u0131 hakk\u0131nda geni\u015f bilgi &hellip;"}