{"version":"1.0","provider_name":"Av. Deniz Can K\u0131z\u0131l","provider_url":"https:\/\/denizcankizil.tr\/de","author_name":"Antalya K\u00f6rfez","author_url":"https:\/\/denizcankizil.tr\/de\/author\/www-antalyakorfez-com\/","title":"Antalya M\u00fczesi\u2019nin y\u0131k\u0131m karar\u0131na tepkiler s\u00fcr\u00fcyor","type":"rich","width":600,"height":338,"html":"<blockquote class=\"wp-embedded-content\" data-secret=\"57adxUOWw0\"><a href=\"https:\/\/denizcankizil.tr\/de\/haberler\/gundem\/antalya-muzesinin-yikim-kararina-tepkiler-suruyor\/\">Antalya M\u00fczesi\u2019nin y\u0131k\u0131m karar\u0131na tepkiler s\u00fcr\u00fcyor<\/a><\/blockquote><iframe sandbox=\"allow-scripts\" security=\"restricted\" src=\"https:\/\/denizcankizil.tr\/de\/haberler\/gundem\/antalya-muzesinin-yikim-kararina-tepkiler-suruyor\/embed\/#?secret=57adxUOWw0\" width=\"600\" height=\"338\" title=\"&#8222;Antalya M\u00fczesi\u2019nin y\u0131k\u0131m karar\u0131na tepkiler s\u00fcr\u00fcyor&#8220; &#8211; Av. Deniz Can K\u0131z\u0131l\" data-secret=\"57adxUOWw0\" frameborder=\"0\" marginwidth=\"0\" marginheight=\"0\" scrolling=\"no\" class=\"wp-embedded-content\"><\/iframe><script>\n\/*! This file is auto-generated *\/\n!function(d,l){\"use strict\";l.querySelector&&d.addEventListener&&\"undefined\"!=typeof URL&&(d.wp=d.wp||{},d.wp.receiveEmbedMessage||(d.wp.receiveEmbedMessage=function(e){var t=e.data;if((t||t.secret||t.message||t.value)&&!\/[^a-zA-Z0-9]\/.test(t.secret)){for(var s,r,n,a=l.querySelectorAll('iframe[data-secret=\"'+t.secret+'\"]'),o=l.querySelectorAll('blockquote[data-secret=\"'+t.secret+'\"]'),c=new RegExp(\"^https?:$\",\"i\"),i=0;i<o.length;i++)o[i].style.display=\"none\";for(i=0;i<a.length;i++)s=a[i],e.source===s.contentWindow&&(s.removeAttribute(\"style\"),\"height\"===t.message?(1e3<(r=parseInt(t.value,10))?r=1e3:~~r<200&&(r=200),s.height=r):\"link\"===t.message&&(r=new URL(s.getAttribute(\"src\")),n=new URL(t.value),c.test(n.protocol))&&n.host===r.host&&l.activeElement===s&&(d.top.location.href=t.value))}},d.addEventListener(\"message\",d.wp.receiveEmbedMessage,!1),l.addEventListener(\"DOMContentLoaded\",function(){for(var e,t,s=l.querySelectorAll(\"iframe.wp-embedded-content\"),r=0;r<s.length;r++)(t=(e=s[r]).getAttribute(\"data-secret\"))||(t=Math.random().toString(36).substring(2,12),e.src+=\"#?secret=\"+t,e.setAttribute(\"data-secret\",t)),e.contentWindow.postMessage({message:\"ready\",secret:t},\"*\")},!1)))}(window,document);\n\/\/# sourceURL=https:\/\/denizcankizil.tr\/wp-includes\/js\/wp-embed.min.js\n<\/script>","description":"Depreme dayan\u0131ks\u0131z oldu\u011fu gerek\u00e7e g\u00f6sterilerek y\u0131k\u0131lmas\u0131 istenen Antalya M\u00fczesi\u2019nin kentin en \u00f6nemli g\u00fcndem maddesi haline geldi. 1964 y\u0131l\u0131nda proje yar\u0131\u015fmas\u0131 yap\u0131larak in\u015fa edilen, 1972 y\u0131l\u0131nda ise hizmet vermeye ba\u015flayan Antalya Arkeoloji M\u00fczesi, b\u00f6lge m\u00fczesi olarak tasarlanm\u0131\u015ft\u0131. K\u0130TLE \u00d6RG\u00dcTLER\u0130 TEK SES OLDU K\u00fclt\u00fcr ve Turizm Bakanl\u0131\u011f\u0131, T\u00fcrkiye\u2019nin \u00f6nde gelen arkeoloji m\u00fczeleri aras\u0131nda yer alan Antalya Arkeoloji M\u00fczesi\u2019ni ziyarete kapatt\u0131. Bakanl\u0131\u011f\u0131n turizm sezonunu ortas\u0131nda ald\u0131\u011f\u0131 kapatma karar\u0131na tepki g\u00f6steren Antalyal\u0131lar, d\u00fcn ak\u015fam saatlerinde m\u00fcze \u00f6n\u00fcnde toplanarak eylem yapt\u0131. Antalya M\u00fczesi \u00f6n\u00fcnde d\u00fczenlenen eyleme CHP Antalya Milletvekili Cavit Ar\u0131, CHP PM \u00dcyesi Niyazi \u015een, CHP \u0130l Ba\u015fkan\u0131 Nail Kamac\u0131, il\u00e7e ba\u015fkanlar\u0131, STK\u2019lar, demokratik kitle \u00f6rg\u00fctleri, sendikalar, akademisyenler ile \u00e7ok say\u0131da vatanda\u015f kat\u0131ld\u0131. G\u00dc\u00c7LEND\u0130R\u0130LMES\u0130 \u0130STEN\u0130YOR Antalya kamuoyunda tart\u0131\u015fma yaratan m\u00fcze binas\u0131n\u0131n y\u0131k\u0131lmas\u0131 karar\u0131na k\u00fclt\u00fcrel miras\u0131n korunmas\u0131 konusunda \u00e7al\u0131\u015fmalar yapan STK\u2019lar kar\u015f\u0131 \u00e7\u0131k\u0131yor. Kentteki STK\u2019lar ve vatanda\u015flar\u0131n ortak talebi, mevcut m\u00fcze binas\u0131n\u0131n g\u00fc\u00e7lendirilerek korunmas\u0131 y\u00f6n\u00fcnde. K\u00fclt\u00fcr ve Turizm Bakanl\u0131\u011f\u0131 yetkililerinin a\u00e7\u0131klamas\u0131na g\u00f6re yeni m\u00fcze projesinin maliyeti 2 bu\u00e7uk milyar TL\u2019yi bulacak. Mevcut m\u00fcze binas\u0131n\u0131n mimarlar\u0131ndan Do\u011fan Tekeli ise 100 milyon TL\u2019lik bir harcamayla binan\u0131n g\u00fc\u00e7lendirilmesinin m\u00fcmk\u00fcn oldu\u011funu dile getirmi\u015fti. YEN\u0130 B\u0130NANIN NE ZAMAN TAMAMLANACA\u011eI BELL\u0130 DE\u011e\u0130L Yeni m\u00fcze binas\u0131n\u0131n ne zaman bitece\u011fi ve T\u00fcrkiye\u2019nin turizm ba\u015fkenti olan Antalya\u2019n\u0131n arkeoloji m\u00fczesinin tekrar ne zaman ziyaret\u00e7ilerine kavu\u015faca\u011f\u0131 &hellip;"}