{"version":"1.0","provider_name":"Av. Deniz Can K\u0131z\u0131l","provider_url":"https:\/\/denizcankizil.tr\/de","author_name":"admin","author_url":"https:\/\/denizcankizil.tr\/de\/author\/admin\/","title":"Antalya Kumluca'da trafik kazas\u0131: 2 yaral\u0131","type":"rich","width":600,"height":338,"html":"<blockquote class=\"wp-embedded-content\" data-secret=\"fcdiiyaddA\"><a href=\"https:\/\/denizcankizil.tr\/de\/haberler\/gundem\/antalya-kumlucada-trafik-kazasi-2-yarali\/\">Antalya Kumluca&#8217;da trafik kazas\u0131: 2 yaral\u0131<\/a><\/blockquote><iframe sandbox=\"allow-scripts\" security=\"restricted\" src=\"https:\/\/denizcankizil.tr\/de\/haberler\/gundem\/antalya-kumlucada-trafik-kazasi-2-yarali\/embed\/#?secret=fcdiiyaddA\" width=\"600\" height=\"338\" title=\"&#8222;Antalya Kumluca&#8217;da trafik kazas\u0131: 2 yaral\u0131&#8220; &#8211; Av. Deniz Can K\u0131z\u0131l\" data-secret=\"fcdiiyaddA\" frameborder=\"0\" marginwidth=\"0\" marginheight=\"0\" scrolling=\"no\" class=\"wp-embedded-content\"><\/iframe><script>\n\/*! This file is auto-generated *\/\n!function(d,l){\"use strict\";l.querySelector&&d.addEventListener&&\"undefined\"!=typeof URL&&(d.wp=d.wp||{},d.wp.receiveEmbedMessage||(d.wp.receiveEmbedMessage=function(e){var t=e.data;if((t||t.secret||t.message||t.value)&&!\/[^a-zA-Z0-9]\/.test(t.secret)){for(var s,r,n,a=l.querySelectorAll('iframe[data-secret=\"'+t.secret+'\"]'),o=l.querySelectorAll('blockquote[data-secret=\"'+t.secret+'\"]'),c=new RegExp(\"^https?:$\",\"i\"),i=0;i<o.length;i++)o[i].style.display=\"none\";for(i=0;i<a.length;i++)s=a[i],e.source===s.contentWindow&&(s.removeAttribute(\"style\"),\"height\"===t.message?(1e3<(r=parseInt(t.value,10))?r=1e3:~~r<200&&(r=200),s.height=r):\"link\"===t.message&&(r=new URL(s.getAttribute(\"src\")),n=new URL(t.value),c.test(n.protocol))&&n.host===r.host&&l.activeElement===s&&(d.top.location.href=t.value))}},d.addEventListener(\"message\",d.wp.receiveEmbedMessage,!1),l.addEventListener(\"DOMContentLoaded\",function(){for(var e,t,s=l.querySelectorAll(\"iframe.wp-embedded-content\"),r=0;r<s.length;r++)(t=(e=s[r]).getAttribute(\"data-secret\"))||(t=Math.random().toString(36).substring(2,12),e.src+=\"#?secret=\"+t,e.setAttribute(\"data-secret\",t)),e.contentWindow.postMessage({message:\"ready\",secret:t},\"*\")},!1)))}(window,document);\n\/\/# sourceURL=https:\/\/denizcankizil.tr\/wp-includes\/js\/wp-embed.min.js\n<\/script>","description":"Antalya\u2019n\u0131n Kumluca il\u00e7esinde meydana gelen trafik kazas\u0131nda iki ki\u015fi hafif yaraland\u0131. Kaza, Kar\u015f\u0131yaka Mahallesi 50. Y\u0131l Caddesi \u00fczerinde kontrols\u00fcz kav\u015fakta meydana geldi.Mehmet \u015eENT\u00dcRK \/ ANTALYA (\u0130GFA)- Al\u0131nan bilgilere g\u00f6re, 07 BZC 866 plakal\u0131 otomobil kav\u015faktan d\u00f6n\u00fc\u015f yapmaya \u00e7al\u0131\u015ft\u0131\u011f\u0131 s\u0131rada, 07 VBB 44 plakal\u0131 ba\u015fka bir otomobille \u00e7arp\u0131\u015ft\u0131. \u00c7arp\u0131\u015fman\u0131n etkisiyle 07 BZC 866 plakal\u0131 ara\u00e7ta bulunan s\u00fcr\u00fcc\u00fc ve yolcu hafif \u015fekilde yaraland\u0131. Olay yerine gelen trafik ekipleri, b\u00f6lgede g\u00fcvenlik \u00f6nlemi alarak trafi\u011fin kontroll\u00fc \u015fekilde akmas\u0131n\u0131 sa\u011flad\u0131. Yaral\u0131 iki gen\u00e7, ambulansla hastaneye kald\u0131r\u0131larak tedavi alt\u0131na al\u0131n\u0131rken, kazaya kar\u0131\u015fan ara\u00e7lar \u00e7ekici yard\u0131m\u0131yla kald\u0131r\u0131ld\u0131. Olayla ilgili tahkikat ba\u015flat\u0131ld\u0131. \u200bAntalya\u2019n\u0131n Kumluca il\u00e7esinde meydana gelen trafik kazas\u0131nda iki ki\u015fi hafif yaraland\u0131. Kaza, Kar\u015f\u0131yaka Mahallesi 50. Y\u0131l Caddesi \u00fczerinde kontrols\u00fcz kav\u015fakta meydana geldi.Mehmet \u015eENT\u00dcRK \/ ANTALYA (\u0130GFA)- Al\u0131nan bilgilere g\u00f6re, 07 BZC 866 plakal\u0131 otomobil kav\u015faktan d\u00f6n\u00fc\u015f yapmaya \u00e7al\u0131\u015ft\u0131\u011f\u0131 s\u0131rada, 07 VBB 44 plakal\u0131 ba\u015fka bir otomobille \u00e7arp\u0131\u015ft\u0131. \u00c7arp\u0131\u015fman\u0131n etkisiyle 07 BZC 866 plakal\u0131 ara\u00e7ta bulunan s\u00fcr\u00fcc\u00fc ve yolcu hafif \u015fekilde yaraland\u0131. Olay yerine gelen trafik ekipleri, b\u00f6lgede g\u00fcvenlik \u00f6nlemi alarak trafi\u011fin kontroll\u00fc \u015fekilde akmas\u0131n\u0131 sa\u011flad\u0131. Yaral\u0131 iki gen\u00e7, ambulansla hastaneye kald\u0131r\u0131larak tedavi alt\u0131na al\u0131n\u0131rken, kazaya kar\u0131\u015fan ara\u00e7lar \u00e7ekici yard\u0131m\u0131yla kald\u0131r\u0131ld\u0131. Olayla ilgili tahkikat ba\u015flat\u0131ld\u0131.\u00a0 \u200bHaberin Al\u0131nt\u0131land\u0131\u011f\u0131 Kaynak: www.iskenderun.org"}