{"version":"1.0","provider_name":"Av. Deniz Can K\u0131z\u0131l","provider_url":"https:\/\/denizcankizil.tr\/de","author_name":"admin","author_url":"https:\/\/denizcankizil.tr\/de\/author\/admin\/","title":"Antalya Kumluca\u2019da feci kaza: 1 \u00f6l\u00fc, 1 yaral\u0131","type":"rich","width":600,"height":338,"html":"<blockquote class=\"wp-embedded-content\" data-secret=\"j5n6leo678\"><a href=\"https:\/\/denizcankizil.tr\/de\/haberler\/gundem\/antalya-kumlucada-feci-kaza-1-olu-1-yarali\/\">Antalya Kumluca\u2019da feci kaza: 1 \u00f6l\u00fc, 1 yaral\u0131<\/a><\/blockquote><iframe sandbox=\"allow-scripts\" security=\"restricted\" src=\"https:\/\/denizcankizil.tr\/de\/haberler\/gundem\/antalya-kumlucada-feci-kaza-1-olu-1-yarali\/embed\/#?secret=j5n6leo678\" width=\"600\" height=\"338\" title=\"&#8222;Antalya Kumluca\u2019da feci kaza: 1 \u00f6l\u00fc, 1 yaral\u0131&#8220; &#8211; Av. Deniz Can K\u0131z\u0131l\" data-secret=\"j5n6leo678\" frameborder=\"0\" marginwidth=\"0\" marginheight=\"0\" scrolling=\"no\" class=\"wp-embedded-content\"><\/iframe><script>\n\/*! This file is auto-generated *\/\n!function(d,l){\"use strict\";l.querySelector&&d.addEventListener&&\"undefined\"!=typeof URL&&(d.wp=d.wp||{},d.wp.receiveEmbedMessage||(d.wp.receiveEmbedMessage=function(e){var t=e.data;if((t||t.secret||t.message||t.value)&&!\/[^a-zA-Z0-9]\/.test(t.secret)){for(var s,r,n,a=l.querySelectorAll('iframe[data-secret=\"'+t.secret+'\"]'),o=l.querySelectorAll('blockquote[data-secret=\"'+t.secret+'\"]'),c=new RegExp(\"^https?:$\",\"i\"),i=0;i<o.length;i++)o[i].style.display=\"none\";for(i=0;i<a.length;i++)s=a[i],e.source===s.contentWindow&&(s.removeAttribute(\"style\"),\"height\"===t.message?(1e3<(r=parseInt(t.value,10))?r=1e3:~~r<200&&(r=200),s.height=r):\"link\"===t.message&&(r=new URL(s.getAttribute(\"src\")),n=new URL(t.value),c.test(n.protocol))&&n.host===r.host&&l.activeElement===s&&(d.top.location.href=t.value))}},d.addEventListener(\"message\",d.wp.receiveEmbedMessage,!1),l.addEventListener(\"DOMContentLoaded\",function(){for(var e,t,s=l.querySelectorAll(\"iframe.wp-embedded-content\"),r=0;r<s.length;r++)(t=(e=s[r]).getAttribute(\"data-secret\"))||(t=Math.random().toString(36).substring(2,12),e.src+=\"#?secret=\"+t,e.setAttribute(\"data-secret\",t)),e.contentWindow.postMessage({message:\"ready\",secret:t},\"*\")},!1)))}(window,document);\n\/\/# sourceURL=https:\/\/denizcankizil.tr\/wp-includes\/js\/wp-embed.min.js\n<\/script>","description":"Antalya\u2019n\u0131n Kumluca il\u00e7esinde otomobilin kamyonete \u00e7arpmas\u0131 sonucu meydana gelen trafik kazas\u0131nda 1 ki\u015fi hayat\u0131n\u0131 kaybetti, 1 ki\u015fi yaraland\u0131. Kaza, Mavikent Mahallesi\u2019nde sabah saatlerinde ger\u00e7ekle\u015fti.Mehmet \u015eENT\u00dcRK \/ ANTALYA (\u0130GFA) &#8211; Kumluca\u2019ya ba\u011fl\u0131 Mavikent Mahallesi Yenicep\u0131nar mevkisinde trajik bir trafik kazas\u0131 meydana geldi. \u0130smail Ate\u015f\u2019in kulland\u0131\u011f\u0131 07 VBH 77 plakal\u0131 otomobil, ayn\u0131 y\u00f6nde seyreden A.A. idaresindeki 07 BDE 460 plakal\u0131 kamyonete arkadan \u00e7arpt\u0131. \u00c7arpman\u0131n \u015fiddetiyle otomobil s\u00fcr\u00fcc\u00fcs\u00fc \u0130smail Ate\u015f ve kamyonette yolcu olarak bulunan D.A. yaraland\u0131. \u0130hbar \u00fczerine olay yerine h\u0131zla sa\u011fl\u0131k ve jandarma ekipleri sevk edildi. Yaral\u0131lar, 112 Acil Servis ekiplerince Kumluca Devlet Hastanesi\u2019ne kald\u0131r\u0131ld\u0131. Ancak, kalp rahats\u0131zl\u0131\u011f\u0131 nedeniyle tedavi g\u00f6rd\u00fc\u011f\u00fc \u00f6\u011frenilen \u0130smail Ate\u015f, hastanede yap\u0131lan t\u00fcm m\u00fcdahalelere ra\u011fmen kurtar\u0131lamayarak hayat\u0131n\u0131 kaybetti. Kamyonetteki yaral\u0131 D.A.\u2019n\u0131n tedavisi ise s\u00fcr\u00fcyor. Kazayla ilgili detayl\u0131 inceleme ba\u015flat\u0131ld\u0131. \u200bAntalya\u2019n\u0131n Kumluca il\u00e7esinde otomobilin kamyonete \u00e7arpmas\u0131 sonucu meydana gelen trafik kazas\u0131nda 1 ki\u015fi hayat\u0131n\u0131 kaybetti, 1 ki\u015fi yaraland\u0131. Kaza, Mavikent Mahallesi\u2019nde sabah saatlerinde ger\u00e7ekle\u015fti.Mehmet \u015eENT\u00dcRK \/ ANTALYA (\u0130GFA) &#8211; Kumluca\u2019ya ba\u011fl\u0131 Mavikent Mahallesi Yenicep\u0131nar mevkisinde trajik bir trafik kazas\u0131 meydana geldi. \u0130smail Ate\u015f\u2019in kulland\u0131\u011f\u0131 07 VBH 77 plakal\u0131 otomobil, ayn\u0131 y\u00f6nde seyreden A.A. idaresindeki 07 BDE 460 plakal\u0131 kamyonete arkadan \u00e7arpt\u0131. \u00c7arpman\u0131n \u015fiddetiyle otomobil s\u00fcr\u00fcc\u00fcs\u00fc \u0130smail Ate\u015f ve kamyonette yolcu olarak bulunan D.A. yaraland\u0131. \u0130hbar \u00fczerine olay yerine &hellip;"}