{"version":"1.0","provider_name":"Av. Deniz Can K\u0131z\u0131l","provider_url":"https:\/\/denizcankizil.tr\/de","author_name":"Antalya K\u00f6rfez","author_url":"https:\/\/denizcankizil.tr\/de\/author\/www-antalyakorfez-com\/","title":"Antalya Barosu: \u00c7ocuklar\u0131 yeti\u015fkinler gibi yarg\u0131lamay\u0131n!","type":"rich","width":600,"height":338,"html":"<blockquote class=\"wp-embedded-content\" data-secret=\"eRZpzw3av3\"><a href=\"https:\/\/denizcankizil.tr\/de\/haberler\/gundem\/antalya-barosu-cocuklari-yetiskinler-gibi-yargilamayin\/\">Antalya Barosu: \u00c7ocuklar\u0131 yeti\u015fkinler gibi yarg\u0131lamay\u0131n!<\/a><\/blockquote><iframe sandbox=\"allow-scripts\" security=\"restricted\" src=\"https:\/\/denizcankizil.tr\/de\/haberler\/gundem\/antalya-barosu-cocuklari-yetiskinler-gibi-yargilamayin\/embed\/#?secret=eRZpzw3av3\" width=\"600\" height=\"338\" title=\"&#8222;Antalya Barosu: \u00c7ocuklar\u0131 yeti\u015fkinler gibi yarg\u0131lamay\u0131n!&#8220; &#8211; Av. Deniz Can K\u0131z\u0131l\" data-secret=\"eRZpzw3av3\" frameborder=\"0\" marginwidth=\"0\" marginheight=\"0\" scrolling=\"no\" class=\"wp-embedded-content\"><\/iframe><script>\n\/*! This file is auto-generated *\/\n!function(d,l){\"use strict\";l.querySelector&&d.addEventListener&&\"undefined\"!=typeof URL&&(d.wp=d.wp||{},d.wp.receiveEmbedMessage||(d.wp.receiveEmbedMessage=function(e){var t=e.data;if((t||t.secret||t.message||t.value)&&!\/[^a-zA-Z0-9]\/.test(t.secret)){for(var s,r,n,a=l.querySelectorAll('iframe[data-secret=\"'+t.secret+'\"]'),o=l.querySelectorAll('blockquote[data-secret=\"'+t.secret+'\"]'),c=new RegExp(\"^https?:$\",\"i\"),i=0;i<o.length;i++)o[i].style.display=\"none\";for(i=0;i<a.length;i++)s=a[i],e.source===s.contentWindow&&(s.removeAttribute(\"style\"),\"height\"===t.message?(1e3<(r=parseInt(t.value,10))?r=1e3:~~r<200&&(r=200),s.height=r):\"link\"===t.message&&(r=new URL(s.getAttribute(\"src\")),n=new URL(t.value),c.test(n.protocol))&&n.host===r.host&&l.activeElement===s&&(d.top.location.href=t.value))}},d.addEventListener(\"message\",d.wp.receiveEmbedMessage,!1),l.addEventListener(\"DOMContentLoaded\",function(){for(var e,t,s=l.querySelectorAll(\"iframe.wp-embedded-content\"),r=0;r<s.length;r++)(t=(e=s[r]).getAttribute(\"data-secret\"))||(t=Math.random().toString(36).substring(2,12),e.src+=\"#?secret=\"+t,e.setAttribute(\"data-secret\",t)),e.contentWindow.postMessage({message:\"ready\",secret:t},\"*\")},!1)))}(window,document);\n\/\/# sourceURL=https:\/\/denizcankizil.tr\/wp-includes\/js\/wp-embed.min.js\n<\/script>","description":"Aralar\u0131nda Antalya Barosu&#8217;nun da bulundu\u011fu T\u00fcrkiye&#8217;den 60 baro, \u00e7ocuklar\u0131n yarg\u0131lanmas\u0131na y\u00f6nelik ortak a\u00e7\u0131klama yapt\u0131. A\u00e7\u0131klamada, mahkemelerde \u00e7ocuklar\u0131n yeti\u015fkinler gibi g\u00f6r\u00fcld\u00fc\u011f\u00fcne dikkat \u00e7ekildi.\u00a0 TOPLUM NEZD\u0130NDE TE\u015eH\u0130R ED\u0130L\u0130YORLAR \u00c7ocuk adalet sisteminin, uluslararas\u0131 s\u00f6zle\u015fmeler ve hukuk ilkeleri \u00e7er\u00e7evesinde, \u00e7ocuklar\u0131n korunmas\u0131 ve adaletin sa\u011flanmas\u0131 amac\u0131yla geli\u015ftirildi\u011fini kaydeden a\u00e7\u0131klamada, &#8220;Su\u00e7a s\u00fcr\u00fcklenen \u00e7ocuklar ile ma\u011fdur \u00e7ocuklar, \u00e7ocuk adalet sistemi i\u00e7erisinde b\u00fct\u00fcnc\u00fcl bir yakla\u015f\u0131mla ele al\u0131nmak zorundad\u0131r. \u00c7ocuklar\u0131n, su\u00e7 isnad\u0131 nedeniyle toplum nezdinde te\u015fhir edilmesi, bireysel kimliklerinin if\u015fa edilmesi ve medya arac\u0131l\u0131\u011f\u0131yla sosyal lin\u00e7 kampanyalar\u0131na maruz b\u0131rak\u0131lmas\u0131 a\u00e7\u0131k\u00e7a hukuka ayk\u0131r\u0131d\u0131r&#8221; denildi. \u00c7OCUK K\u0130ML\u0130KLER\u0130 \u0130F\u015eA ED\u0130L\u0130YOR Su\u00e7un niteli\u011fi ne olursa olsun, \u00e7ocuklar\u0131n adil yarg\u0131lanma hakk\u0131n\u0131n, su\u00e7suz say\u0131lma hakk\u0131n\u0131n ve \u00f6zel hayat\u0131n gizlili\u011fi ilkelerinin ihlal edilmemesi gerekti\u011fine \u0131\u015f\u0131k tutan bildiride, &#8220;T\u00fcrkiye Cumhuriyeti&#8217;nin taraf oldu\u011fu Birle\u015fmi\u015f Milletler \u00c7ocuk Haklar\u0131na Dair S\u00f6zle\u015fme ve ulusal mevzuat, \u00c7ocuk Koruma Kanunu, \u00e7ocuklar\u0131n kimliklerinin her ko\u015fulda gizli tutulmas\u0131n\u0131 ve \u00fcst\u00fcn yararlar\u0131n\u0131n g\u00f6zetilmesini zorunlu k\u0131lmaktad\u0131r. Zira, \u00e7ocuklar aras\u0131nda ayr\u0131m yap\u0131lmaks\u0131z\u0131n, her \u00e7ocu\u011fun korunmas\u0131 temel bir y\u00fck\u00fcml\u00fcl\u00fckt\u00fcr. \u00c7ocuklar\u0131n kimliklerinin if\u015fa edilmesi, \u00e7ocuklar\u0131n ikinci kez ma\u011fdur edilmesine de sebebiyet vermektedir&#8221; ifadelerine yer verildi. SU\u00c7A S\u00dcR\u00dcKLENEN \u00c7OCUK Ma\u011fdur ve su\u00e7a s\u00fcr\u00fcklenen \u00e7ocuk ayr\u0131m\u0131 yap\u0131lmaks\u0131z\u0131n yarg\u0131lama a\u015famas\u0131na dahil olan her \u00e7ocu\u011fun gizlili\u011finin g\u00f6zetilmesi gerekti\u011finin alt\u0131n\u0131 \u00e7izen ifadelerde, &#8220;Son d\u00f6nemde kamuoyunda, su\u00e7a s\u00fcr\u00fckle nen \u00e7ocuklar\u0131n yeti\u015fkinler gibi yarg\u0131lanmas\u0131na y\u00f6nelik taleplerin artt\u0131\u011f\u0131n\u0131 &hellip;"}