{"version":"1.0","provider_name":"Av. Deniz Can K\u0131z\u0131l","provider_url":"https:\/\/denizcankizil.tr\/de","author_name":"admin","author_url":"https:\/\/denizcankizil.tr\/de\/author\/admin\/","title":"Anadolu mozai\u011fi \u0130zmir\u2019de olu\u015ftu","type":"rich","width":600,"height":338,"html":"<blockquote class=\"wp-embedded-content\" data-secret=\"9Fnw7Wo5Du\"><a href=\"https:\/\/denizcankizil.tr\/de\/haberler\/gundem\/anadolu-mozaigi-izmirde-olustu\/\">Anadolu mozai\u011fi \u0130zmir\u2019de olu\u015ftu<\/a><\/blockquote><iframe sandbox=\"allow-scripts\" security=\"restricted\" src=\"https:\/\/denizcankizil.tr\/de\/haberler\/gundem\/anadolu-mozaigi-izmirde-olustu\/embed\/#?secret=9Fnw7Wo5Du\" width=\"600\" height=\"338\" title=\"&#8222;Anadolu mozai\u011fi \u0130zmir\u2019de olu\u015ftu&#8220; &#8211; Av. Deniz Can K\u0131z\u0131l\" data-secret=\"9Fnw7Wo5Du\" frameborder=\"0\" marginwidth=\"0\" marginheight=\"0\" scrolling=\"no\" class=\"wp-embedded-content\"><\/iframe><script>\n\/*! This file is auto-generated *\/\n!function(d,l){\"use strict\";l.querySelector&&d.addEventListener&&\"undefined\"!=typeof URL&&(d.wp=d.wp||{},d.wp.receiveEmbedMessage||(d.wp.receiveEmbedMessage=function(e){var t=e.data;if((t||t.secret||t.message||t.value)&&!\/[^a-zA-Z0-9]\/.test(t.secret)){for(var s,r,n,a=l.querySelectorAll('iframe[data-secret=\"'+t.secret+'\"]'),o=l.querySelectorAll('blockquote[data-secret=\"'+t.secret+'\"]'),c=new RegExp(\"^https?:$\",\"i\"),i=0;i<o.length;i++)o[i].style.display=\"none\";for(i=0;i<a.length;i++)s=a[i],e.source===s.contentWindow&&(s.removeAttribute(\"style\"),\"height\"===t.message?(1e3<(r=parseInt(t.value,10))?r=1e3:~~r<200&&(r=200),s.height=r):\"link\"===t.message&&(r=new URL(s.getAttribute(\"src\")),n=new URL(t.value),c.test(n.protocol))&&n.host===r.host&&l.activeElement===s&&(d.top.location.href=t.value))}},d.addEventListener(\"message\",d.wp.receiveEmbedMessage,!1),l.addEventListener(\"DOMContentLoaded\",function(){for(var e,t,s=l.querySelectorAll(\"iframe.wp-embedded-content\"),r=0;r<s.length;r++)(t=(e=s[r]).getAttribute(\"data-secret\"))||(t=Math.random().toString(36).substring(2,12),e.src+=\"#?secret=\"+t,e.setAttribute(\"data-secret\",t)),e.contentWindow.postMessage({message:\"ready\",secret:t},\"*\")},!1)))}(window,document);\n\/\/# sourceURL=https:\/\/denizcankizil.tr\/wp-includes\/js\/wp-embed.min.js\n<\/script>","description":"\u0130zmir, k\u00fclt\u00fcrel miras\u0131n korunmas\u0131na ve gen\u00e7 nesillere aktar\u0131lmas\u0131na y\u00f6nelik \u00f6nemli bir etkinli\u011fe ev sahipli\u011fi yapt\u0131.\u0130ZM\u0130R (\u0130GFA) &#8211; ODT\u00dc Tarih Bulu\u015fmalar\u0131-II K\u00fclt\u00fcrel Miras \u00d6\u011frenci \u00c7al\u0131\u015ftay\u0131, 25-27 Nisan 2025 tarihlerinde \u0130zmir\u2019in se\u00e7kin okullar\u0131ndan ve ODT\u00dc GVO Ankara, Denizli, Kayseri, Kocaeli ve Mersin okullar\u0131ndan gelen lise \u00f6\u011frencilerini ve \u00f6\u011fretmenlerini bir araya getirerek, k\u00fclt\u00fcrleraras\u0131 etkile\u015fimi ve ortak \u00fcretimi destekledi. ODT\u00dc Tarih Bulu\u015fmalar\u0131-II K\u00fclt\u00fcrel Miras \u00d6\u011frenci \u00c7al\u0131\u015ftay\u0131, \u0130zmir\u2019in tarihi zenginliklerini T\u00fcrkiye\u2019nin d\u00f6rt bir taraf\u0131ndan gelen gen\u00e7 g\u00f6zlerle ke\u015ffetmek ve gelece\u011fe ta\u015f\u0131mak i\u00e7in at\u0131lan b\u00fcy\u00fck bir ad\u0131m oldu. K\u00fclt\u00fcrel mirasa duyulan g\u00fcven ve ba\u011fl\u0131l\u0131\u011f\u0131 peki\u015ftirdi. \u0130zmir\u2019in sembol yerleri gezildi \u00c7al\u0131\u015ftay\u0131n ilk g\u00fcn\u00fc, \u0130zmir\u2019in k\u00f6kl\u00fc tarihini yerinde ke\u015ffetmek amac\u0131yla d\u00fczenlenen saha gezisiyle ba\u015flad\u0131. \u00d6\u011frenciler, Basmane Tren Gar\u0131\u2019ndan ba\u015flayarak K\u00fclt\u00fcrpark ve K\u00fclt\u00fcr Sanat Fabrikas\u0131\u2019na uzanan rotada \u015fehrin tarih\u00ee dokusunu yak\u0131ndan tan\u0131ma f\u0131rsat\u0131 buldu. Arkeoloji M\u00fczesi, Etnografya M\u00fczesi ve Resim Heykel M\u00fczesi gibi \u00f6nemli duraklar, kat\u0131l\u0131mc\u0131lar\u0131n k\u00fclt\u00fcrel miras kavram\u0131n\u0131 sahada deneyimlemelerine olanak sundu. \u00d6zba\u015f: \u201cK\u00fclt\u00fcrel miras\u0131 gelece\u011fe gen\u00e7ler ta\u015f\u0131yacak\u201d \u00c7al\u0131\u015ftay\u0131n ikinci g\u00fcn\u00fc, Prof. Dr. Banu \u00c7ulha \u00d6zba\u015f\u2019\u0131n ilham verici a\u00e7\u0131l\u0131\u015f konu\u015fmas\u0131 ile ba\u015flad\u0131. \u00d6zba\u015f, k\u00fclt\u00fcrel miras\u0131n birey kimli\u011finin ve toplumsal belle\u011fin yap\u0131 ta\u015flar\u0131ndan biri oldu\u011funu vurgulayarak, gen\u00e7lerin bu miras\u0131 gelece\u011fe ta\u015f\u0131ma sorumlulu\u011funa dikkat \u00e7ekti. Ard\u0131ndan Akademik Koordinat\u00f6r Yasemen Ta\u015fdemir, \u00f6\u011frencilerle ger\u00e7ekle\u015ftirdi\u011fi s\u00f6yle\u015fide, k\u00fclt\u00fcrel miras\u0131n sadece korunacak bir de\u011fer de\u011fil, &hellip;"}