{"version":"1.0","provider_name":"Av. Deniz Can K\u0131z\u0131l","provider_url":"https:\/\/denizcankizil.tr\/de","author_name":"admin","author_url":"https:\/\/denizcankizil.tr\/de\/author\/admin\/","title":"Anadolu Kartal\u0131-2025 e\u011fitimi Konya\u2019da ba\u015flad\u0131","type":"rich","width":600,"height":338,"html":"<blockquote class=\"wp-embedded-content\" data-secret=\"SM1lCCBlAj\"><a href=\"https:\/\/denizcankizil.tr\/de\/haberler\/gundem\/anadolu-kartali-2025-egitimi-konyada-basladi\/\">Anadolu Kartal\u0131-2025 e\u011fitimi Konya\u2019da ba\u015flad\u0131<\/a><\/blockquote><iframe sandbox=\"allow-scripts\" security=\"restricted\" src=\"https:\/\/denizcankizil.tr\/de\/haberler\/gundem\/anadolu-kartali-2025-egitimi-konyada-basladi\/embed\/#?secret=SM1lCCBlAj\" width=\"600\" height=\"338\" title=\"&#8222;Anadolu Kartal\u0131-2025 e\u011fitimi Konya\u2019da ba\u015flad\u0131&#8220; &#8211; Av. Deniz Can K\u0131z\u0131l\" data-secret=\"SM1lCCBlAj\" frameborder=\"0\" marginwidth=\"0\" marginheight=\"0\" scrolling=\"no\" class=\"wp-embedded-content\"><\/iframe><script>\n\/*! This file is auto-generated *\/\n!function(d,l){\"use strict\";l.querySelector&&d.addEventListener&&\"undefined\"!=typeof URL&&(d.wp=d.wp||{},d.wp.receiveEmbedMessage||(d.wp.receiveEmbedMessage=function(e){var t=e.data;if((t||t.secret||t.message||t.value)&&!\/[^a-zA-Z0-9]\/.test(t.secret)){for(var s,r,n,a=l.querySelectorAll('iframe[data-secret=\"'+t.secret+'\"]'),o=l.querySelectorAll('blockquote[data-secret=\"'+t.secret+'\"]'),c=new RegExp(\"^https?:$\",\"i\"),i=0;i<o.length;i++)o[i].style.display=\"none\";for(i=0;i<a.length;i++)s=a[i],e.source===s.contentWindow&&(s.removeAttribute(\"style\"),\"height\"===t.message?(1e3<(r=parseInt(t.value,10))?r=1e3:~~r<200&&(r=200),s.height=r):\"link\"===t.message&&(r=new URL(s.getAttribute(\"src\")),n=new URL(t.value),c.test(n.protocol))&&n.host===r.host&&l.activeElement===s&&(d.top.location.href=t.value))}},d.addEventListener(\"message\",d.wp.receiveEmbedMessage,!1),l.addEventListener(\"DOMContentLoaded\",function(){for(var e,t,s=l.querySelectorAll(\"iframe.wp-embedded-content\"),r=0;r<s.length;r++)(t=(e=s[r]).getAttribute(\"data-secret\"))||(t=Math.random().toString(36).substring(2,12),e.src+=\"#?secret=\"+t,e.setAttribute(\"data-secret\",t)),e.contentWindow.postMessage({message:\"ready\",secret:t},\"*\")},!1)))}(window,document);\n\/\/# sourceURL=https:\/\/denizcankizil.tr\/wp-includes\/js\/wp-embed.min.js\n<\/script>","description":"Uluslararas\u0131 Anadolu Kartal\u0131-2025 E\u011fitimi, Konya&#8217;daki 3\u2019\u00fcnc\u00fc Ana Jet \u00dcs Komutanl\u0131\u011f\u0131&#8217;nda start verdi. Ger\u00e7e\u011fe yak\u0131n sava\u015f senaryolar\u0131yla d\u00fczenlenen e\u011fitim, kat\u0131l\u0131mc\u0131lar\u0131n bilgi ve tecr\u00fcbe payla\u015f\u0131m\u0131n\u0131 art\u0131rarak birle\u015fik harekat seviyesini y\u00fckseltmeyi ama\u00e7l\u0131yor.KONYA (\u0130GFA) &#8211; Milli Savunma Bakanl\u0131\u011f\u0131, Uluslararas\u0131 Anadolu Kartal\u0131-2025 E\u011fitiminin Konya\u2019da bulunan 3\u2019\u00fcnc\u00fc Ana Jet \u00dcs Komutanl\u0131\u011f\u0131\u2019nda ba\u015flad\u0131\u011f\u0131n\u0131 duyurdu. E\u011fitim, ger\u00e7e\u011fe yak\u0131n sava\u015f senaryolar\u0131 \u00fczerinden icra ediliyor. E\u011fitimde, farkl\u0131 \u00fclkelerden kat\u0131l\u0131mc\u0131lar\u0131n bilgi, beceri ve tecr\u00fcbelerini payla\u015fmas\u0131 hedefleniyor. Birle\u015fik harek\u00e2ta y\u00f6nelik e\u011fitim seviyesinin art\u0131r\u0131lmas\u0131 amac\u0131yla d\u00fczenlenen Anadolu Kartal\u0131-2025, hava kuvvetlerinin operasyonel kabiliyetlerini g\u00fc\u00e7lendirmeyi ve uluslararas\u0131 i\u015f birli\u011fini peki\u015ftirmeyi ama\u00e7l\u0131yor. \u2708\ufe0f Uluslararas\u0131 Anadolu Kartal\u0131-2025 E\u011fitimi, 3\u2019\u00fcnc\u00fc Ana Jet \u00dcs Komutanl\u0131\u011f\u0131\/Konya\u2019da ba\u015flad\u0131.???? Ger\u00e7e\u011fe yak\u0131n sava\u015f senaryolar\u0131yla icra edilen e\u011fitimde; kat\u0131l\u0131mc\u0131lar\u0131n bilgi, beceri ve tecr\u00fcbelerini payla\u015fmalar\u0131 ile birle\u015fik harek\u00e2ta y\u00f6nelik e\u011fitim seviyelerinin art\u0131r\u0131lmas\u0131\u2026 pic.twitter.com\/SodKySTBvz\u2014 T.C. Mill\u00ee Savunma Bakanl\u0131\u011f\u0131 (@tcsavunma) June 25, 2025 Konya\u2019da ger\u00e7ekle\u015ftirilen e\u011fitim, \u00e7ok uluslu bir yap\u0131da d\u00fczenleniyor. Kat\u0131l\u0131mc\u0131 \u00fclkelerin hava unsurlar\u0131, sim\u00fcle edilmi\u015f sava\u015f ko\u015fullar\u0131nda ortak harek\u00e2t yeteneklerini test ediyor. \u200bUluslararas\u0131 Anadolu Kartal\u0131-2025 E\u011fitimi, Konya&#8217;daki 3\u2019\u00fcnc\u00fc Ana Jet \u00dcs Komutanl\u0131\u011f\u0131&#8217;nda start verdi. Ger\u00e7e\u011fe yak\u0131n sava\u015f senaryolar\u0131yla d\u00fczenlenen e\u011fitim, kat\u0131l\u0131mc\u0131lar\u0131n bilgi ve tecr\u00fcbe payla\u015f\u0131m\u0131n\u0131 art\u0131rarak birle\u015fik harekat seviyesini y\u00fckseltmeyi ama\u00e7l\u0131yor.KONYA (\u0130GFA) &#8211; Milli Savunma Bakanl\u0131\u011f\u0131, Uluslararas\u0131 Anadolu Kartal\u0131-2025 E\u011fitiminin Konya\u2019da bulunan 3\u2019\u00fcnc\u00fc Ana Jet \u00dcs Komutanl\u0131\u011f\u0131\u2019nda ba\u015flad\u0131\u011f\u0131n\u0131 duyurdu. E\u011fitim, ger\u00e7e\u011fe yak\u0131n sava\u015f senaryolar\u0131 \u00fczerinden &hellip;"}