{"version":"1.0","provider_name":"Av. Deniz Can K\u0131z\u0131l","provider_url":"https:\/\/denizcankizil.tr\/de","author_name":"Antalya K\u00f6rfez","author_url":"https:\/\/denizcankizil.tr\/de\/author\/www-antalyakorfez-com\/","title":"Alanya'da koyuna zincirle ve tekmeyle \u015fiddet!","type":"rich","width":600,"height":338,"html":"<blockquote class=\"wp-embedded-content\" data-secret=\"pKE46jJwpw\"><a href=\"https:\/\/denizcankizil.tr\/de\/haberler\/gundem\/alanyada-koyuna-zincirle-ve-tekmeyle-siddet\/\">Alanya&#8217;da koyuna zincirle ve tekmeyle \u015fiddet!<\/a><\/blockquote><iframe sandbox=\"allow-scripts\" security=\"restricted\" src=\"https:\/\/denizcankizil.tr\/de\/haberler\/gundem\/alanyada-koyuna-zincirle-ve-tekmeyle-siddet\/embed\/#?secret=pKE46jJwpw\" width=\"600\" height=\"338\" title=\"&#8222;Alanya&#8217;da koyuna zincirle ve tekmeyle \u015fiddet!&#8220; &#8211; Av. Deniz Can K\u0131z\u0131l\" data-secret=\"pKE46jJwpw\" frameborder=\"0\" marginwidth=\"0\" marginheight=\"0\" scrolling=\"no\" class=\"wp-embedded-content\"><\/iframe><script>\n\/*! This file is auto-generated *\/\n!function(d,l){\"use strict\";l.querySelector&&d.addEventListener&&\"undefined\"!=typeof URL&&(d.wp=d.wp||{},d.wp.receiveEmbedMessage||(d.wp.receiveEmbedMessage=function(e){var t=e.data;if((t||t.secret||t.message||t.value)&&!\/[^a-zA-Z0-9]\/.test(t.secret)){for(var s,r,n,a=l.querySelectorAll('iframe[data-secret=\"'+t.secret+'\"]'),o=l.querySelectorAll('blockquote[data-secret=\"'+t.secret+'\"]'),c=new RegExp(\"^https?:$\",\"i\"),i=0;i<o.length;i++)o[i].style.display=\"none\";for(i=0;i<a.length;i++)s=a[i],e.source===s.contentWindow&&(s.removeAttribute(\"style\"),\"height\"===t.message?(1e3<(r=parseInt(t.value,10))?r=1e3:~~r<200&&(r=200),s.height=r):\"link\"===t.message&&(r=new URL(s.getAttribute(\"src\")),n=new URL(t.value),c.test(n.protocol))&&n.host===r.host&&l.activeElement===s&&(d.top.location.href=t.value))}},d.addEventListener(\"message\",d.wp.receiveEmbedMessage,!1),l.addEventListener(\"DOMContentLoaded\",function(){for(var e,t,s=l.querySelectorAll(\"iframe.wp-embedded-content\"),r=0;r<s.length;r++)(t=(e=s[r]).getAttribute(\"data-secret\"))||(t=Math.random().toString(36).substring(2,12),e.src+=\"#?secret=\"+t,e.setAttribute(\"data-secret\",t)),e.contentWindow.postMessage({message:\"ready\",secret:t},\"*\")},!1)))}(window,document);\n\/\/# sourceURL=https:\/\/denizcankizil.tr\/wp-includes\/js\/wp-embed.min.js\n<\/script>","description":"Antalya&#8217;n\u0131n Alanya il\u00e7esine ba\u011fl\u0131 Payallar Mahallesi&#8217;nde hayvana y\u00f6nelik \u015fiddet g\u00f6r\u00fcnt\u00fcleri tepki toplad\u0131. Bir \u015fah\u0131s, elindeki zincire ba\u011fl\u0131 koyunu g\u00f6t\u00fcrmek istedi ancak koyun direnince \u00f6nce ip ile defalarca vurdu, ard\u0131ndan ba\u015f\u0131na tekme att\u0131. KOYUNA ART ARDA DARBELER \u0130ND\u0130RD\u0130 Koyunun gitmemekte \u0131srar etmesi \u00fczerine \u015fah\u0131s sinirlenerek hayvana art arda darbeler indirdi ve daha sonra ba\u015f\u0131na sert bir tekme att\u0131. \u015eiddet anlar\u0131n\u0131n sosyal medyada payla\u015f\u0131lmas\u0131n\u0131n ard\u0131ndan vatanda\u015flar, hayvana yap\u0131lan muameleye tepki g\u00f6sterdi. VATANDA\u015eLAR \u015eAHIS HAKKINDA \u0130\u015eLEM BA\u015eLATILMASINI \u0130STED\u0130 Olayla ilgili yetkililerin harekete ge\u00e7mesi ve \u015fah\u0131s hakk\u0131nda i\u015flem ba\u015flat\u0131lmas\u0131 bekleniyor. Hayvan haklar\u0131 savunucular\u0131 ise \u015fiddete maruz kalan koyun i\u00e7in adalet \u00e7a\u011fr\u0131s\u0131nda bulundu. \u200bAlanya&#8217;n\u0131n Payallar Mahallesi&#8217;nde bir \u015fah\u0131s, g\u00f6t\u00fcrmek istedi\u011fi koyun gelmeyince hayvana zincirle ve tekmeyle sald\u0131rd\u0131.\u00a0 \u200bHaberin Al\u0131nt\u0131land\u0131\u011f\u0131 Kaynak: www.antalyakorfez.com"}