{"version":"1.0","provider_name":"Av. Deniz Can K\u0131z\u0131l","provider_url":"https:\/\/denizcankizil.tr\/de","author_name":"admin","author_url":"https:\/\/denizcankizil.tr\/de\/author\/admin\/","title":"Afyonkarahisar'a yeni Emniyet M\u00fcd\u00fcr\u00fc","type":"rich","width":600,"height":338,"html":"<blockquote class=\"wp-embedded-content\" data-secret=\"7H0Etyq5qn\"><a href=\"https:\/\/denizcankizil.tr\/de\/haberler\/gundem\/afyonkarahisara-yeni-emniyet-muduru\/\">Afyonkarahisar&#8217;a yeni Emniyet M\u00fcd\u00fcr\u00fc<\/a><\/blockquote><iframe sandbox=\"allow-scripts\" security=\"restricted\" src=\"https:\/\/denizcankizil.tr\/de\/haberler\/gundem\/afyonkarahisara-yeni-emniyet-muduru\/embed\/#?secret=7H0Etyq5qn\" width=\"600\" height=\"338\" title=\"&#8222;Afyonkarahisar&#8217;a yeni Emniyet M\u00fcd\u00fcr\u00fc&#8220; &#8211; Av. Deniz Can K\u0131z\u0131l\" data-secret=\"7H0Etyq5qn\" frameborder=\"0\" marginwidth=\"0\" marginheight=\"0\" scrolling=\"no\" class=\"wp-embedded-content\"><\/iframe><script>\n\/*! This file is auto-generated *\/\n!function(d,l){\"use strict\";l.querySelector&&d.addEventListener&&\"undefined\"!=typeof URL&&(d.wp=d.wp||{},d.wp.receiveEmbedMessage||(d.wp.receiveEmbedMessage=function(e){var t=e.data;if((t||t.secret||t.message||t.value)&&!\/[^a-zA-Z0-9]\/.test(t.secret)){for(var s,r,n,a=l.querySelectorAll('iframe[data-secret=\"'+t.secret+'\"]'),o=l.querySelectorAll('blockquote[data-secret=\"'+t.secret+'\"]'),c=new RegExp(\"^https?:$\",\"i\"),i=0;i<o.length;i++)o[i].style.display=\"none\";for(i=0;i<a.length;i++)s=a[i],e.source===s.contentWindow&&(s.removeAttribute(\"style\"),\"height\"===t.message?(1e3<(r=parseInt(t.value,10))?r=1e3:~~r<200&&(r=200),s.height=r):\"link\"===t.message&&(r=new URL(s.getAttribute(\"src\")),n=new URL(t.value),c.test(n.protocol))&&n.host===r.host&&l.activeElement===s&&(d.top.location.href=t.value))}},d.addEventListener(\"message\",d.wp.receiveEmbedMessage,!1),l.addEventListener(\"DOMContentLoaded\",function(){for(var e,t,s=l.querySelectorAll(\"iframe.wp-embedded-content\"),r=0;r<s.length;r++)(t=(e=s[r]).getAttribute(\"data-secret\"))||(t=Math.random().toString(36).substring(2,12),e.src+=\"#?secret=\"+t,e.setAttribute(\"data-secret\",t)),e.contentWindow.postMessage({message:\"ready\",secret:t},\"*\")},!1)))}(window,document);\n\/\/# sourceURL=https:\/\/denizcankizil.tr\/wp-includes\/js\/wp-embed.min.js\n<\/script>","description":"Afyonkarahisar \u0130l Emniyet M\u00fcd\u00fcr\u00fc Mahmut Ay g\u00f6revden al\u0131nd\u0131, yerine Ahmet Birtan Erol getirildi.ANKARA (\u0130GFA) &#8211; Afyonkarahisar \u0130l Emniyet M\u00fcd\u00fcrl\u00fc\u011f\u00fc&#8217;ne Ahmet Birtan Erol atand\u0131. S\u00f6z konusu atama karar\u0131, Cumhurba\u015fkan\u0131 Recep Tayyip Erdo\u011fan&#8217;\u0131n imzas\u0131yla bug\u00fcnk\u00fc Resmi Gazete&#8217;de yay\u0131mland\u0131. AHMET B\u0130RTAN EROL K\u0130MD\u0130R? Ahmet Birtan Erol, Emniyet Genel M\u00fcd\u00fcrl\u00fc\u011f\u00fc\u2019nde \u00e7e\u015fitli g\u00f6revlerde bulunmu\u015f ve tecr\u00fcbesiyle dikkat \u00e7ekmi\u015f bir isim. Erol, 28 May\u0131s 2019 tarihinden itibaren TBMM Koruma Daire Ba\u015fkan\u0131 olarak g\u00f6rev yapmaktayd\u0131. 24 Ocak 2025 tarihinde yay\u0131mlanan Cumhurba\u015fkanl\u0131\u011f\u0131 kararnamesiyle Afyonkarahisar \u0130l Emniyet M\u00fcd\u00fcr\u00fc olarak atanm\u0131\u015ft\u0131r. \u200bAfyonkarahisar \u0130l Emniyet M\u00fcd\u00fcr\u00fc Mahmut Ay g\u00f6revden al\u0131nd\u0131, yerine Ahmet Birtan Erol getirildi.ANKARA (\u0130GFA) &#8211; Afyonkarahisar \u0130l Emniyet M\u00fcd\u00fcrl\u00fc\u011f\u00fc&#8217;ne Ahmet Birtan Erol atand\u0131. S\u00f6z konusu atama karar\u0131, Cumhurba\u015fkan\u0131 Recep Tayyip Erdo\u011fan&#8217;\u0131n imzas\u0131yla bug\u00fcnk\u00fc Resmi Gazete&#8217;de yay\u0131mland\u0131. AHMET B\u0130RTAN EROL K\u0130MD\u0130R? Ahmet Birtan Erol, Emniyet Genel M\u00fcd\u00fcrl\u00fc\u011f\u00fc\u2019nde \u00e7e\u015fitli g\u00f6revlerde bulunmu\u015f ve tecr\u00fcbesiyle dikkat \u00e7ekmi\u015f bir isim. Erol, 28 May\u0131s 2019 tarihinden itibaren TBMM Koruma Daire Ba\u015fkan\u0131 olarak g\u00f6rev yapmaktayd\u0131. 24 Ocak 2025 tarihinde yay\u0131mlanan Cumhurba\u015fkanl\u0131\u011f\u0131 kararnamesiyle Afyonkarahisar \u0130l Emniyet M\u00fcd\u00fcr\u00fc olarak atanm\u0131\u015ft\u0131r.\u00a0 \u200bHaberin Al\u0131nt\u0131land\u0131\u011f\u0131 Kaynak: www.iskenderun.org"}