{"version":"1.0","provider_name":"Av. Deniz Can K\u0131z\u0131l","provider_url":"https:\/\/denizcankizil.tr\/de","author_name":"Antalya K\u00f6rfez","author_url":"https:\/\/denizcankizil.tr\/de\/author\/www-antalyakorfez-com\/","title":"2 gazeteci g\u00f6zalt\u0131na al\u0131nd\u0131","type":"rich","width":600,"height":338,"html":"<blockquote class=\"wp-embedded-content\" data-secret=\"TcwzGeMnck\"><a href=\"https:\/\/denizcankizil.tr\/de\/haberler\/gundem\/2-gazeteci-gozaltina-alindi\/\">2 gazeteci g\u00f6zalt\u0131na al\u0131nd\u0131<\/a><\/blockquote><iframe sandbox=\"allow-scripts\" security=\"restricted\" src=\"https:\/\/denizcankizil.tr\/de\/haberler\/gundem\/2-gazeteci-gozaltina-alindi\/embed\/#?secret=TcwzGeMnck\" width=\"600\" height=\"338\" title=\"&#8222;2 gazeteci g\u00f6zalt\u0131na al\u0131nd\u0131&#8220; &#8211; Av. Deniz Can K\u0131z\u0131l\" data-secret=\"TcwzGeMnck\" frameborder=\"0\" marginwidth=\"0\" marginheight=\"0\" scrolling=\"no\" class=\"wp-embedded-content\"><\/iframe><script>\n\/*! This file is auto-generated *\/\n!function(d,l){\"use strict\";l.querySelector&&d.addEventListener&&\"undefined\"!=typeof URL&&(d.wp=d.wp||{},d.wp.receiveEmbedMessage||(d.wp.receiveEmbedMessage=function(e){var t=e.data;if((t||t.secret||t.message||t.value)&&!\/[^a-zA-Z0-9]\/.test(t.secret)){for(var s,r,n,a=l.querySelectorAll('iframe[data-secret=\"'+t.secret+'\"]'),o=l.querySelectorAll('blockquote[data-secret=\"'+t.secret+'\"]'),c=new RegExp(\"^https?:$\",\"i\"),i=0;i<o.length;i++)o[i].style.display=\"none\";for(i=0;i<a.length;i++)s=a[i],e.source===s.contentWindow&&(s.removeAttribute(\"style\"),\"height\"===t.message?(1e3<(r=parseInt(t.value,10))?r=1e3:~~r<200&&(r=200),s.height=r):\"link\"===t.message&&(r=new URL(s.getAttribute(\"src\")),n=new URL(t.value),c.test(n.protocol))&&n.host===r.host&&l.activeElement===s&&(d.top.location.href=t.value))}},d.addEventListener(\"message\",d.wp.receiveEmbedMessage,!1),l.addEventListener(\"DOMContentLoaded\",function(){for(var e,t,s=l.querySelectorAll(\"iframe.wp-embedded-content\"),r=0;r<s.length;r++)(t=(e=s[r]).getAttribute(\"data-secret\"))||(t=Math.random().toString(36).substring(2,12),e.src+=\"#?secret=\"+t,e.setAttribute(\"data-secret\",t)),e.contentWindow.postMessage({message:\"ready\",secret:t},\"*\")},!1)))}(window,document);\n\/\/# sourceURL=https:\/\/denizcankizil.tr\/wp-includes\/js\/wp-embed.min.js\n<\/script>","description":"\u0130stanbul B\u00fcy\u00fck\u015fehir Belediye Ba\u015fkan\u0131 Ekrem \u0130mamo\u011flu d\u00fcn d\u00fczenledi\u011fi bas\u0131n toplant\u0131s\u0131nda, bir bilirki\u015fiyle ilgili \u00e7e\u015fitli iddialarda bulunmu\u015f ard\u0131ndan hakk\u0131nda soru\u015fturma a\u00e7\u0131lm\u0131\u015ft\u0131. \u0130mamo\u011flu&#8217;na ba\u015flat\u0131lan soru\u015fturman\u0131n ard\u0131ndan Halk TV yay\u0131n\u0131nda bilirki\u015fi ile yap\u0131lan telefon g\u00f6r\u00fc\u015fmesinin izinsiz olarak kayda al\u0131p yay\u0131nlad\u0131\u011f\u0131 ayr\u0131ca bilirki\u015finin isminin hedef g\u00f6sterilecek \u015fekilde a\u00e7\u0131klayarak yarg\u0131laman\u0131n seyrini etkilemeye y\u00f6nelik s\u00f6zler sarf etti\u011fi gerek\u00e7esiyle Bar\u0131\u015f Pehlivan ve Halk Tv&#8217;nin ilgili sunucusu ve yetkilileri hakk\u0131nda &#8220;Ki\u015filer Aras\u0131ndaki Konu\u015fmalar\u0131n Dinlenmesi ve Kayda Al\u0131nmas\u0131 ve Bilirki\u015fiyi Etkilemeye Te\u015febb\u00fcs&#8221; su\u00e7lar\u0131ndan soru\u015fturma ba\u015flat\u0131ld\u0131. 2 GAZETEC\u0130 G\u00d6ZALTINA ALINDI\u00a0 Halk TV&#8217;nin sahibi Cafer Mahiro\u011flu sosyal medya hesab\u0131ndan Halk TV programc\u0131s\u0131 Serhan Asker&#8217;in de g\u00f6zalt\u0131na al\u0131nd\u0131\u011f\u0131n\u0131 duyurdu. Mahiro\u011flu, &#8220;Halk TV programc\u0131s\u0131 ve Sorumlu M\u00fcd\u00fcr\u00fc Serhan Asker ve Bar\u0131\u015f Pehlivan, bu ak\u015fam Kayda Ge\u00e7sin program\u0131na haz\u0131rlan\u0131rken, Halk TV binas\u0131ndan g\u00f6zalt\u0131na al\u0131nd\u0131. Bu \u00fclke \u00e7ok \u015fey ya\u015fad\u0131, \u00e7ok a\u011f\u0131r d\u00f6nemlerden ge\u00e7ti; her defas\u0131nda g\u00fc\u00e7lenerek \u00e7\u0131kt\u0131, yoluna devam etti. Bu sefer de \u00f6yle olacak. Hi\u00e7bir yapt\u0131r\u0131m T\u00fcrk halk\u0131n\u0131n as\u0131rlardan beri s\u00fcregelen \u00f6zg\u00fcrl\u00fck a\u015fk\u0131n\u0131n \u00f6n\u00fcne ge\u00e7emedi, ge\u00e7emez&#8221; a\u00e7\u0131klamas\u0131nda bulundu. EKREM \u0130MAMO\u011eLU TEPK\u0130 G\u00d6STERD\u0130\u00a0 Ya\u015fanan bu geli\u015fmelere bir tepki de \u0130stanbul B\u00fcy\u00fck\u015fehir Belediye Ba\u015fkan\u0131 Ekrem \u0130mamo\u011flu&#8217;ndan geldi. \u0130mamo\u011flu sosyal medya \u00fczerinden yapt\u0131\u011f\u0131 payla\u015f\u0131mda, &#8220;T\u00fcrkiye yeni bir \u201cDokunan Yanar\u201d d\u00f6nemine girmi\u015ftir. Hukuktan gelen g\u00fcc\u00fcn \u00e7ok aleni istismar edildi\u011fini ve toplumun her kesimine korku sal\u0131nmaya \u00e7al\u0131\u015f\u0131ld\u0131\u011f\u0131n\u0131 g\u00f6r\u00fcyoruz. &hellip;"}