{"version":"1.0","provider_name":"Av. Deniz Can K\u0131z\u0131l","provider_url":"https:\/\/denizcankizil.tr\/de","author_name":"Av. Deniz Can K\u0131z\u0131l","author_url":"https:\/\/denizcankizil.tr\/de\/author\/denizcankizil\/","title":"Zeytin a\u011fac\u0131 kurak yazda strese girdi","type":"rich","width":600,"height":338,"html":"<blockquote class=\"wp-embedded-content\" data-secret=\"fybpDYmK1X\"><a href=\"https:\/\/denizcankizil.tr\/de\/haberler\/antalya\/zeytin-agaci-kurak-yazda-strese-girdi\/\">Zeytin a\u011fac\u0131 kurak yazda strese girdi<\/a><\/blockquote><iframe sandbox=\"allow-scripts\" security=\"restricted\" src=\"https:\/\/denizcankizil.tr\/de\/haberler\/antalya\/zeytin-agaci-kurak-yazda-strese-girdi\/embed\/#?secret=fybpDYmK1X\" width=\"600\" height=\"338\" title=\"&#8222;Zeytin a\u011fac\u0131 kurak yazda strese girdi&#8220; &#8211; Av. Deniz Can K\u0131z\u0131l\" data-secret=\"fybpDYmK1X\" frameborder=\"0\" marginwidth=\"0\" marginheight=\"0\" scrolling=\"no\" class=\"wp-embedded-content\"><\/iframe><script>\n\/*! This file is auto-generated *\/\n!function(d,l){\"use strict\";l.querySelector&&d.addEventListener&&\"undefined\"!=typeof URL&&(d.wp=d.wp||{},d.wp.receiveEmbedMessage||(d.wp.receiveEmbedMessage=function(e){var t=e.data;if((t||t.secret||t.message||t.value)&&!\/[^a-zA-Z0-9]\/.test(t.secret)){for(var s,r,n,a=l.querySelectorAll('iframe[data-secret=\"'+t.secret+'\"]'),o=l.querySelectorAll('blockquote[data-secret=\"'+t.secret+'\"]'),c=new RegExp(\"^https?:$\",\"i\"),i=0;i<o.length;i++)o[i].style.display=\"none\";for(i=0;i<a.length;i++)s=a[i],e.source===s.contentWindow&&(s.removeAttribute(\"style\"),\"height\"===t.message?(1e3<(r=parseInt(t.value,10))?r=1e3:~~r<200&&(r=200),s.height=r):\"link\"===t.message&&(r=new URL(s.getAttribute(\"src\")),n=new URL(t.value),c.test(n.protocol))&&n.host===r.host&&l.activeElement===s&&(d.top.location.href=t.value))}},d.addEventListener(\"message\",d.wp.receiveEmbedMessage,!1),l.addEventListener(\"DOMContentLoaded\",function(){for(var e,t,s=l.querySelectorAll(\"iframe.wp-embedded-content\"),r=0;r<s.length;r++)(t=(e=s[r]).getAttribute(\"data-secret\"))||(t=Math.random().toString(36).substring(2,12),e.src+=\"#?secret=\"+t,e.setAttribute(\"data-secret\",t)),e.contentWindow.postMessage({message:\"ready\",secret:t},\"*\")},!1)))}(window,document);\n\/\/# sourceURL=https:\/\/denizcankizil.tr\/wp-includes\/js\/wp-embed.min.js\n<\/script>","thumbnail_url":"http:\/\/denizcankizil.tr\/wp-content\/uploads\/2025\/01\/4093-01-JHn9ns.jpeg","thumbnail_width":1280,"thumbnail_height":720,"description":"Bu y\u0131l T\u00fcrkiye&#8217;de zeytin ve zeytinya\u011f\u0131 \u00fcretimi, Meteoroloji Genel M\u00fcd\u00fcrl\u00fc\u011f\u00fc&#8217;n\u00fcn raporlar\u0131na g\u00f6re son 54 y\u0131l\u0131n en s\u0131cak yaz mevsimi nedeniyle ciddi oranda kalite ve verim kayb\u0131na u\u011frad\u0131. UZZK \u00fcyesi ve rekolte tespit komisyonunda g\u00f6revli Antalya Ticaret Borsas\u0131&#8217;nda zeytinden sorumlu meslek komitesi \u00fcyesi Zafer Tan, a\u015f\u0131r\u0131 s\u0131caklar\u0131n hem zeytin hem de zeytinya\u011f\u0131 verim ve kalitesini olumsuz etkiledi\u011fini a\u00e7\u0131klad\u0131. Zafer Tan, UZZK 2024-2025 \u00fcretim sezonu verilerine g\u00f6re toplam 475 bin ton zeytinya\u011f\u0131 \u00fcretimiyle de T\u00fcrkiye&#8217;nin d\u00fcnyada 4\u2019\u00fcnc\u00fc s\u0131rada oldu\u011funu dile getirdi. ZEYT\u0130N \u00c7EK\u0130RDE\u011e\u0130 \u0130R\u0130L\u0130\u011e\u0130 OLU\u015eMADI Bu sezon zeytin \u00fcretimindeki en \u00f6nemli sorunun a\u015f\u0131r\u0131 s\u0131cak ge\u00e7en yaz aylar\u0131 oldu\u011funa dikkat \u00e7eken Zafer Tan, \u201cZeytin a\u011fa\u00e7lar\u0131m\u0131z baharda \u00e7i\u00e7ek a\u00e7t\u0131, meyveyi g\u00f6sterdi. Ama yaz aylar\u0131 havalar a\u015f\u0131r\u0131 s\u0131cak, kurak ve susuz ge\u00e7ti. \u00d6nceki y\u0131llarda geceleri 30 derece, g\u00fcnd\u00fcz 40 derece ve nem vard\u0131. Bitki bu nemle beslenirdi. Ancak bu sezon yaz aylar\u0131 gece de 40, g\u00fcnd\u00fcz de 40 derece ya\u015fand\u0131. Temmuz ve a\u011fustos aylar\u0131, zeytin \u00e7ekirde\u011finin irili\u011fini sa\u011flay\u0131p, oturdu\u011fu d\u00f6nemdir. Kurakl\u0131\u011fa ba\u011fl\u0131 sulanamayan arazilerdeki zeytinlerin \u00e7ekirdekleri b\u00fcy\u00fcmedi, irili\u011fi sa\u011flanamad\u0131&#8221; dedi. A\u011eA\u00c7LAR STRESE G\u0130RD\u0130 \u00c7ekirdek irili\u011fi sa\u011flanamad\u0131\u011f\u0131 s\u00fcrece zeytinya\u011f\u0131 verimi al\u0131namayaca\u011f\u0131na vurgu yapan Tan, \u201cK\u0131ra\u00e7 b\u00f6lgelerde \u00f6zellikle zeytin \u00e7ekirdekleri b\u00fcy\u00fcmedi, meyveler buru\u015ftu. Ayr\u0131ca \u00f6zellikle Akdeniz&#8217;de halkal\u0131 leke dedi\u011fimiz yapraktaki mantar\u0131n meyveye s\u0131\u00e7ramas\u0131, sebze seralar\u0131nda kullan\u0131lan zirai &hellip;"}