{"version":"1.0","provider_name":"Av. Deniz Can K\u0131z\u0131l","provider_url":"https:\/\/denizcankizil.tr\/de","author_name":"Av. Deniz Can K\u0131z\u0131l","author_url":"https:\/\/denizcankizil.tr\/de\/author\/denizcankizil\/","title":"Yang\u0131nda inek ve buza\u011f\u0131 telef oldu","type":"rich","width":600,"height":338,"html":"<blockquote class=\"wp-embedded-content\" data-secret=\"6d6R7A8E37\"><a href=\"https:\/\/denizcankizil.tr\/de\/haberler\/antalya\/yanginda-inek-ve-buzagi-telef-oldu\/\">Yang\u0131nda inek ve buza\u011f\u0131 telef oldu<\/a><\/blockquote><iframe sandbox=\"allow-scripts\" security=\"restricted\" src=\"https:\/\/denizcankizil.tr\/de\/haberler\/antalya\/yanginda-inek-ve-buzagi-telef-oldu\/embed\/#?secret=6d6R7A8E37\" width=\"600\" height=\"338\" title=\"&#8222;Yang\u0131nda inek ve buza\u011f\u0131 telef oldu&#8220; &#8211; Av. Deniz Can K\u0131z\u0131l\" data-secret=\"6d6R7A8E37\" frameborder=\"0\" marginwidth=\"0\" marginheight=\"0\" scrolling=\"no\" class=\"wp-embedded-content\"><\/iframe><script>\n\/*! This file is auto-generated *\/\n!function(d,l){\"use strict\";l.querySelector&&d.addEventListener&&\"undefined\"!=typeof URL&&(d.wp=d.wp||{},d.wp.receiveEmbedMessage||(d.wp.receiveEmbedMessage=function(e){var t=e.data;if((t||t.secret||t.message||t.value)&&!\/[^a-zA-Z0-9]\/.test(t.secret)){for(var s,r,n,a=l.querySelectorAll('iframe[data-secret=\"'+t.secret+'\"]'),o=l.querySelectorAll('blockquote[data-secret=\"'+t.secret+'\"]'),c=new RegExp(\"^https?:$\",\"i\"),i=0;i<o.length;i++)o[i].style.display=\"none\";for(i=0;i<a.length;i++)s=a[i],e.source===s.contentWindow&&(s.removeAttribute(\"style\"),\"height\"===t.message?(1e3<(r=parseInt(t.value,10))?r=1e3:~~r<200&&(r=200),s.height=r):\"link\"===t.message&&(r=new URL(s.getAttribute(\"src\")),n=new URL(t.value),c.test(n.protocol))&&n.host===r.host&&l.activeElement===s&&(d.top.location.href=t.value))}},d.addEventListener(\"message\",d.wp.receiveEmbedMessage,!1),l.addEventListener(\"DOMContentLoaded\",function(){for(var e,t,s=l.querySelectorAll(\"iframe.wp-embedded-content\"),r=0;r<s.length;r++)(t=(e=s[r]).getAttribute(\"data-secret\"))||(t=Math.random().toString(36).substring(2,12),e.src+=\"#?secret=\"+t,e.setAttribute(\"data-secret\",t)),e.contentWindow.postMessage({message:\"ready\",secret:t},\"*\")},!1)))}(window,document);\n\/\/# sourceURL=https:\/\/denizcankizil.tr\/wp-includes\/js\/wp-embed.min.js\n<\/script>","thumbnail_url":"https:\/\/denizcankizil.tr\/wp-content\/uploads\/2025\/02\/4579-01-24hXpu.jpeg","thumbnail_width":1280,"thumbnail_height":720,"description":"\u0130tfaiye ekipleri taraf\u0131ndan kontrol alt\u0131na al\u0131nan yang\u0131n, evde de maddi hasara yol a\u00e7t\u0131. Yang\u0131n, bug\u00fcn sabaha kar\u015f\u0131 K\u0131z\u0131lg\u00fcney Mahallesi&#8217;nde ikamet eden H\u00fcseyin Akta\u015f\u2019a ait iki katl\u0131 m\u00fcstakil evin alt\u0131nda bulunan ah\u0131rda ba\u015flad\u0131. Edinilen bilgiye g\u00f6re, \u00e7\u0131k\u0131\u015f nedeni hen\u00fcz belirlenemeyen yang\u0131n\u0131 fark eden hane sahipleri durumu 112 Acil \u00c7a\u011fr\u0131 Merkezine bildirdi. Al\u0131nan ihbar\u0131n ard\u0131ndan olay yerine jandarma ve Antalya B\u00fcy\u00fck\u015fehir Belediyesi Gazipa\u015fa \u0130tfaiye Birimi ekipleri sevk edildi. Mahalle sakinleri ve itfaiye ekipleri, yang\u0131n\u0131 kontrol alt\u0131na almak i\u00e7in \u00e7al\u0131\u015fma ba\u015flat\u0131rken, yang\u0131nda ah\u0131rda bulunan 1 inek ve buza\u011f\u0131 telef oldu. Uzun u\u011fra\u015flar\u0131n ard\u0131ndan itfaiye ekipleri taraf\u0131ndan kontrol alt\u0131na al\u0131nan yang\u0131n, evde de maddi hasara yol a\u00e7t\u0131. Yang\u0131nla ilgili inceleme ba\u015flat\u0131ld\u0131. Kaynak: www.kanalv.com.tr Haber Sitesinden Al\u0131nm\u0131\u015ft\u0131r."}