{"version":"1.0","provider_name":"Av. Deniz Can K\u0131z\u0131l","provider_url":"https:\/\/denizcankizil.tr\/de","author_name":"Av. Deniz Can K\u0131z\u0131l","author_url":"https:\/\/denizcankizil.tr\/de\/author\/denizcankizil\/","title":"T\u00fcrkiye\u2019de t\u00fcberk\u00fcloz oran\u0131 d\u00fc\u015f\u00fc\u015fte","type":"rich","width":600,"height":338,"html":"<blockquote class=\"wp-embedded-content\" data-secret=\"VtNSiKROZE\"><a href=\"https:\/\/denizcankizil.tr\/de\/haberler\/antalya\/turkiyede-tuberkuloz-orani-dususte\/\">T\u00fcrkiye\u2019de t\u00fcberk\u00fcloz oran\u0131 d\u00fc\u015f\u00fc\u015fte<\/a><\/blockquote><iframe sandbox=\"allow-scripts\" security=\"restricted\" src=\"https:\/\/denizcankizil.tr\/de\/haberler\/antalya\/turkiyede-tuberkuloz-orani-dususte\/embed\/#?secret=VtNSiKROZE\" width=\"600\" height=\"338\" title=\"&#8222;T\u00fcrkiye\u2019de t\u00fcberk\u00fcloz oran\u0131 d\u00fc\u015f\u00fc\u015fte&#8220; &#8211; Av. Deniz Can K\u0131z\u0131l\" data-secret=\"VtNSiKROZE\" frameborder=\"0\" marginwidth=\"0\" marginheight=\"0\" scrolling=\"no\" class=\"wp-embedded-content\"><\/iframe><script>\n\/*! This file is auto-generated *\/\n!function(d,l){\"use strict\";l.querySelector&&d.addEventListener&&\"undefined\"!=typeof URL&&(d.wp=d.wp||{},d.wp.receiveEmbedMessage||(d.wp.receiveEmbedMessage=function(e){var t=e.data;if((t||t.secret||t.message||t.value)&&!\/[^a-zA-Z0-9]\/.test(t.secret)){for(var s,r,n,a=l.querySelectorAll('iframe[data-secret=\"'+t.secret+'\"]'),o=l.querySelectorAll('blockquote[data-secret=\"'+t.secret+'\"]'),c=new RegExp(\"^https?:$\",\"i\"),i=0;i<o.length;i++)o[i].style.display=\"none\";for(i=0;i<a.length;i++)s=a[i],e.source===s.contentWindow&&(s.removeAttribute(\"style\"),\"height\"===t.message?(1e3<(r=parseInt(t.value,10))?r=1e3:~~r<200&&(r=200),s.height=r):\"link\"===t.message&&(r=new URL(s.getAttribute(\"src\")),n=new URL(t.value),c.test(n.protocol))&&n.host===r.host&&l.activeElement===s&&(d.top.location.href=t.value))}},d.addEventListener(\"message\",d.wp.receiveEmbedMessage,!1),l.addEventListener(\"DOMContentLoaded\",function(){for(var e,t,s=l.querySelectorAll(\"iframe.wp-embedded-content\"),r=0;r<s.length;r++)(t=(e=s[r]).getAttribute(\"data-secret\"))||(t=Math.random().toString(36).substring(2,12),e.src+=\"#?secret=\"+t,e.setAttribute(\"data-secret\",t)),e.contentWindow.postMessage({message:\"ready\",secret:t},\"*\")},!1)))}(window,document);\n\/\/# sourceURL=https:\/\/denizcankizil.tr\/wp-includes\/js\/wp-embed.min.js\n<\/script>","thumbnail_url":"https:\/\/denizcankizil.tr\/wp-content\/uploads\/2025\/03\/5703-01-8ffluI.jpeg","thumbnail_width":1280,"thumbnail_height":720,"description":"Akdeniz \u00dcniversitesi T\u0131p Fak\u00fcltesi G\u00f6\u011f\u00fcs Hastal\u0131klar\u0131 Ana Bilim Dal\u0131 \u00d6\u011fretim \u00dcyesi Do\u00e7. Dr. Nurg\u00fcl Bozkurt, 24 Mart D\u00fcnya T\u00fcberk\u00fcloz G\u00fcn\u00fc dolay\u0131s\u0131yla yapt\u0131\u011f\u0131 a\u00e7\u0131klamada, halk aras\u0131nda verem olarak bilinen t\u00fcberk\u00fclozun insanl\u0131k tarihi kadar eski ancak tamamen tedavi edilebilir bir hastal\u0131k oldu\u011funu vurgularken, T\u00fcrkiye\u2019de t\u00fcberk\u00fcloz oran\u0131n\u0131n s\u0131kl\u0131\u011f\u0131n\u0131n azald\u0131\u011f\u0131n\u0131 belirtti. &#8220;T\u00fcberk\u00fcloz tarih boyunca \u00f6nemini korudu&#8221; T\u00fcberk\u00fclozun milattan \u00f6nceki d\u00f6nemlerden itibaren bilinen bir hastal\u0131k oldu\u011funu belirten Bozkurt, &#8220;18. y\u00fczy\u0131l\u0131n sonlar\u0131na kadar hastal\u0131\u011f\u0131n nedeni bilinmiyordu. Ancak bu d\u00f6nemde basil tespit edilerek t\u00fcberk\u00fclozun bir enfeksiyon hastal\u0131\u011f\u0131 oldu\u011fu anla\u015f\u0131ld\u0131. Tarih boyunca kan t\u00fck\u00fcrme gibi dramatik semptomlar\u0131 nedeniyle pek \u00e7ok filme ve esere konu olmu\u015ftur. Hastal\u0131\u011f\u0131n en yayg\u0131n belirtileri, \u00f6ks\u00fcr\u00fck, balgam, ate\u015f, gece terlemesi ve \u00f6zellikle \u00f6\u011fleden sonra y\u00fckselen ate\u015f. Bu belirtiler hastalar taraf\u0131ndan genellikle \u00fc\u015f\u00fctme ya da basit bir enfeksiyon gibi alg\u0131lan\u0131yor. Ancak erken te\u015fhis edilmezse t\u00fcberk\u00fcloz akci\u011ferde kal\u0131c\u0131 hasara neden olabilir&#8221; dedi. T\u00fcrkiye\u2019de t\u00fcberk\u00fcloz oran\u0131 Do\u00e7. Dr. Bozkurt, d\u00fcnya genelinde t\u00fcberk\u00fclozun hala yayg\u0131n oldu\u011funu belirterek, &#8220;T\u00fcm D\u00fcnyada oldu\u011fu gibi \u00fclkemizde de hala g\u00fcncelli\u011fini koruyor. 1970\u2019li y\u0131llarda sa\u011fl\u0131k \u00e7al\u0131\u015fanlar\u0131n\u0131n \u00f6zverili \u00e7al\u0131\u015fmalar\u0131ndan sonra biraz daha s\u0131kl\u0131\u011f\u0131 azalm\u0131\u015ft\u0131r. 100 bine 14 kadar bir s\u0131kl\u0131\u011f\u0131 var. D\u00fcnyada da G\u00fcney Afrika gibi geri kalm\u0131\u015f \u00fclkelerde s\u0131kl\u0131k biraz daha fazla. Ama geli\u015fmi\u015f \u00fclkelerde \u00e7ok fazla s\u0131kl\u0131\u011f\u0131 g\u00f6r\u00fclm\u00fcyor. Bizim de \u00fclkemiz buna paralel &hellip;"}