{"version":"1.0","provider_name":"Av. Deniz Can K\u0131z\u0131l","provider_url":"https:\/\/denizcankizil.tr\/de","author_name":"Av. Deniz Can K\u0131z\u0131l","author_url":"https:\/\/denizcankizil.tr\/de\/author\/denizcankizil\/","title":"Trafo yang\u0131n\u0131 ekiplerin m\u00fcdahalesiyle s\u00f6nd\u00fcr\u00fcld\u00fc","type":"rich","width":600,"height":338,"html":"<blockquote class=\"wp-embedded-content\" data-secret=\"I5eEdVqK8b\"><a href=\"https:\/\/denizcankizil.tr\/de\/haberler\/antalya\/trafo-yangini-ekiplerin-mudahalesiyle-sonduruldu\/\">Trafo yang\u0131n\u0131 ekiplerin m\u00fcdahalesiyle s\u00f6nd\u00fcr\u00fcld\u00fc<\/a><\/blockquote><iframe sandbox=\"allow-scripts\" security=\"restricted\" src=\"https:\/\/denizcankizil.tr\/de\/haberler\/antalya\/trafo-yangini-ekiplerin-mudahalesiyle-sonduruldu\/embed\/#?secret=I5eEdVqK8b\" width=\"600\" height=\"338\" title=\"&#8222;Trafo yang\u0131n\u0131 ekiplerin m\u00fcdahalesiyle s\u00f6nd\u00fcr\u00fcld\u00fc&#8220; &#8211; Av. Deniz Can K\u0131z\u0131l\" data-secret=\"I5eEdVqK8b\" frameborder=\"0\" marginwidth=\"0\" marginheight=\"0\" scrolling=\"no\" class=\"wp-embedded-content\"><\/iframe><script>\n\/*! This file is auto-generated *\/\n!function(d,l){\"use strict\";l.querySelector&&d.addEventListener&&\"undefined\"!=typeof URL&&(d.wp=d.wp||{},d.wp.receiveEmbedMessage||(d.wp.receiveEmbedMessage=function(e){var t=e.data;if((t||t.secret||t.message||t.value)&&!\/[^a-zA-Z0-9]\/.test(t.secret)){for(var s,r,n,a=l.querySelectorAll('iframe[data-secret=\"'+t.secret+'\"]'),o=l.querySelectorAll('blockquote[data-secret=\"'+t.secret+'\"]'),c=new RegExp(\"^https?:$\",\"i\"),i=0;i<o.length;i++)o[i].style.display=\"none\";for(i=0;i<a.length;i++)s=a[i],e.source===s.contentWindow&&(s.removeAttribute(\"style\"),\"height\"===t.message?(1e3<(r=parseInt(t.value,10))?r=1e3:~~r<200&&(r=200),s.height=r):\"link\"===t.message&&(r=new URL(s.getAttribute(\"src\")),n=new URL(t.value),c.test(n.protocol))&&n.host===r.host&&l.activeElement===s&&(d.top.location.href=t.value))}},d.addEventListener(\"message\",d.wp.receiveEmbedMessage,!1),l.addEventListener(\"DOMContentLoaded\",function(){for(var e,t,s=l.querySelectorAll(\"iframe.wp-embedded-content\"),r=0;r<s.length;r++)(t=(e=s[r]).getAttribute(\"data-secret\"))||(t=Math.random().toString(36).substring(2,12),e.src+=\"#?secret=\"+t,e.setAttribute(\"data-secret\",t)),e.contentWindow.postMessage({message:\"ready\",secret:t},\"*\")},!1)))}(window,document);\n\/\/# sourceURL=https:\/\/denizcankizil.tr\/wp-includes\/js\/wp-embed.min.js\n<\/script>","description":"Yang\u0131n, saat 01.00 s\u0131ralar\u0131nda Pazarc\u0131 Mahallesi U\u011fur Mumcu Caddesi&#8217;nde meydana geldi. Gazipa\u015fa Yat Liman\u0131 kar\u015f\u0131s\u0131ndaki trafoda ba\u015flayan yang\u0131n, \u00e7evrede pani\u011fe neden oldu. \u0130hbar \u00fczerine b\u00f6lgeye polis, itfaiye ile Akdeniz Elektrik Da\u011f\u0131t\u0131m A.\u015e. personeli sevk edildi. Elektrik \u015firketi ekiplerinin hattaki enerjiyi kesmesinin ard\u0131ndan itfaiye yang\u0131na m\u00fcdahale etti. Yang\u0131n\u0131 uzun u\u011fra\u015flar sonucu kontrol alt\u0131na al\u0131nd\u0131. Yang\u0131n\u0131n \u00e7\u0131k\u0131\u015f nedeni hen\u00fcz kesinlik kazanmazken, ilk belirlemelere g\u00f6re s\u0131k s\u0131k ya\u015fanan elektrik kesintileri ve ani geri gelmelerin k\u0131sa devreye neden olabilece\u011fi \u00fczerinde duruluyor. Olayla ilgili inceleme ba\u015flat\u0131ld\u0131. Kaynak: www.kanalv.com.tr Haber Sitesinden Al\u0131nm\u0131\u015ft\u0131r."}