{"version":"1.0","provider_name":"Av. Deniz Can K\u0131z\u0131l","provider_url":"https:\/\/denizcankizil.tr\/de","author_name":"Av. Deniz Can K\u0131z\u0131l","author_url":"https:\/\/denizcankizil.tr\/de\/author\/denizcankizil\/","title":"Sa\u011fl\u0131k\u00e7\u0131lar satran\u00e7 turnuvas\u0131nda bir araya geldi","type":"rich","width":600,"height":338,"html":"<blockquote class=\"wp-embedded-content\" data-secret=\"chUbai7L4M\"><a href=\"https:\/\/denizcankizil.tr\/de\/haberler\/antalya\/saglikcilar-satranc-turnuvasinda-bir-araya-geldi\/\">Sa\u011fl\u0131k\u00e7\u0131lar satran\u00e7 turnuvas\u0131nda bir araya geldi<\/a><\/blockquote><iframe sandbox=\"allow-scripts\" security=\"restricted\" src=\"https:\/\/denizcankizil.tr\/de\/haberler\/antalya\/saglikcilar-satranc-turnuvasinda-bir-araya-geldi\/embed\/#?secret=chUbai7L4M\" width=\"600\" height=\"338\" title=\"&#8222;Sa\u011fl\u0131k\u00e7\u0131lar satran\u00e7 turnuvas\u0131nda bir araya geldi&#8220; &#8211; Av. Deniz Can K\u0131z\u0131l\" data-secret=\"chUbai7L4M\" frameborder=\"0\" marginwidth=\"0\" marginheight=\"0\" scrolling=\"no\" class=\"wp-embedded-content\"><\/iframe><script>\n\/*! This file is auto-generated *\/\n!function(d,l){\"use strict\";l.querySelector&&d.addEventListener&&\"undefined\"!=typeof URL&&(d.wp=d.wp||{},d.wp.receiveEmbedMessage||(d.wp.receiveEmbedMessage=function(e){var t=e.data;if((t||t.secret||t.message||t.value)&&!\/[^a-zA-Z0-9]\/.test(t.secret)){for(var s,r,n,a=l.querySelectorAll('iframe[data-secret=\"'+t.secret+'\"]'),o=l.querySelectorAll('blockquote[data-secret=\"'+t.secret+'\"]'),c=new RegExp(\"^https?:$\",\"i\"),i=0;i<o.length;i++)o[i].style.display=\"none\";for(i=0;i<a.length;i++)s=a[i],e.source===s.contentWindow&&(s.removeAttribute(\"style\"),\"height\"===t.message?(1e3<(r=parseInt(t.value,10))?r=1e3:~~r<200&&(r=200),s.height=r):\"link\"===t.message&&(r=new URL(s.getAttribute(\"src\")),n=new URL(t.value),c.test(n.protocol))&&n.host===r.host&&l.activeElement===s&&(d.top.location.href=t.value))}},d.addEventListener(\"message\",d.wp.receiveEmbedMessage,!1),l.addEventListener(\"DOMContentLoaded\",function(){for(var e,t,s=l.querySelectorAll(\"iframe.wp-embedded-content\"),r=0;r<s.length;r++)(t=(e=s[r]).getAttribute(\"data-secret\"))||(t=Math.random().toString(36).substring(2,12),e.src+=\"#?secret=\"+t,e.setAttribute(\"data-secret\",t)),e.contentWindow.postMessage({message:\"ready\",secret:t},\"*\")},!1)))}(window,document);\n\/\/# sourceURL=https:\/\/denizcankizil.tr\/wp-includes\/js\/wp-embed.min.js\n<\/script>","thumbnail_url":"https:\/\/denizcankizil.tr\/wp-content\/uploads\/2025\/02\/4565-01-UvygkQ.jpeg","thumbnail_width":1280,"thumbnail_height":720,"description":"Sa\u011fl\u0131k \u00e7al\u0131\u015fanlar\u0131 aras\u0131nda dayan\u0131\u015fma bilincini geli\u015ftirmek, i\u015f stresini azaltarak motivasyonu\u2019nu art\u0131rmak ad\u0131na yap\u0131lan turnuvaya 20 ki\u015fi kat\u0131ld\u0131. Saat 10.00&#8217;da ba\u015flayan organizasyon T\u00fcrkiye Satran\u00e7 Federasyonu Uluslararas\u0131 hakemlerinden Emrah S\u0131tk\u0131 Sa\u011flam, Osman \u00c7uha\u2019n\u0131n kontrol\u00fcnde 6 tur \u015feklinde yap\u0131ld\u0131. Dereceye giren satran\u00e7 severlere \u00f6d\u00fclleri taktim edildi. Turnuva\u2019da birinci Umut G\u00f6lgeli olurken, ikinci Mervan Sa\u011f\u0131r \u00fc\u00e7\u00fcnc\u00fc ise Deniz Ali oldu. Ayr\u0131ca turnuvaya kat\u0131lan t\u00fcm sporculara Kat\u0131l\u0131m sertifikas\u0131 verildi. Turnuva hakk\u0131nda bilgi veren Ba\u015fhekim Yard\u0131mc\u0131s\u0131 Uzm. Dr. Mesut Y\u0131ld\u0131r\u0131m, &#8220;Sa\u011fl\u0131k \u00e7al\u0131\u015fanlar\u0131m\u0131z\u0131n iste\u011fi \u00fczerine hem keyifli bir hafta sonu ge\u00e7irmek hem de birimler ve \u00e7al\u0131\u015fanlar aras\u0131nda birlik, beraberli\u011fin artmas\u0131 ad\u0131na bu organizasyonu d\u00fczenledik. Bizler i\u00e7in \u00e7ok keyifli bir g\u00fcn ve an\u0131 oldu. Satran\u00e7 Turnuvas\u0131nda dereceye giren arkada\u015flar\u0131m\u0131 tebrik ediyorum. Bu t\u00fcr organizasyonlar\u0131 hastane olarak d\u00fczenlemeye devam edece\u011fiz&#8221; dedi. Kaynak: www.kanalv.com.tr Haber Sitesinden Al\u0131nm\u0131\u015ft\u0131r."}