{"version":"1.0","provider_name":"Av. Deniz Can K\u0131z\u0131l","provider_url":"https:\/\/denizcankizil.tr\/de","author_name":"Av. Deniz Can K\u0131z\u0131l","author_url":"https:\/\/denizcankizil.tr\/de\/author\/denizcankizil\/","title":"Pastane duvar\u0131na \u00e7arparak durabildi","type":"rich","width":600,"height":338,"html":"<blockquote class=\"wp-embedded-content\" data-secret=\"wY52QhKzGI\"><a href=\"https:\/\/denizcankizil.tr\/de\/haberler\/antalya\/pastane-duvarina-carparak-durabildi\/\">Pastane duvar\u0131na \u00e7arparak durabildi<\/a><\/blockquote><iframe sandbox=\"allow-scripts\" security=\"restricted\" src=\"https:\/\/denizcankizil.tr\/de\/haberler\/antalya\/pastane-duvarina-carparak-durabildi\/embed\/#?secret=wY52QhKzGI\" width=\"600\" height=\"338\" title=\"&#8222;Pastane duvar\u0131na \u00e7arparak durabildi&#8220; &#8211; Av. Deniz Can K\u0131z\u0131l\" data-secret=\"wY52QhKzGI\" frameborder=\"0\" marginwidth=\"0\" marginheight=\"0\" scrolling=\"no\" class=\"wp-embedded-content\"><\/iframe><script>\n\/*! This file is auto-generated *\/\n!function(d,l){\"use strict\";l.querySelector&&d.addEventListener&&\"undefined\"!=typeof URL&&(d.wp=d.wp||{},d.wp.receiveEmbedMessage||(d.wp.receiveEmbedMessage=function(e){var t=e.data;if((t||t.secret||t.message||t.value)&&!\/[^a-zA-Z0-9]\/.test(t.secret)){for(var s,r,n,a=l.querySelectorAll('iframe[data-secret=\"'+t.secret+'\"]'),o=l.querySelectorAll('blockquote[data-secret=\"'+t.secret+'\"]'),c=new RegExp(\"^https?:$\",\"i\"),i=0;i<o.length;i++)o[i].style.display=\"none\";for(i=0;i<a.length;i++)s=a[i],e.source===s.contentWindow&&(s.removeAttribute(\"style\"),\"height\"===t.message?(1e3<(r=parseInt(t.value,10))?r=1e3:~~r<200&&(r=200),s.height=r):\"link\"===t.message&&(r=new URL(s.getAttribute(\"src\")),n=new URL(t.value),c.test(n.protocol))&&n.host===r.host&&l.activeElement===s&&(d.top.location.href=t.value))}},d.addEventListener(\"message\",d.wp.receiveEmbedMessage,!1),l.addEventListener(\"DOMContentLoaded\",function(){for(var e,t,s=l.querySelectorAll(\"iframe.wp-embedded-content\"),r=0;r<s.length;r++)(t=(e=s[r]).getAttribute(\"data-secret\"))||(t=Math.random().toString(36).substring(2,12),e.src+=\"#?secret=\"+t,e.setAttribute(\"data-secret\",t)),e.contentWindow.postMessage({message:\"ready\",secret:t},\"*\")},!1)))}(window,document);\n\/\/# sourceURL=https:\/\/denizcankizil.tr\/wp-includes\/js\/wp-embed.min.js\n<\/script>","thumbnail_url":"https:\/\/denizcankizil.tr\/wp-content\/uploads\/2025\/04\/5864-01-rt8x1k.jpg","thumbnail_width":1280,"thumbnail_height":720,"description":"Kaza, saat 13.30 s\u0131ralar\u0131nda Muratpa\u015fa il\u00e7esi Y\u00fcksekalan Mahallesi Adnan Menderes Bulvar\u0131 \u00fczerinde meydana geldi. Mevlana Kav\u015fa\u011f\u0131 \u00fczerinde seyir halinde olan 07 AAZ 081 plakal\u0131 otomobilin s\u00fcr\u00fcc\u00fcs\u00fc Burcu Bay\u0131ld\u0131ran (32), plakas\u0131 \u00f6\u011frenilemeyen ba\u015fka bir arac\u0131n s\u0131k\u0131\u015ft\u0131rmas\u0131 sonucu direksiyon hakimiyetini kaybeti. Kontrolden \u00e7\u0131kan otomobil \u00f6nce ref\u00fcje, daha sonra yolun sa\u011f\u0131ndaki pastanenin duvar\u0131na \u00e7arparak durabildi. Kazay\u0131 g\u00f6renlerin ihbar\u0131yla adrese ekipler sevk edildi. K\u0131sa s\u00fcrede ula\u015fan itfaiye ekibi g\u00fcvenlik \u00f6nlemleri al\u0131rken, herhangi bir s\u0131k\u0131\u015fman\u0131n olmamas\u0131 \u00fczerine normale d\u00f6nd\u00fc. S\u00fcr\u00fcc\u00fc Burcu Bay\u0131ld\u0131ran, sa\u011fl\u0131k ekibinin tedavi iste\u011fini iyi oldu\u011fu gerek\u00e7esiyle kabul etmedi. Pastanenin duvar k\u0131sm\u0131nda oturanlar\u0131n ise arac\u0131n ref\u00fcje \u00e7arpmas\u0131n\u0131n ard\u0131ndan olay yerinden ka\u00e7t\u0131\u011f\u0131 \u00f6\u011frenildi. Trafik polisleri kazayla ilgili inceleme ba\u015flatt\u0131. Kaynak: www.kanalv.com.tr Haber Sitesinden Al\u0131nm\u0131\u015ft\u0131r."}