{"version":"1.0","provider_name":"Av. Deniz Can K\u0131z\u0131l","provider_url":"https:\/\/denizcankizil.tr\/de","author_name":"Av. Deniz Can K\u0131z\u0131l","author_url":"https:\/\/denizcankizil.tr\/de\/author\/denizcankizil\/","title":"\u00d6\u011frencilerinden mezuniyet defilesi","type":"rich","width":600,"height":338,"html":"<blockquote class=\"wp-embedded-content\" data-secret=\"VEv9kMP4iW\"><a href=\"https:\/\/denizcankizil.tr\/de\/haberler\/antalya\/ogrencilerinden-mezuniyet-defilesi\/\">\u00d6\u011frencilerinden mezuniyet defilesi<\/a><\/blockquote><iframe sandbox=\"allow-scripts\" security=\"restricted\" src=\"https:\/\/denizcankizil.tr\/de\/haberler\/antalya\/ogrencilerinden-mezuniyet-defilesi\/embed\/#?secret=VEv9kMP4iW\" width=\"600\" height=\"338\" title=\"&#8222;\u00d6\u011frencilerinden mezuniyet defilesi&#8220; &#8211; Av. Deniz Can K\u0131z\u0131l\" data-secret=\"VEv9kMP4iW\" frameborder=\"0\" marginwidth=\"0\" marginheight=\"0\" scrolling=\"no\" class=\"wp-embedded-content\"><\/iframe><script>\n\/*! This file is auto-generated *\/\n!function(d,l){\"use strict\";l.querySelector&&d.addEventListener&&\"undefined\"!=typeof URL&&(d.wp=d.wp||{},d.wp.receiveEmbedMessage||(d.wp.receiveEmbedMessage=function(e){var t=e.data;if((t||t.secret||t.message||t.value)&&!\/[^a-zA-Z0-9]\/.test(t.secret)){for(var s,r,n,a=l.querySelectorAll('iframe[data-secret=\"'+t.secret+'\"]'),o=l.querySelectorAll('blockquote[data-secret=\"'+t.secret+'\"]'),c=new RegExp(\"^https?:$\",\"i\"),i=0;i<o.length;i++)o[i].style.display=\"none\";for(i=0;i<a.length;i++)s=a[i],e.source===s.contentWindow&&(s.removeAttribute(\"style\"),\"height\"===t.message?(1e3<(r=parseInt(t.value,10))?r=1e3:~~r<200&&(r=200),s.height=r):\"link\"===t.message&&(r=new URL(s.getAttribute(\"src\")),n=new URL(t.value),c.test(n.protocol))&&n.host===r.host&&l.activeElement===s&&(d.top.location.href=t.value))}},d.addEventListener(\"message\",d.wp.receiveEmbedMessage,!1),l.addEventListener(\"DOMContentLoaded\",function(){for(var e,t,s=l.querySelectorAll(\"iframe.wp-embedded-content\"),r=0;r<s.length;r++)(t=(e=s[r]).getAttribute(\"data-secret\"))||(t=Math.random().toString(36).substring(2,12),e.src+=\"#?secret=\"+t,e.setAttribute(\"data-secret\",t)),e.contentWindow.postMessage({message:\"ready\",secret:t},\"*\")},!1)))}(window,document);\n\/\/# sourceURL=https:\/\/denizcankizil.tr\/wp-includes\/js\/wp-embed.min.js\n<\/script>","description":"Do\u00e7. Dr. Kezban S\u00f6nmez\u2019in b\u00f6l\u00fcm ba\u015fkanl\u0131\u011f\u0131n\u0131 y\u00fcr\u00fctt\u00fc\u011f\u00fc Tekstil ve Moda Tasar\u0131m\u0131 B\u00f6l\u00fcm\u00fc\u2019nde e\u011fitim g\u00f6ren son s\u0131n\u0131f \u00f6\u011frencileri, 2024- 2025 e\u011fitim- \u00f6\u011fretim y\u0131l\u0131 boyunca \u00fczerinde \u00e7al\u0131\u015ft\u0131klar\u0131 27 \u00f6zg\u00fcn tasar\u0131m\u0131 podyuma ta\u015f\u0131d\u0131. Renkli g\u00f6r\u00fcnt\u00fclere sahne olan etkinlik, izleyicilere g\u00f6rsel bir \u015f\u00f6len ya\u015fatt\u0131. ESERLER\u0130 S\u0130ZLERLE PAYLA\u015eMAKTAN ONUR DUYUYORUZ Program\u0131n a\u00e7\u0131l\u0131\u015f konu\u015fmalar\u0131n\u0131 ger\u00e7ekle\u015ftiren Akdeniz \u00dcniversitesi Tekstil Ve Moda Tasar\u0131m\u0131 B\u00f6l\u00fcm Ba\u015fkan\u0131 Do\u00e7. Dr. Kezban S\u00f6nmez, &#8220;G\u00fczel Sanatlar Fak\u00fcltesi Tekstil Ve Moda Tasar\u0131m\u0131 B\u00f6l\u00fcm\u00fc 2024- 2025 e\u011fitim \u00f6\u011fretim y\u0131l\u0131 mezuniyet defilemize hepiniz ho\u015f geldiniz. Moda sadece giysilerden ibaret de\u011fil, bir ifade bi\u00e7imi bir sanat ve bir ya\u015fam tarz\u0131d\u0131r. Bug\u00fcn burada mezun a\u015famas\u0131ndaki 9 \u00f6\u011frencimizin b\u00f6l\u00fcm\u00fcm\u00fczde ald\u0131klar\u0131 4 y\u0131ll\u0131k e\u011fitim sonucunda elde ettikleri birikimle diploma projesi dersi kapsam\u0131nda haz\u0131rlad\u0131klar\u0131 27 adet avangart giysiden olu\u015fan koleksiyonu izleyece\u011fiz. Bu koleksiyonla \u00f6\u011frencilerimizin \u00f6zg\u00fcvenlerini kutlamak, hayal g\u00fcc\u00fcn\u00fcn s\u0131n\u0131rlar\u0131n\u0131 zorlamak istedik. Bu s\u00fcre\u00e7, kolay de\u011fildi. Aylard\u0131r s\u00fcren yo\u011fun \u00e7al\u0131\u015fmalar\u0131n, tutkunun ve yarat\u0131c\u0131l\u0131\u011f\u0131n \u00fcr\u00fcn\u00fc olan bu eserleri sizlerle payla\u015fmaktan onur duyuyoruz. B\u00fcy\u00fck bir sab\u0131r, emek ve \u00f6zveriyle haz\u0131rlanan bu koleksiyonlar i\u00e7in t\u00fcm \u00f6\u011frencilerimizi ve b\u00f6l\u00fcm\u00fcm\u00fcz\u00fcn \u00e7ok de\u011ferli hocalar\u0131n\u0131 tebrik ediyorum&#8221; dedi. REKT\u00d6R \u00d6ZKAN\u2019A TE\u015eEKK\u00dcR Tekstil ve Moda Tasar\u0131m\u0131 B\u00f6l\u00fcm\u00fc Ba\u015fkan\u0131 Do\u00e7. Dr. Kezban S\u00f6nmez, Akdeniz \u00dcniversitesi Rekt\u00f6r\u00fc Prof. Dr. \u00d6zlenen \u00d6zkan ve G\u00fczel Sanatlar Fak\u00fcltesi Dekan\u0131 Prof. Dr. Sibel Pa\u015fao\u011flu Y\u00f6ndem&#8217;e sanata &hellip;"}