{"version":"1.0","provider_name":"Av. Deniz Can K\u0131z\u0131l","provider_url":"https:\/\/denizcankizil.tr\/de","author_name":"Av. Deniz Can K\u0131z\u0131l","author_url":"https:\/\/denizcankizil.tr\/de\/author\/denizcankizil\/","title":"\u00d6\u011frencilerin mezuniyet sevinci","type":"rich","width":600,"height":338,"html":"<blockquote class=\"wp-embedded-content\" data-secret=\"QCiTNiqNv0\"><a href=\"https:\/\/denizcankizil.tr\/de\/haberler\/antalya\/ogrencilerin-mezuniyet-sevinci\/\">\u00d6\u011frencilerin mezuniyet sevinci<\/a><\/blockquote><iframe sandbox=\"allow-scripts\" security=\"restricted\" src=\"https:\/\/denizcankizil.tr\/de\/haberler\/antalya\/ogrencilerin-mezuniyet-sevinci\/embed\/#?secret=QCiTNiqNv0\" width=\"600\" height=\"338\" title=\"&#8222;\u00d6\u011frencilerin mezuniyet sevinci&#8220; &#8211; Av. Deniz Can K\u0131z\u0131l\" data-secret=\"QCiTNiqNv0\" frameborder=\"0\" marginwidth=\"0\" marginheight=\"0\" scrolling=\"no\" class=\"wp-embedded-content\"><\/iframe><script>\n\/*! This file is auto-generated *\/\n!function(d,l){\"use strict\";l.querySelector&&d.addEventListener&&\"undefined\"!=typeof URL&&(d.wp=d.wp||{},d.wp.receiveEmbedMessage||(d.wp.receiveEmbedMessage=function(e){var t=e.data;if((t||t.secret||t.message||t.value)&&!\/[^a-zA-Z0-9]\/.test(t.secret)){for(var s,r,n,a=l.querySelectorAll('iframe[data-secret=\"'+t.secret+'\"]'),o=l.querySelectorAll('blockquote[data-secret=\"'+t.secret+'\"]'),c=new RegExp(\"^https?:$\",\"i\"),i=0;i<o.length;i++)o[i].style.display=\"none\";for(i=0;i<a.length;i++)s=a[i],e.source===s.contentWindow&&(s.removeAttribute(\"style\"),\"height\"===t.message?(1e3<(r=parseInt(t.value,10))?r=1e3:~~r<200&&(r=200),s.height=r):\"link\"===t.message&&(r=new URL(s.getAttribute(\"src\")),n=new URL(t.value),c.test(n.protocol))&&n.host===r.host&&l.activeElement===s&&(d.top.location.href=t.value))}},d.addEventListener(\"message\",d.wp.receiveEmbedMessage,!1),l.addEventListener(\"DOMContentLoaded\",function(){for(var e,t,s=l.querySelectorAll(\"iframe.wp-embedded-content\"),r=0;r<s.length;r++)(t=(e=s[r]).getAttribute(\"data-secret\"))||(t=Math.random().toString(36).substring(2,12),e.src+=\"#?secret=\"+t,e.setAttribute(\"data-secret\",t)),e.contentWindow.postMessage({message:\"ready\",secret:t},\"*\")},!1)))}(window,document);\n\/\/# sourceURL=https:\/\/denizcankizil.tr\/wp-includes\/js\/wp-embed.min.js\n<\/script>","thumbnail_url":"https:\/\/denizcankizil.tr\/wp-content\/uploads\/2025\/06\/1-2-4L8j2N.jpg","thumbnail_width":1280,"thumbnail_height":720,"description":"Kemer Belediye Ba\u015fkan Yard\u0131mc\u0131s\u0131 Semih Top, Kemer Merkez Mesleki ve Teknik Anadolu Lisesi \u00f6\u011frencilerinin mezuniyet t\u00f6renine kat\u0131ld\u0131 Okul bah\u00e7esinde d\u00fczenlenen t\u00f6rene, Ba\u015fkan Yard\u0131mc\u0131s\u0131 Semih Top&#8217;un yan\u0131 s\u0131ra Kemer \u0130l\u00e7e Milli E\u011fitim M\u00fcd\u00fcr\u00fc Mehmet Erkan Ergen, Kemer Belediyesi K\u00fclt\u00fcr ve Sosyal \u0130\u015fler M\u00fcd\u00fcr\u00fc Berkan Bilal, Okul M\u00fcd\u00fcr\u00fc G\u00fcng\u00f6r Oru\u00e7, \u00f6\u011fretmen ve \u00f6\u011frenciler kat\u0131ld\u0131. \u00d6\u011frencilere Kemer Belediye Ba\u015fkan\u0131 Necati Topalo\u011flu&#8217;nun selam\u0131n\u0131 ileten Ba\u015fkan Yard\u0131mc\u0131s\u0131 Semih Top, mezun olan \u00f6\u011frencilere ba\u015far\u0131lar diledi. T\u00f6ren sonras\u0131 \u00f6\u011frenciler kep atarak mezuniyetlerini kutlad\u0131. Kaynak: www.kanalv.com.tr Haber Sitesinden Al\u0131nm\u0131\u015ft\u0131r."}