{"version":"1.0","provider_name":"Av. Deniz Can K\u0131z\u0131l","provider_url":"https:\/\/denizcankizil.tr\/de","author_name":"Av. Deniz Can K\u0131z\u0131l","author_url":"https:\/\/denizcankizil.tr\/de\/author\/denizcankizil\/","title":"Norve\u00e7 milli bayram\u0131 kutland\u0131","type":"rich","width":600,"height":338,"html":"<blockquote class=\"wp-embedded-content\" data-secret=\"JVeGyUejHB\"><a href=\"https:\/\/denizcankizil.tr\/de\/haberler\/antalya\/norvec-milli-bayrami-kutlandi\/\">Norve\u00e7 milli bayram\u0131 kutland\u0131<\/a><\/blockquote><iframe sandbox=\"allow-scripts\" security=\"restricted\" src=\"https:\/\/denizcankizil.tr\/de\/haberler\/antalya\/norvec-milli-bayrami-kutlandi\/embed\/#?secret=JVeGyUejHB\" width=\"600\" height=\"338\" title=\"&#8222;Norve\u00e7 milli bayram\u0131 kutland\u0131&#8220; &#8211; Av. Deniz Can K\u0131z\u0131l\" data-secret=\"JVeGyUejHB\" frameborder=\"0\" marginwidth=\"0\" marginheight=\"0\" scrolling=\"no\" class=\"wp-embedded-content\"><\/iframe><script>\n\/*! This file is auto-generated *\/\n!function(d,l){\"use strict\";l.querySelector&&d.addEventListener&&\"undefined\"!=typeof URL&&(d.wp=d.wp||{},d.wp.receiveEmbedMessage||(d.wp.receiveEmbedMessage=function(e){var t=e.data;if((t||t.secret||t.message||t.value)&&!\/[^a-zA-Z0-9]\/.test(t.secret)){for(var s,r,n,a=l.querySelectorAll('iframe[data-secret=\"'+t.secret+'\"]'),o=l.querySelectorAll('blockquote[data-secret=\"'+t.secret+'\"]'),c=new RegExp(\"^https?:$\",\"i\"),i=0;i<o.length;i++)o[i].style.display=\"none\";for(i=0;i<a.length;i++)s=a[i],e.source===s.contentWindow&&(s.removeAttribute(\"style\"),\"height\"===t.message?(1e3<(r=parseInt(t.value,10))?r=1e3:~~r<200&&(r=200),s.height=r):\"link\"===t.message&&(r=new URL(s.getAttribute(\"src\")),n=new URL(t.value),c.test(n.protocol))&&n.host===r.host&&l.activeElement===s&&(d.top.location.href=t.value))}},d.addEventListener(\"message\",d.wp.receiveEmbedMessage,!1),l.addEventListener(\"DOMContentLoaded\",function(){for(var e,t,s=l.querySelectorAll(\"iframe.wp-embedded-content\"),r=0;r<s.length;r++)(t=(e=s[r]).getAttribute(\"data-secret\"))||(t=Math.random().toString(36).substring(2,12),e.src+=\"#?secret=\"+t,e.setAttribute(\"data-secret\",t)),e.contentWindow.postMessage({message:\"ready\",secret:t},\"*\")},!1)))}(window,document);\n\/\/# sourceURL=https:\/\/denizcankizil.tr\/wp-includes\/js\/wp-embed.min.js\n<\/script>","thumbnail_url":"https:\/\/denizcankizil.tr\/wp-content\/uploads\/2025\/05\/6394-01-9ZnnO9.jpg","thumbnail_width":1280,"thumbnail_height":720,"description":"Kemer&#8217;deki bir restoranda d\u00fczenlenen programa Norve\u00e7 bayraklar\u0131yla gelen Kemer&#8217;deki yerle\u015fik ya\u015fayan ve tatilini s\u00fcrd\u00fcren Norve\u00e7liler, milli mar\u015flar\u0131n\u0131 s\u00f6yledi. Norve\u00e7lilerle bir araya gelerek bayramlar\u0131n\u0131 kutlayan Ba\u015fkan Topalo\u011flu ve beraberindekiler, Norve\u00e7lileri tebrik ederek \u00e7i\u00e7ek verdi. Ba\u015fkan Topalo\u011flu, yapt\u0131\u011f\u0131 konu\u015fmada, &#8220;Norve\u00e7lileri Kemer\u2019de a\u011f\u0131rlamaktan dolay\u0131 b\u00fcy\u00fck bir mutluluk duyuyoruz. Norve\u00e7lilerin milli bayramlar\u0131n\u0131 kutluyoruz. Her \u015fey \u00e7ok g\u00fczel olacak&#8221; dedi. Norve\u00e7&#8217;in milli bayram\u0131 olarak kutlanan &#8220;Anayasa G\u00fcn\u00fc&#8221;, \u00fclkenin ilk \u00f6zg\u00fcr anayasas\u0131n\u0131n \u00e7\u0131kart\u0131l\u0131p ba\u011f\u0131ms\u0131zl\u0131\u011f\u0131n\u0131 ilan etti\u011fi 17 May\u0131s 1814&#8217;\u00fcn an\u0131s\u0131na kutlan\u0131yor. Kaynak: www.kanalv.com.tr Haber Sitesinden Al\u0131nm\u0131\u015ft\u0131r."}