{"version":"1.0","provider_name":"Av. Deniz Can K\u0131z\u0131l","provider_url":"https:\/\/denizcankizil.tr\/de","author_name":"Av. Deniz Can K\u0131z\u0131l","author_url":"https:\/\/denizcankizil.tr\/de\/author\/denizcankizil\/","title":"Manavgat\u2019ta yenileme \u00e7al\u0131\u015fmas\u0131","type":"rich","width":600,"height":338,"html":"<blockquote class=\"wp-embedded-content\" data-secret=\"kCjg2nF5zR\"><a href=\"https:\/\/denizcankizil.tr\/de\/haberler\/antalya\/manavgatta-yenileme-calismasi\/\">Manavgat\u2019ta yenileme \u00e7al\u0131\u015fmas\u0131<\/a><\/blockquote><iframe sandbox=\"allow-scripts\" security=\"restricted\" src=\"https:\/\/denizcankizil.tr\/de\/haberler\/antalya\/manavgatta-yenileme-calismasi\/embed\/#?secret=kCjg2nF5zR\" width=\"600\" height=\"338\" title=\"&#8222;Manavgat\u2019ta yenileme \u00e7al\u0131\u015fmas\u0131&#8220; &#8211; Av. Deniz Can K\u0131z\u0131l\" data-secret=\"kCjg2nF5zR\" frameborder=\"0\" marginwidth=\"0\" marginheight=\"0\" scrolling=\"no\" class=\"wp-embedded-content\"><\/iframe><script>\n\/*! This file is auto-generated *\/\n!function(d,l){\"use strict\";l.querySelector&&d.addEventListener&&\"undefined\"!=typeof URL&&(d.wp=d.wp||{},d.wp.receiveEmbedMessage||(d.wp.receiveEmbedMessage=function(e){var t=e.data;if((t||t.secret||t.message||t.value)&&!\/[^a-zA-Z0-9]\/.test(t.secret)){for(var s,r,n,a=l.querySelectorAll('iframe[data-secret=\"'+t.secret+'\"]'),o=l.querySelectorAll('blockquote[data-secret=\"'+t.secret+'\"]'),c=new RegExp(\"^https?:$\",\"i\"),i=0;i<o.length;i++)o[i].style.display=\"none\";for(i=0;i<a.length;i++)s=a[i],e.source===s.contentWindow&&(s.removeAttribute(\"style\"),\"height\"===t.message?(1e3<(r=parseInt(t.value,10))?r=1e3:~~r<200&&(r=200),s.height=r):\"link\"===t.message&&(r=new URL(s.getAttribute(\"src\")),n=new URL(t.value),c.test(n.protocol))&&n.host===r.host&&l.activeElement===s&&(d.top.location.href=t.value))}},d.addEventListener(\"message\",d.wp.receiveEmbedMessage,!1),l.addEventListener(\"DOMContentLoaded\",function(){for(var e,t,s=l.querySelectorAll(\"iframe.wp-embedded-content\"),r=0;r<s.length;r++)(t=(e=s[r]).getAttribute(\"data-secret\"))||(t=Math.random().toString(36).substring(2,12),e.src+=\"#?secret=\"+t,e.setAttribute(\"data-secret\",t)),e.contentWindow.postMessage({message:\"ready\",secret:t},\"*\")},!1)))}(window,document);\n\/\/# sourceURL=https:\/\/denizcankizil.tr\/wp-includes\/js\/wp-embed.min.js\n<\/script>","thumbnail_url":"https:\/\/denizcankizil.tr\/wp-content\/uploads\/2025\/03\/5357-01-s8XAaH.jpeg","thumbnail_width":1280,"thumbnail_height":720,"description":"Manavgat Belediyesi Fen \u0130\u015fleri M\u00fcd\u00fcrl\u00fc\u011f\u00fc ekipleri taraf\u0131ndan y\u00fcr\u00fct\u00fclen \u00e7al\u0131\u015fmalarda ilk olarak mevcut asfalt ve kald\u0131r\u0131m d\u00fczenlemeleri kald\u0131r\u0131larak, altyap\u0131 g\u00fc\u00e7lendirme \u00e7al\u0131\u015fmalar\u0131 ger\u00e7ekle\u015ftirilecek. Ard\u0131ndan yenilenen ve geni\u015fletilen yol kaplamalar\u0131 ve modern ayd\u0131nlatmalarla b\u00f6lgeye yeni bir g\u00f6r\u00fcn\u00fcm kazand\u0131r\u0131lacak. \u00c7al\u0131\u015fmalar\u0131n tamamlanmas\u0131yla birlikte Fevzipa\u015fa ve Atat\u00fcrk caddeleri yayalar ve s\u00fcr\u00fcc\u00fcler i\u00e7in daha g\u00fcvenli ve trafik ak\u0131\u015f\u0131n\u0131n daha d\u00fczenli oldu\u011fu bir hale gelecek. &#8220;Kentimizin dokusuna uygun modernle\u015fme&#8221; Manavgat Belediye Ba\u015fkan\u0131 Niyazi Nefi Kara, projeye ili\u015fkin yapt\u0131\u011f\u0131 a\u00e7\u0131klamada Fevzipa\u015fa ve Atat\u00fcrk caddelerinin Manavgat\u2019\u0131n ticari ve sosyal hayat\u0131nda \u00f6nemli bir yere sahip oldu\u011funu belirterek, &#8220;Belediye olarak kentimizin geli\u015fimini s\u00fcrd\u00fcr\u00fclebilir \u015fekilde sa\u011flamay\u0131 en b\u00fcy\u00fck \u00f6nceliklerimizden biri olarak g\u00f6r\u00fcyoruz. Fevzipa\u015fa ve Atat\u00fcrk caddeleri, Manavgat\u2019\u0131n en eski ve en yo\u011fun kullan\u0131lan caddeleri aras\u0131nda yer al\u0131yor. Ancak zaman i\u00e7inde olu\u015fan y\u0131pranmalar, yetersiz kalan altyap\u0131 ve trafik yo\u011funlu\u011fu bu b\u00f6lgelerde bir yenileme ihtiyac\u0131n\u0131 do\u011furdu. Vatanda\u015flar\u0131m\u0131z\u0131n taleplerini g\u00f6z \u00f6n\u00fcnde bulundurarak, bu iki \u00f6nemli caddemizi modern, estetik ve g\u00fcvenli hale getirmek i\u00e7in \u00e7al\u0131\u015fmalar\u0131m\u0131za ba\u015flad\u0131k. Projemiz tamamland\u0131\u011f\u0131nda hem yayalar hem de s\u00fcr\u00fcc\u00fcler a\u00e7\u0131s\u0131ndan \u00e7ok daha konforlu ve d\u00fczenli bir ula\u015f\u0131m imkan\u0131 sunularak, b\u00f6lgedeki esnaf\u0131m\u0131za katk\u0131 sa\u011flanacak. Vatanda\u015flar\u0131m\u0131z\u0131n deste\u011fi ve anlay\u0131\u015f\u0131yla birlikte kentimize yak\u0131\u015f\u0131r bir yenileme \u00e7al\u0131\u015fmas\u0131n\u0131 hayata ge\u00e7iriyoruz. Tamamland\u0131\u011f\u0131nda hepimizin gurur duyaca\u011f\u0131 modern bir \u015fehir dokusuna kavu\u015faca\u011f\u0131z&#8221; dedi. Kaynak: www.kanalv.com.tr Haber Sitesinden Al\u0131nm\u0131\u015ft\u0131r."}