{"version":"1.0","provider_name":"Av. Deniz Can K\u0131z\u0131l","provider_url":"https:\/\/denizcankizil.tr\/de","author_name":"Av. Deniz Can K\u0131z\u0131l","author_url":"https:\/\/denizcankizil.tr\/de\/author\/denizcankizil\/","title":"Kozmetik Kongresi, Antalya'da ba\u015flad\u0131","type":"rich","width":600,"height":338,"html":"<blockquote class=\"wp-embedded-content\" data-secret=\"KMtJJlk2os\"><a href=\"https:\/\/denizcankizil.tr\/de\/haberler\/antalya\/kozmetik-kongresi-antalyada-basladi\/\">Kozmetik Kongresi, Antalya&#8217;da ba\u015flad\u0131<\/a><\/blockquote><iframe sandbox=\"allow-scripts\" security=\"restricted\" src=\"https:\/\/denizcankizil.tr\/de\/haberler\/antalya\/kozmetik-kongresi-antalyada-basladi\/embed\/#?secret=KMtJJlk2os\" width=\"600\" height=\"338\" title=\"&#8222;Kozmetik Kongresi, Antalya&#8217;da ba\u015flad\u0131&#8220; &#8211; Av. Deniz Can K\u0131z\u0131l\" data-secret=\"KMtJJlk2os\" frameborder=\"0\" marginwidth=\"0\" marginheight=\"0\" scrolling=\"no\" class=\"wp-embedded-content\"><\/iframe><script>\n\/*! This file is auto-generated *\/\n!function(d,l){\"use strict\";l.querySelector&&d.addEventListener&&\"undefined\"!=typeof URL&&(d.wp=d.wp||{},d.wp.receiveEmbedMessage||(d.wp.receiveEmbedMessage=function(e){var t=e.data;if((t||t.secret||t.message||t.value)&&!\/[^a-zA-Z0-9]\/.test(t.secret)){for(var s,r,n,a=l.querySelectorAll('iframe[data-secret=\"'+t.secret+'\"]'),o=l.querySelectorAll('blockquote[data-secret=\"'+t.secret+'\"]'),c=new RegExp(\"^https?:$\",\"i\"),i=0;i<o.length;i++)o[i].style.display=\"none\";for(i=0;i<a.length;i++)s=a[i],e.source===s.contentWindow&&(s.removeAttribute(\"style\"),\"height\"===t.message?(1e3<(r=parseInt(t.value,10))?r=1e3:~~r<200&&(r=200),s.height=r):\"link\"===t.message&&(r=new URL(s.getAttribute(\"src\")),n=new URL(t.value),c.test(n.protocol))&&n.host===r.host&&l.activeElement===s&&(d.top.location.href=t.value))}},d.addEventListener(\"message\",d.wp.receiveEmbedMessage,!1),l.addEventListener(\"DOMContentLoaded\",function(){for(var e,t,s=l.querySelectorAll(\"iframe.wp-embedded-content\"),r=0;r<s.length;r++)(t=(e=s[r]).getAttribute(\"data-secret\"))||(t=Math.random().toString(36).substring(2,12),e.src+=\"#?secret=\"+t,e.setAttribute(\"data-secret\",t)),e.contentWindow.postMessage({message:\"ready\",secret:t},\"*\")},!1)))}(window,document);\n\/\/# sourceURL=https:\/\/denizcankizil.tr\/wp-includes\/js\/wp-embed.min.js\n<\/script>","thumbnail_url":"https:\/\/denizcankizil.tr\/wp-content\/uploads\/2025\/02\/5108-01-Pqu7QK.jpeg","thumbnail_width":1280,"thumbnail_height":720,"description":"Kimyagerler Derne\u011fi taraf\u0131ndan 2011 y\u0131l\u0131ndan bu yana d\u00fczenlenen ve sekt\u00f6r\u00fcn en \u00f6nemli bulu\u015fmalar\u0131ndan biri haline gelen Kozmetik Kongresi, Antalya&#8217;da ba\u015flad\u0131. Bu y\u0131l 15&#8217;incisi d\u00fczenlenen kongre, Kimyagerler Derne\u011fi ve Atat\u00fcrk \u00dcniversitesi&#8217;nin ortak organizasyonu ile 20-22 \u015eubat tarihleri aras\u0131nda Antalya&#8217;n\u0131n turizm b\u00f6lgesinde bulunan 5 y\u0131ld\u0131zl\u0131 bir otelde ger\u00e7ekle\u015ftiriliyor. Kozmetik bilimi ve kozmetik sekt\u00f6r\u00fcyle yolu kesi\u015fen t\u00fcm payda\u015flar\u0131 bir araya getiren kongre, s\u00fcrd\u00fcr\u00fclebilir kozmetik \u00fcr\u00fcnler ve ye\u015fil \u00fcr\u00fcnler \u00fczerine yo\u011funla\u015f\u0131rken, sekt\u00f6r temsilcileri ve akademisyenleri ayn\u0131 platformda bulu\u015fturmay\u0131 hedefliyor. &#8220;Her y\u0131l oldu\u011fu gibi bu y\u0131l da buraday\u0131z&#8221; Auran Kozmetik Kurucusu Abdullah Karata\u015f, Kimyagerler Derne\u011fi&#8217;nin d\u00fczenledi\u011fi 15. Kozmetik Kongresi&#8217;nde bu y\u0131l da yer ald\u0131klar\u0131n\u0131 belirterek, &#8220;Biz Kimyagerler Derne\u011fi olarak 15. Kozmetik Kongresi&#8217;ni d\u00fczenliyoruz ve bu y\u0131l da d\u00fczenleme kurulunday\u0131z. Auran Kozmetik olarak s\u00fcrekli kongrelere ve fuarlara kat\u0131l\u0131yoruz. 2024 y\u0131l\u0131nda 35 farkl\u0131 fuar ve kongreye kat\u0131ld\u0131k. 10 farkl\u0131 fuarda da stant a\u00e7t\u0131k. Kimyagerler Derne\u011fi&#8217;nin organize etti\u011fi bu kongre bizim i\u00e7in \u00e7ok k\u0131ymetli. Hem workshoplar hem de akademisyen hocalar\u0131m\u0131z\u0131n de\u011ferli sunumlar\u0131yla ciddi bir network ortam\u0131 olu\u015fuyor. Bu tarz dernekleri \u00e7ok etkili buluyoruz. Her y\u0131l kat\u0131ld\u0131\u011f\u0131m\u0131z gibi bu y\u0131l da burada yer ald\u0131k. Kongrede iki farkl\u0131 poster sunduk; birinde yeni projemizin lansman\u0131n\u0131, di\u011ferinde ise markam\u0131z\u0131 tan\u0131tt\u0131k&#8221; dedi. &#8220;500&#8217;\u00fcn \u00fczerinde kat\u0131l\u0131m sa\u011fland\u0131&#8221; Kongre Ba\u015fkan\u0131, Atat\u00fcrk \u00dcniversitesi Organik Kimya Anabilim &hellip;"}